{"id":533,"date":"2016-11-07T08:22:28","date_gmt":"2016-11-07T07:22:28","guid":{"rendered":"http:\/\/www.coowma.com\/fr\/?page_id=533"},"modified":"2019-09-15T18:50:38","modified_gmt":"2019-09-15T16:50:38","slug":"loi-2-janvier-1970-conditions-exercice-activites-operations-immobilieres","status":"publish","type":"page","link":"http:\/\/www.coowma.com\/fr\/loi-2-janvier-1970-conditions-exercice-activites-operations-immobilieres\/","title":{"rendered":"Loi 70-9 du 2 janvier 1970"},"content":{"rendered":"<h1 style=\"text-align: center;\"><a name=\"haut\"><\/a><strong>Loi n\u00b0 70-9 du 2 janvier 1970 r\u00e9glementant les conditions d&rsquo;exercice des activit\u00e9s relatives \u00e0 certaines op\u00e9rations portant sur les immeubles et les fonds de commerce<\/strong><\/h1>\n<p style=\"text-align: center;\">Version consolid\u00e9e au 15 septembre 2019<br \/>\n(Derni\u00e8re modification : 1 juin 2019)<br \/>\nMis \u00e0 jour le 15 septembre 2019<br \/>\nVersion courante sur <a href=\"https:\/\/www.legifrance.gouv.fr\/affichTexte.do?cidTexte=JORFTEXT000000512228\">Legifrance<\/a><\/p>\n<h2 style=\"text-align: justify;\"><strong>Titre Ier : De l&rsquo;exercice des activit\u00e9s d&rsquo;entremise et de gestion des immeubles et fonds de commerce.<\/strong><\/h2>\n<\/p>\n<p style=\"text-align: justify;\"><a name=\"article1\"><\/a><strong>Article 1<\/strong><\/p>\n<p style=\"text-align: justify;\"><em>Historique des versions sur <a href=\"https:\/\/www.legifrance.gouv.fr\/affichTexteArticle.do;jsessionid=A05B392A65251EEACC82CBB4571D0471.tplgfr23s_3?idArticle=LEGIARTI000028806892&amp;cidTexte=LEGITEXT000006068387&amp;dateTexte=\">Legifrance<\/a><br \/>\nModifi\u00e9 par <a href=\"https:\/\/www.legifrance.gouv.fr\/affichTexteArticle.do;jsessionid=FD5A8728F1BF567D1CC7B83951C3312C.tpdila19v_1?cidTexte=JORFTEXT000028772256&amp;idArticle=LEGIARTI000028775968&amp;dateTexte=20140326&amp;categorieLien=id#LEGIARTI000028775968\">LOI n\u00b02014-366 du 24 mars 2014 &#8211; art. 24 (V)<\/a><\/em><\/p>\n<p style=\"text-align: justify;\">Les dispositions de la pr\u00e9sente loi s&rsquo;appliquent aux personnes physiques ou morales qui, d&rsquo;une mani\u00e8re habituelle, se livrent ou pr\u00eatent leur concours, m\u00eame \u00e0 titre accessoire, aux op\u00e9rations portant sur les biens d&rsquo;autrui et relatives \u00e0 :<\/p>\n<p style=\"text-align: justify;\"><strong>1\u00b0<\/strong> L&rsquo;achat, la vente, la recherche, l&rsquo;\u00e9change, la location ou sous-location, saisonni\u00e8re ou non, en nu ou en meubl\u00e9 d&rsquo;immeubles b\u00e2tis ou non b\u00e2tis ;<\/p>\n<p style=\"text-align: justify;\"><strong>2\u00b0<\/strong> L&rsquo;achat, la vente ou la location-g\u00e9rance de fonds de commerce ;<\/p>\n<p style=\"text-align: justify;\"><strong>3\u00b0<\/strong> La cession d&rsquo;un cheptel mort ou vif ;<\/p>\n<p style=\"text-align: justify;\"><strong>4\u00b0<\/strong> La souscription, l&rsquo;achat, la vente d&rsquo;actions ou de parts de soci\u00e9t\u00e9s immobili\u00e8res ou de soci\u00e9t\u00e9s d&rsquo;habitat participatif donnant vocation \u00e0 une attribution de locaux en jouissance ou en propri\u00e9t\u00e9 ;<\/p>\n<p style=\"text-align: justify;\"><strong>5\u00b0<\/strong> L&rsquo;achat, la vente de parts sociales non n\u00e9gociables lorsque l&rsquo;actif social comprend un immeuble ou un fonds de commerce ;<\/p>\n<p style=\"text-align: justify;\"><strong>6\u00b0<\/strong> La gestion immobili\u00e8re ;<\/p>\n<p style=\"text-align: justify;\"><strong>7\u00b0<\/strong> A l&rsquo;exclusion des publications par voie de presse, la vente de listes ou de fichiers relatifs \u00e0 l&rsquo;achat, la vente, la location ou sous-location en nu ou en meubl\u00e9 d&rsquo;immeubles b\u00e2tis ou non b\u00e2tis, ou \u00e0 la vente de fonds de commerce ;<\/p>\n<p style=\"text-align: justify;\"><strong>8\u00b0<\/strong> La conclusion de tout contrat de jouissance d&rsquo;immeuble \u00e0 temps partag\u00e9 r\u00e9gi par les articles L. 121-60 [<em>Article <a href=\"https:\/\/www.legifrance.gouv.fr\/affichCode.do?idSectionTA=LEGISCTA000032226557&amp;cidTexte=LEGITEXT000006069565\">L224-69<\/a> au 1 juillet 2016<\/em>] et suivants du code de la consommation ;<\/p>\n<p style=\"text-align: justify;\"><strong>9\u00b0<\/strong> L&rsquo;exercice des fonctions de syndic de copropri\u00e9t\u00e9 dans le cadre de la <a href=\"http:\/\/www.coowma.com\/fr\/loi-65-557-10-juillet-1965-copropriete-syndicat-coproprietaires\/\">loi n\u00b0 65-557<\/a> du 10 juillet 1965 fixant le statut de la copropri\u00e9t\u00e9 des immeubles b\u00e2tis.<\/p>\n<p style=\"text-align: justify;\"><em>NOTA<\/em><\/p>\n<p style=\"text-align: justify;\"><em>Conform\u00e9ment \u00e0 l&rsquo;article 24-VI de la loi n\u00b0 2014-366 du 24 mars 2014, ces dispositions ne s&rsquo;appliquent qu&rsquo;aux contrats conclus \u00e0 compter de l&rsquo;entr\u00e9e en vigueur de ladite loi.<\/em><\/p>\n<p style=\"text-align: justify;\"><a name=\"article1-1\"><\/a><strong>Article 1-1<\/strong><\/p>\n<p style=\"text-align: justify;\"><em>Historique des versions sur <a href=\"https:\/\/www.legifrance.gouv.fr\/affichTexteArticle.do;jsessionid=A05B392A65251EEACC82CBB4571D0471.tplgfr23s_3?idArticle=LEGIARTI000028806896&amp;cidTexte=LEGITEXT000006068387&amp;dateTexte=20190915&amp;categorieLien=id&amp;oldAction=&amp;nbResultRech=\">Legifrance<\/a><br \/>\nModifi\u00e9 par <a href=\"https:\/\/www.legifrance.gouv.fr\/affichTexteArticle.do;jsessionid=FD5A8728F1BF567D1CC7B83951C3312C.tpdila19v_1?cidTexte=JORFTEXT000028772256&amp;idArticle=LEGIARTI000028775968&amp;dateTexte=20140326&amp;categorieLien=id#LEGIARTI000028775968\">LOI n\u00b02014-366 du 24 mars 2014 &#8211; art. 24 (V)<\/a><\/em><\/p>\n<p style=\"text-align: justify;\">Pour l&rsquo;application de la pr\u00e9sente loi :<\/p>\n<p style=\"text-align: justify;\"><strong>1\u00b0<\/strong> Est consid\u00e9r\u00e9e comme relevant de l&rsquo;activit\u00e9 de gestion immobili\u00e8re la location ou la sous-location, saisonni\u00e8re ou non, en nu ou en meubl\u00e9, d&rsquo;immeubles b\u00e2tis ou non b\u00e2tis lorsqu&rsquo;elle constitue l&rsquo;accessoire d&rsquo;un mandat de gestion ;<\/p>\n<p style=\"text-align: justify;\"><strong>2\u00b0<\/strong> Est consid\u00e9r\u00e9e comme une location saisonni\u00e8re pour l&rsquo;application de la pr\u00e9sente loi la location d&rsquo;un immeuble conclue pour une dur\u00e9e maximale et non renouvelable de quatre-vingt-dix jours cons\u00e9cutifs.<\/p>\n<p style=\"text-align: justify;\">Lorsque ces locations font intervenir un interm\u00e9diaire, leurs conditions de conclusion sont pr\u00e9cis\u00e9es par un d\u00e9cret en Conseil d\u2019\u00c9tat.<\/p>\n<p style=\"text-align: justify;\"><em>NOTA<\/em><\/p>\n<p style=\"text-align: justify;\"><em>Conform\u00e9ment \u00e0 l&rsquo;article 24-VI de la loi n\u00b0 2014-366 du 24 mars 2014, ces dispositions ne s&rsquo;appliquent qu&rsquo;aux contrats conclus \u00e0 compter de l&rsquo;entr\u00e9e en vigueur de ladite loi.<\/em><\/p>\n<p style=\"text-align: justify;\"><a name=\"article2\"><\/a><strong>Article 2<\/strong><\/p>\n<p style=\"text-align: justify;\"><em>Historique des versions sur <a href=\"https:\/\/www.legifrance.gouv.fr\/affichTexteArticle.do;jsessionid=A05B392A65251EEACC82CBB4571D0471.tplgfr23s_3?idArticle=LEGIARTI000037670088&amp;cidTexte=LEGITEXT000006068387&amp;dateTexte=20190915&amp;categorieLien=id&amp;oldAction=&amp;nbResultRech=\">Legifrance<\/a><br \/>\nModifi\u00e9 par<\/em> <a class=\"liensArtResolu\" href=\"https:\/\/www.legifrance.gouv.fr\/affichTexteArticle.do;jsessionid=67764103CA349129FA2A97CA9DA11B18.tplgfr43s_2?cidTexte=JORFTEXT000037639478&amp;idArticle=LEGIARTI000037642407&amp;dateTexte=20181124&amp;categorieLien=id#LEGIARTI000037642407\">LOI n\u00b02018-1021 du 23 novembre 2018 &#8211; art. 117<\/a><\/p>\n<p style=\"text-align: justify;\">Les dispositions de la pr\u00e9sente loi ne sont pas applicables :<\/p>\n<p style=\"text-align: justify;\">Aux membres des professions dont la liste sera fix\u00e9e par d\u00e9cret, en consid\u00e9ration du contr\u00f4le dont leur activit\u00e9 professionnelle fait l&rsquo;objet ainsi que des garanties financi\u00e8res qu&rsquo;ils offrent pour l&rsquo;exercice de cette activit\u00e9 ;<\/p>\n<p style=\"text-align: justify;\">Aux personnes ou \u00e0 leur conjoint qui, \u00e0 titre non professionnel, se livrent ou pr\u00eatent leur concours \u00e0 des op\u00e9rations relatives \u00e0 des biens sur lesquels elles ont des droits r\u00e9els divis ou indivis ;<\/p>\n<p style=\"text-align: justify;\">Aux personnes agissant pour le compte de leur conjoint, de parents en ordre successible, ou pour le compte de majeurs prot\u00e9g\u00e9s ou de mineurs dans les conditions pr\u00e9vues aux titres X et XI du code civil ;<\/p>\n<p style=\"text-align: justify;\">Aux repr\u00e9sentants l\u00e9gaux ou statutaires de soci\u00e9t\u00e9s de construction r\u00e9gies par les articles <a href=\"https:\/\/www.legifrance.gouv.fr\/affichCodeArticle.do?cidTexte=LEGITEXT000006074096&amp;idArticle=LEGIARTI000006824415&amp;dateTexte=&amp;categorieLien=cid\">L. 212-1 <\/a>et suivants du code de la construction et de l&rsquo;habitation pour la r\u00e9alisation des premi\u00e8res cessions des parts ou actions.<\/p>\n<p style=\"text-align: justify;\">Aux titulaires d&rsquo;une licence d&rsquo;agent de voyages, en vertu de la <a href=\"https:\/\/www.legifrance.gouv.fr\/affichTexte.do?cidTexte=JORFTEXT000000527137&amp;categorieLien=cid\">loi n\u00b0 92-645 du 13 juillet 1992 <\/a>fixant les conditions d&rsquo;exercice des activit\u00e9s relatives \u00e0 l&rsquo;organisation et \u00e0 la vente de voyages ou de s\u00e9jours, pour la conclusion de tout contrat de jouissance d&rsquo;immeuble \u00e0 temps partag\u00e9 r\u00e9gi par les articles <a href=\"https:\/\/www.legifrance.gouv.fr\/affichCodeArticle.do?cidTexte=LEGITEXT000006069565&amp;idArticle=LEGIARTI000006292118&amp;dateTexte=&amp;categorieLien=cid\">L. 121-60<\/a> et suivants du code de la consommation [<a href=\"https:\/\/www.legifrance.gouv.fr\/affichCode.do?idArticle=LEGIARTI000032226555&amp;idSectionTA=LEGISCTA000032226557&amp;cidTexte=LEGITEXT000006069565\"><em>Articles<\/em><\/a><em> L224-69 et suivants au 1 juillet 2016<\/em>] ;<\/p>\n<p style=\"text-align: justify;\">Aux organismes de placement collectif immobilier, organismes professionnels de placement collectif immobilier, soci\u00e9t\u00e9s civiles de placement immobilier et \u00e0 leurs soci\u00e9t\u00e9s de gestion, sauf lorsqu&rsquo;elles g\u00e8rent des actifs immobiliers faisant l&rsquo;objet de mandats de gestion sp\u00e9cifiques ;<\/p>\n<p style=\"text-align: justify;\">Aux associations \u0153uvrant \u00e0 la promotion de la cohabitation interg\u00e9n\u00e9rationnelle solidaire d\u00e9finie \u00e0 l&rsquo;article <a href=\"https:\/\/www.legifrance.gouv.fr\/affichCodeArticle.do?cidTexte=LEGITEXT000006074069&amp;idArticle=LEGIARTI000037649937&amp;dateTexte=&amp;categorieLien=cid\">L. 118-1<\/a> du code de l&rsquo;action sociale et des familles et aux articles L. <a href=\"https:\/\/www.legifrance.gouv.fr\/affichCode.do?idSectionTA=LEGISCTA000037649989&amp;cidTexte=LEGITEXT000006074096\">631-17 \u00e0 L. 631-19<\/a> du code de la construction et de l&rsquo;habitation.<\/p>\n<p style=\"text-align: justify;\"><a name=\"article3\"><\/a><strong>Article 3<\/strong><\/p>\n<p><em>Historique des versions sur <a href=\"https:\/\/www.legifrance.gouv.fr\/affichTexteArticle.do;jsessionid=A05B392A65251EEACC82CBB4571D0471.tplgfr23s_3?idArticle=LEGIARTI000037826209&amp;cidTexte=LEGITEXT000006068387&amp;dateTexte=20190915\">Legifrance<\/a><\/em><br \/>\n<em>Modifi\u00e9 par <a class=\"liensArtResolu\" href=\"https:\/\/www.legifrance.gouv.fr\/affichTexteArticle.do;jsessionid=A05B392A65251EEACC82CBB4571D0471.tplgfr23s_3?cidTexte=JORFTEXT000037800506&amp;idArticle=LEGIARTI000037801550&amp;dateTexte=20181213&amp;categorieLien=id#LEGIARTI000037801550\">Ordonnance n\u00b02018-1125 du 12 d\u00e9cembre 2018 &#8211; art. 27 (VD)<\/a><br \/>\nModifi\u00e9 par <a class=\"liensArtResolu\" href=\"https:\/\/www.legifrance.gouv.fr\/affichTexteArticle.do;jsessionid=A05B392A65251EEACC82CBB4571D0471.tplgfr23s_3?cidTexte=JORFTEXT000038496102&amp;idArticle=LEGIARTI000038497916&amp;dateTexte=20190523&amp;categorieLien=id#LEGIARTI000038497916\">LOI n\u00b02019-486 du 22 mai 2019 &#8211; art. 41<\/a><\/em><\/p>\n<p>Les activit\u00e9s vis\u00e9es \u00e0 l&rsquo;<a href=\"#article1\">article 1er<\/a> ne peuvent \u00eatre exerc\u00e9es que par les personnes physiques ou morales titulaires d&rsquo;une carte professionnelle, d\u00e9livr\u00e9e, pour une dur\u00e9e et selon des modalit\u00e9s fix\u00e9es par d\u00e9cret en Conseil d\u2019\u00c9tat, par le pr\u00e9sident de la chambre de commerce et d&rsquo;industrie territoriale ou, dans les circonscriptions o\u00f9 il n&rsquo;existe pas de chambre de commerce et d&rsquo;industrie territoriale, par le pr\u00e9sident de la chambre de commerce et d&rsquo;industrie de r\u00e9gion, pr\u00e9cisant celles des op\u00e9rations qu&rsquo;elles peuvent accomplir. Lorsque le pr\u00e9sident de la chambre de commerce et d&rsquo;industrie concern\u00e9e exerce une activit\u00e9 mentionn\u00e9e \u00e0 l&rsquo;<a href=\"#article1\">article 1er<\/a>, la carte est d\u00e9livr\u00e9e par le vice-pr\u00e9sident, dans des conditions fix\u00e9es par d\u00e9cret en Conseil d\u2019\u00c9tat.<\/p>\n<p style=\"text-align: justify;\">CCI France \u00e9tablit et tient \u00e0 jour un fichier des personnes titulaires de la carte professionnelle, selon des modalit\u00e9s d\u00e9finies par d\u00e9cret.<\/p>\n<p style=\"text-align: justify;\">Cette carte ne peut \u00eatre d\u00e9livr\u00e9e qu&rsquo;aux personnes physiques qui satisfont aux conditions suivantes :<\/p>\n<p style=\"text-align: justify;\"><strong>1\u00b0<\/strong> Justifier de leur aptitude professionnelle ;<\/p>\n<p style=\"text-align: justify;\"><strong>2\u00b0<\/strong> Justifier d&rsquo;une garantie financi\u00e8re permettant le remboursement des fonds, effets ou valeurs d\u00e9pos\u00e9s et sp\u00e9cialement affect\u00e9e \u00e0 ce dernier, y compris les sommes vers\u00e9es au fonds de travaux mentionn\u00e9 \u00e0 l&rsquo;<a href=\"http:\/\/www.coowma.com\/fr\/loi-65-557-10-juillet-1965-copropriete-syndicat-coproprietaires\/#article14-2\">article 14-2<\/a> de la loi n\u00b0 65-557 du 10 juillet 1965 fixant le statut de la copropri\u00e9t\u00e9 des immeubles b\u00e2tis \u00e0 l&rsquo;exception toutefois des personnes d\u00e9clarant leur intention de ne d\u00e9tenir aucun fonds, effet ou valeur, pour les activit\u00e9s mentionn\u00e9es \u00e0 l&rsquo;<a href=\"#article1\">article 1er<\/a>, \u00e0 l&rsquo;exception de celles mentionn\u00e9es aux 6\u00b0 et 9\u00b0 du m\u00eame article dans des conditions fix\u00e9es par d\u00e9cret en Conseil d\u2019\u00c9tat. Seuls les garants financiers ayant mis en place des proc\u00e9dures de contr\u00f4le internes, au moyen d&rsquo;un r\u00e9f\u00e9rentiel et de mod\u00e8les de suivi des risques, sont habilit\u00e9s \u00e0 d\u00e9livrer la garantie financi\u00e8re. Un d\u00e9cret en Conseil d\u2019\u00c9tat d\u00e9finit les proc\u00e9dures et les conditions dans lesquelles les garants exercent leurs missions de contr\u00f4le sur les fonds qu&rsquo;ils garantissent en application du pr\u00e9sent article ;<\/p>\n<p style=\"text-align: justify;\"><strong>3\u00b0<\/strong> Contracter une assurance contre les cons\u00e9quences p\u00e9cuniaires de leur responsabilit\u00e9 civile professionnelle ;<\/p>\n<p style=\"text-align: justify;\"><strong>4\u00b0<\/strong> Ne pas \u00eatre frapp\u00e9es d&rsquo;une des incapacit\u00e9s ou interdictions d&rsquo;exercer d\u00e9finies aux titres II et II bis ci-apr\u00e8s.<\/p>\n<p style=\"text-align: justify;\">La garantie mentionn\u00e9e au 2\u00b0 ci-dessus r\u00e9sulte d&rsquo;un engagement \u00e9crit fourni par une entreprise d&rsquo;assurance sp\u00e9cialement agr\u00e9\u00e9e, par un \u00e9tablissement de cr\u00e9dit, une soci\u00e9t\u00e9 de financement ou une institution mentionn\u00e9e \u00e0 l&rsquo;<a href=\"https:\/\/www.legifrance.gouv.fr\/affichCodeArticle.do?cidTexte=LEGITEXT000006072026&amp;idArticle=LEGIARTI000006656620&amp;dateTexte=&amp;categorieLien=cid\">article L. 518-1<\/a> du code mon\u00e9taire et financier.<\/p>\n<p style=\"text-align: justify;\">Les modalit\u00e9s de d\u00e9termination du montant de la garantie sont fix\u00e9es par d\u00e9cret en Conseil d\u2019\u00c9tat.<\/p>\n<p style=\"text-align: justify;\">La carte n&rsquo;est d\u00e9livr\u00e9e aux personnes morales que si lesdites personnes satisfont aux conditions pr\u00e9vues aux 2\u00b0 et 3\u00b0 ci-dessus et que si leurs repr\u00e9sentants l\u00e9gaux et statutaires satisfont aux conditions pr\u00e9vues aux 1\u00b0 et 4\u00b0 ci-dessus.<\/p>\n<p style=\"text-align: justify;\">Il doit \u00eatre proc\u00e9d\u00e9 \u00e0 une d\u00e9claration pr\u00e9alable d&rsquo;activit\u00e9 pour chaque \u00e9tablissement, succursale, agence ou bureau par la personne qui en assure la direction. Cette personne doit, en outre, satisfaire \u00e0 la condition pr\u00e9vue au 1\u00b0 et ne pas \u00eatre frapp\u00e9e d&rsquo;une des incapacit\u00e9s ou interdictions d&rsquo;exercer d\u00e9finies au titre II de la pr\u00e9sente loi.<\/p>\n<p>NOTA<\/p>\n<p>Conform\u00e9ment aux dispositions de l&rsquo;article 28 de la loi n\u00b0 2018-1125 du 12 d\u00e9cembre 2018, les dispositions de la pr\u00e9sente ordonnance entrent en vigueur en m\u00eame temps que le d\u00e9cret modifiant le d\u00e9cret n\u00b0 2005-1309 du 20 octobre 2005 pris pour l&rsquo;application de la loi n\u00b0 78-17 du 6 janvier 1978 relative \u00e0 l&rsquo;informatique, aux fichiers et aux libert\u00e9s, dans sa r\u00e9daction r\u00e9sultant de la pr\u00e9sente ordonnance, et au plus tard le 1er juin 2019.<\/p>\n<p>Le d\u00e9cret n\u00b0 2019-536 du 29 mai 2019 pris pour l&rsquo;application de la loi n\u00b0 78-17 du 6 janvier 1978 relative \u00e0 l&rsquo;informatique, aux fichiers et aux libert\u00e9s est entr\u00e9 en vigueur le 1er juin 2019.<\/p>\n<p style=\"text-align: justify;\"><a name=\"article3-1\"><\/a><strong>Article 3-1<\/strong><\/p>\n<p style=\"text-align: justify;\"><em>Historique des versions sur <a href=\"https:\/\/www.legifrance.gouv.fr\/affichTexteArticle.do;jsessionid=A05B392A65251EEACC82CBB4571D0471.tplgfr23s_3?idArticle=LEGIARTI000031010413&amp;cidTexte=LEGITEXT000006068387&amp;dateTexte=20190915&amp;categorieLien=id&amp;oldAction=&amp;nbResultRech=\">Legifrance<\/a><br \/>\nModifi\u00e9 par <a href=\"https:\/\/www.legifrance.gouv.fr\/affichTexteArticle.do;jsessionid=FD5A8728F1BF567D1CC7B83951C3312C.tpdila19v_1?cidTexte=JORFTEXT000030978561&amp;idArticle=LEGIARTI000030982148&amp;dateTexte=20150807&amp;categorieLien=id#LEGIARTI000030982148\">LOI n\u00b02015-990 du 6 ao\u00fbt 2015 &#8211; art. 102<\/a><\/em><\/p>\n<p style=\"text-align: justify;\">Les personnes mentionn\u00e9es \u00e0 l&rsquo;<a href=\"#article1\">article 1er<\/a> et, lorsqu&rsquo;il s&rsquo;agit de personnes morales, leurs repr\u00e9sentants l\u00e9gaux et statutaires, au dernier alin\u00e9a de l&rsquo;<a href=\"#article3\">article 3<\/a> et \u00e0 l&rsquo;<a href=\"#article4\">article 4<\/a> sont, \u00e0 l&rsquo;exception de celles mentionn\u00e9es \u00e0 l&rsquo;<a href=\"#article8-1\">article 8-1<\/a>, soumises \u00e0 une obligation de formation continue. Leur carte professionnelle ne peut \u00eatre renouvel\u00e9e si elles ne justifient pas avoir rempli cette obligation.<\/p>\n<p style=\"text-align: justify;\">Un d\u00e9cret d\u00e9termine la nature et la dur\u00e9e des activit\u00e9s susceptibles d&rsquo;\u00eatre valid\u00e9es au titre de l&rsquo;obligation de formation continue, les modalit\u00e9s selon lesquelles elle s&rsquo;accomplit, celles de son contr\u00f4le et celles de sa justification en cas de renouvellement de la carte professionnelle.<\/p>\n<p style=\"text-align: justify;\"><a name=\"article4\"><\/a><strong>Article 4<\/strong><\/p>\n<p style=\"text-align: justify;\"><em>Historique des versions sur <a href=\"https:\/\/www.legifrance.gouv.fr\/affichTexteArticle.do;jsessionid=A05B392A65251EEACC82CBB4571D0471.tplgfr23s_3?idArticle=LEGIARTI000037670965&amp;cidTexte=LEGITEXT000006068387&amp;dateTexte=20190915&amp;categorieLien=id&amp;oldAction=&amp;nbResultRech=\">Legifrance<\/a><br \/>\nModifi\u00e9 par <a class=\"liensArtResolu\" href=\"https:\/\/www.legifrance.gouv.fr\/affichTexteArticle.do;jsessionid=67764103CA349129FA2A97CA9DA11B18.tplgfr43s_2?cidTexte=JORFTEXT000037639478&amp;idArticle=LEGIARTI000037642457&amp;dateTexte=20181124&amp;categorieLien=id#LEGIARTI000037642457\">LOI n\u00b02018-1021 du 23 novembre 2018 &#8211; art. 156<\/a><\/em><\/p>\n<p style=\"text-align: justify;\">Toute personne habilit\u00e9e par un titulaire de la carte professionnelle \u00e0 n\u00e9gocier, s&rsquo;entremettre ou s&rsquo;engager pour le compte de ce dernier justifie d&rsquo;une comp\u00e9tence professionnelle, de sa qualit\u00e9 et de l&rsquo;\u00e9tendue de ses pouvoirs dans les conditions fix\u00e9es par d\u00e9cret en Conseil d\u2019\u00c9tat. Les dispositions du titre II de la pr\u00e9sente loi lui sont applicables.<\/p>\n<p style=\"text-align: justify;\">Les dispositions du chapitre IV du titre III du livre Ier du code de commerce sont applicables aux personnes vis\u00e9es au premier alin\u00e9a lorsqu&rsquo;elles ne sont pas salari\u00e9es. Ces personnes doivent contracter une assurance contre les cons\u00e9quences p\u00e9cuniaires de leur responsabilit\u00e9 civile professionnelle, dans des conditions fix\u00e9es par d\u00e9cret en Conseil d\u2019\u00c9tat.<\/p>\n<p style=\"text-align: justify;\">Ces personnes ne peuvent pas :<\/p>\n<p style=\"text-align: justify;\"><strong>1\u00b0<\/strong> Recevoir ou d\u00e9tenir, directement ou indirectement, des sommes d&rsquo;argent, des biens, des effets ou des valeurs ou en disposer \u00e0 l&rsquo;occasion des activit\u00e9s mentionn\u00e9es \u00e0 l&rsquo;article 1er de la pr\u00e9sente loi ;<\/p>\n<p style=\"text-align: justify;\"><strong>2\u00b0<\/strong> Donner des consultations juridiques ni r\u00e9diger des actes sous seing priv\u00e9, \u00e0 l&rsquo;exception de mandats conclus au profit du titulaire de la carte professionnelle mentionn\u00e9e \u00e0 l&rsquo;article 3 ;<\/p>\n<p style=\"text-align: justify;\"><strong>3\u00b0<\/strong> Assurer la direction d&rsquo;un \u00e9tablissement, d&rsquo;une succursale, d&rsquo;une agence ou d&rsquo;un bureau.<\/p>\n<p style=\"text-align: justify;\">Les personnes qui, \u00e0 la date d&rsquo;entr\u00e9e en vigueur du d\u00e9cret en Conseil d&rsquo;Etat mentionn\u00e9 au premier alin\u00e9a du pr\u00e9sent article, disposent de l&rsquo;habilitation mentionn\u00e9e au premier alin\u00e9a sont r\u00e9put\u00e9es justifier de la comp\u00e9tence professionnelle mentionn\u00e9e au pr\u00e9sent article.<\/p>\n<p style=\"text-align: justify;\"><a name=\"article4-1\"><\/a><strong>Article 4-1<\/strong><\/p>\n<p style=\"text-align: justify;\"><em>Historique des versions sur <a href=\"https:\/\/www.legifrance.gouv.fr\/affichTexteArticle.do;jsessionid=A05B392A65251EEACC82CBB4571D0471.tplgfr23s_3?idArticle=LEGIARTI000031010402&amp;cidTexte=LEGITEXT000006068387&amp;dateTexte\">Legifrance<\/a><br \/>\nModifi\u00e9 par <a href=\"https:\/\/www.legifrance.gouv.fr\/affichTexteArticle.do;jsessionid=FD5A8728F1BF567D1CC7B83951C3312C.tpdila19v_1?cidTexte=JORFTEXT000030978561&amp;idArticle=LEGIARTI000030982148&amp;dateTexte=20150807&amp;categorieLien=id#LEGIARTI000030982148\">LOI n\u00b02015-990 du 6 ao\u00fbt 2015 &#8211; art. 102<\/a><\/em><\/p>\n<p style=\"text-align: justify;\">Lorsque les personnes mentionn\u00e9es \u00e0 l&rsquo;article 1er proposent \u00e0 leurs clients les services d&rsquo;une entreprise, elles sont tenues de les informer, dans des conditions d\u00e9finies par d\u00e9cret en Conseil d\u2019\u00c9tat et avant la conclusion de tout contrat avec ladite entreprise, des \u00e9ventuels liens directs de nature capitalistique ou des liens de nature juridique qu&rsquo;elles ou leurs repr\u00e9sentants l\u00e9gaux et statutaires ont ou que les personnes mentionn\u00e9es au dernier alin\u00e9a de l&rsquo;article 3 et \u00e0 l&rsquo;article 4, intervenant pour ces clients, ont avec cette entreprise.<\/p>\n<p style=\"text-align: justify;\">Cette obligation s&rsquo;applique \u00e9galement lorsque les personnes mentionn\u00e9es au m\u00eame article 1er proposent \u00e0 leurs clients les services d&rsquo;un \u00e9tablissement bancaire ou d&rsquo;une soci\u00e9t\u00e9 financi\u00e8re.<\/p>\n<p style=\"text-align: justify;\">Les personnes mentionn\u00e9es au dernier alin\u00e9a du m\u00eame article 3 et les personnes habilit\u00e9es par un titulaire de la carte professionnelle conform\u00e9ment au m\u00eame article 4 sont tenues de l&rsquo;informer des liens mentionn\u00e9s aux premier et deuxi\u00e8me alin\u00e9as du pr\u00e9sent article qu&rsquo;elles ont avec une entreprise, un \u00e9tablissement bancaire ou une soci\u00e9t\u00e9 financi\u00e8re dont le titulaire de la carte professionnelle propose les services \u00e0 ses clients.<\/p>\n<p style=\"text-align: justify;\"><a name=\"article4-2\"><\/a><strong>Article 4-2<\/strong><\/p>\n<p style=\"text-align: justify;\"><em>Cr\u00e9\u00e9 par <a href=\"https:\/\/www.legifrance.gouv.fr\/affichTexteArticle.do;jsessionid=FD5A8728F1BF567D1CC7B83951C3312C.tpdila19v_1?cidTexte=JORFTEXT000033717812&amp;idArticle=LEGIARTI000033725008&amp;dateTexte=20161229&amp;categorieLien=id#LEGIARTI000033725008\">LOI n\u00b02016-1888 du 28 d\u00e9cembre 2016 &#8211; art. 48<\/a><\/em><\/p>\n<p style=\"text-align: justify;\">En vue du logement des travailleurs saisonniers et par d\u00e9rogation au deuxi\u00e8me alin\u00e9a de l&rsquo;article 4 et \u00e0 l&rsquo;article 6, les organismes agr\u00e9\u00e9s, conform\u00e9ment \u00e0 l&rsquo;article <a href=\"https:\/\/www.legifrance.gouv.fr\/affichCodeArticle.do?cidTexte=LEGITEXT000006074096&amp;idArticle=LEGIARTI000020441526&amp;dateTexte=&amp;categorieLien=cid\">L. 365-4<\/a> du code de la construction et de l&rsquo;habitation, peuvent habiliter, pour certaines missions relevant de la pr\u00e9sente loi, des personnels d&rsquo;une collectivit\u00e9 territoriale. Un d\u00e9cret en Conseil d&rsquo;Etat pr\u00e9cise ces missions.<\/p>\n<p style=\"text-align: justify;\"><a name=\"article4-3\"><\/a><strong>Article 4-3<\/strong><\/p>\n<p style=\"text-align: justify;\"><em>Cr\u00e9\u00e9 par <a href=\"https:\/\/www.legifrance.gouv.fr\/affichTexteArticle.do;jsessionid=FD5A8728F1BF567D1CC7B83951C3312C.tpdila19v_1?cidTexte=JORFTEXT000033934948&amp;idArticle=LEGIARTI000033938515&amp;dateTexte=20170128&amp;categorieLien=id#LEGIARTI000033938515\">LOI n\u00b02017-86 du 27 janvier 2017 &#8211; art. 124<\/a><\/em><\/p>\n<p style=\"text-align: justify;\">Sous r\u00e9serve des dispositions leur imposant la divulgation de certaines informations, les personnes mentionn\u00e9es \u00e0 l&rsquo;article 1er de la pr\u00e9sente loi et, lorsqu&rsquo;il s&rsquo;agit de personnes morales, leurs repr\u00e9sentants l\u00e9gaux et statutaires respectent la confidentialit\u00e9 des donn\u00e9es dont elles ont connaissance dans l&rsquo;exercice de leurs activit\u00e9s. Ce principe ne fait pas obstacle \u00e0 la communication aux copropri\u00e9taires de tout \u00e9l\u00e9ment n\u00e9cessaire au bon fonctionnement du syndicat. Il ne fait \u00e9galement pas obstacle au signalement d&rsquo;un habitat manifestement indigne au sens de l&rsquo;article 1er-1 de la loi n\u00b0 90-449 du 31 mai 1990 visant \u00e0 la mise en \u0153uvre du droit au logement au maire de la commune concern\u00e9e.<\/p>\n<p style=\"text-align: justify;\"><a name=\"article5\"><\/a><strong>Article 5<\/strong><\/p>\n<p style=\"text-align: justify;\"><em>Historique des versions sur <a href=\"https:\/\/www.legifrance.gouv.fr\/affichTexteArticle.do;jsessionid=A05B392A65251EEACC82CBB4571D0471.tplgfr23s_3?idArticle=LEGIARTI000028806914&amp;cidTexte=LEGITEXT000006068387&amp;dateTexte=\">Legifrance<\/a><br \/>\nModifi\u00e9 par <a href=\"https:\/\/www.legifrance.gouv.fr\/affichTexteArticle.do;jsessionid=FD5A8728F1BF567D1CC7B83951C3312C.tpdila19v_1?cidTexte=JORFTEXT000028772256&amp;idArticle=LEGIARTI000028775968&amp;dateTexte=20140326&amp;categorieLien=id#LEGIARTI000028775968\">LOI n\u00b02014-366 du 24 mars 2014 &#8211; art. 24 (V)<\/a><\/em><\/p>\n<p style=\"text-align: justify;\">Les personnes vis\u00e9es \u00e0 l&rsquo;article 1er qui re\u00e7oivent, d\u00e9tiennent des sommes d&rsquo;argent ne constituant ni une r\u00e9mun\u00e9ration, ni des honoraires, des biens, des effets ou des valeurs, ou en disposent, \u00e0 quelque titre et de quelque mani\u00e8re que ce soit, \u00e0 l&rsquo;occasion des op\u00e9rations sp\u00e9cifi\u00e9es audit article, doivent respecter les conditions pr\u00e9vues par d\u00e9cret en Conseil d&rsquo;Etat, notamment les formalit\u00e9s de tenue des registres et de d\u00e9livrance de re\u00e7us, ainsi que les autres obligations d\u00e9coulant du mandat.<\/p>\n<p style=\"text-align: justify;\"><em>NOTA<\/em><\/p>\n<p style=\"text-align: justify;\"><em>Aux termes de l&rsquo;article 24 VIII de la loi n\u00b0 2014-366 du 24 mars 2014, les dispositions introduites par le 7\u00b0 du I du m\u00eame article 24 entrent en vigueur le premier jour du quatri\u00e8me mois suivant celui de la promulgation de ladite loi, soit le 1er juillet 2014.<\/em><\/p>\n<p style=\"text-align: justify;\"><a name=\"article6\"><\/a><strong>Article 6<\/strong><\/p>\n<p style=\"text-align: justify;\"><em>Historique des versions sur <a href=\"https:\/\/www.legifrance.gouv.fr\/affichTexteArticle.do;jsessionid=A05B392A65251EEACC82CBB4571D0471.tplgfr23s_3?idArticle=LEGIARTI000032043077&amp;cidTexte=LEGITEXT000006068387&amp;dateTexte=\">Legifrance<\/a><br \/>\nModifi\u00e9 par <a href=\"https:\/\/www.legifrance.gouv.fr\/affichTexteArticle.do;jsessionid=FD5A8728F1BF567D1CC7B83951C3312C.tpdila19v_1?cidTexte=JORFTEXT000032004939&amp;idArticle=LEGIARTI000032006581&amp;dateTexte=20160211&amp;categorieLien=id#LEGIARTI000032006581\">Ordonnance n\u00b02016-131 du 10 f\u00e9vrier 2016 &#8211; art. 6<\/a><\/em><\/p>\n<p style=\"text-align: justify;\"><strong>I.<\/strong> &#8211; Les conventions conclues avec les personnes vis\u00e9es \u00e0 l&rsquo;article 1er ci-dessus et relatives aux op\u00e9rations qu&rsquo;il mentionne en ses 1\u00b0 \u00e0 6\u00b0, doivent \u00eatre r\u00e9dig\u00e9es par \u00e9crit et pr\u00e9ciser conform\u00e9ment aux dispositions d&rsquo;un d\u00e9cret en Conseil d\u2019\u00c9tat :<\/p>\n<p style=\"text-align: justify;\">Les conditions dans lesquelles ces personnes sont autoris\u00e9es \u00e0 recevoir, verser ou remettre des sommes d&rsquo;argent, biens, effets ou valeurs \u00e0 l&rsquo;occasion de l&rsquo;op\u00e9ration dont il s&rsquo;agit ;<\/p>\n<p style=\"text-align: justify;\">Les modalit\u00e9s de la reddition de compte ;<\/p>\n<p style=\"text-align: justify;\">Les conditions de d\u00e9termination de la r\u00e9mun\u00e9ration, ainsi que l&rsquo;indication de la partie qui en aura la charge.<\/p>\n<p style=\"text-align: justify;\">Les moyens employ\u00e9s par ces personnes et, le cas \u00e9ch\u00e9ant, par le r\u00e9seau auquel elles appartiennent pour diffuser aupr\u00e8s du public les annonces commerciales aff\u00e9rentes aux op\u00e9rations mentionn\u00e9es au 1\u00b0 du m\u00eame article 1er.<\/p>\n<p style=\"text-align: justify;\">En outre, lorsqu&rsquo;une convention comporte une clause d&rsquo;exclusivit\u00e9, elle pr\u00e9cise les actions que le mandataire s&rsquo;engage \u00e0 r\u00e9aliser pour ex\u00e9cuter la prestation qui lui a \u00e9t\u00e9 confi\u00e9e ainsi que les modalit\u00e9s selon lesquelles il rend compte au mandant des actions effectu\u00e9es pour son compte, selon une p\u00e9riodicit\u00e9 d\u00e9termin\u00e9e par les parties.<\/p>\n<p style=\"text-align: justify;\">Les dispositions de <a href=\"https:\/\/www.legifrance.gouv.fr\/affichCodeArticle.do?cidTexte=LEGITEXT000006070721&amp;idArticle=LEGIARTI000006438757&amp;dateTexte=&amp;categorieLien=cid\">l&rsquo;article 1375 du code civil<\/a> leur sont applicables.<\/p>\n<p style=\"text-align: justify;\">Aucun bien, effet, valeur, somme d&rsquo;argent, repr\u00e9sentatif d&rsquo;honoraires, de frais de recherche, de d\u00e9marche, de publicit\u00e9 ou d&rsquo;entremise quelconque, n&rsquo;est d\u00fb aux personnes indiqu\u00e9es \u00e0 l&rsquo;article 1er ou ne peut \u00eatre exig\u00e9 ou accept\u00e9 par elles, avant qu&rsquo;une des op\u00e9rations vis\u00e9es audit article ait \u00e9t\u00e9 effectivement conclue et constat\u00e9e dans un seul acte \u00e9crit contenant l&rsquo;engagement des parties.<\/p>\n<p style=\"text-align: justify;\">Toutefois, lorsqu&rsquo;un mandat est assorti d&rsquo;une clause d&rsquo;exclusivit\u00e9 ou d&rsquo;une clause p\u00e9nale ou lorsqu&rsquo;il comporte une clause aux termes de laquelle des honoraires sont dus par le mandant, m\u00eame si l&rsquo;op\u00e9ration est conclue sans les soins de l&rsquo;interm\u00e9diaire, cette clause recevra application dans les conditions qui seront fix\u00e9es par d\u00e9cret. La somme vers\u00e9e par le mandant en application de cette clause ne peut exc\u00e9der un montant fix\u00e9 par d\u00e9cret en Conseil d\u2019\u00c9tat.<\/p>\n<p style=\"text-align: justify;\">Lorsque le mandant agit dans le cadre de ses activit\u00e9s professionnelles, tout ou partie des sommes d&rsquo;argent vis\u00e9es ci-dessus qui sont \u00e0 sa charge peuvent \u00eatre exig\u00e9es par les personnes vis\u00e9es \u00e0 l&rsquo;article 1er avant qu&rsquo;une op\u00e9ration vis\u00e9e au m\u00eame article n&rsquo;ait \u00e9t\u00e9 effectivement conclue et constat\u00e9e. La clause pr\u00e9vue \u00e0 cet effet est appliqu\u00e9e dans des conditions fix\u00e9es par d\u00e9cret en Conseil d\u2019\u00c9tat.<\/p>\n<p style=\"text-align: justify;\">La convention conclue entre la personne qui se livre \u00e0 l&rsquo;activit\u00e9 mentionn\u00e9e au 7\u00b0 de l&rsquo;<a href=\"#article1\">article 1er<\/a> et le propri\u00e9taire du bien inscrit sur la liste ou le fichier, ou le titulaire de droits sur ce bien, comporte une clause d&rsquo;exclusivit\u00e9 d&rsquo;une dur\u00e9e limit\u00e9e aux termes de laquelle ce dernier s&rsquo;engage, d&rsquo;une part, \u00e0 ne pas confier la location ou la vente de son bien \u00e0 une autre personne exer\u00e7ant une activit\u00e9 mentionn\u00e9e \u00e0 l&rsquo;article 1er et, d&rsquo;autre part, \u00e0 ne pas publier d&rsquo;annonce par voie de presse.<\/p>\n<p style=\"text-align: justify;\"><strong>II.<\/strong> &#8211; Entre la personne qui se livre \u00e0 l&rsquo;activit\u00e9 mentionn\u00e9e au 7\u00b0 de l&rsquo;<a href=\"#article1\">article 1er<\/a> et son client, une convention est \u00e9tablie par \u00e9crit. Cette convention dont, conform\u00e9ment \u00e0 l&rsquo;article 1325 du code civil, un original est remis au client pr\u00e9cise les caract\u00e9ristiques du bien recherch\u00e9, l&rsquo;ensemble des obligations professionnelles qui incombent au professionnel mentionn\u00e9 au pr\u00e9sent alin\u00e9a, la nature de la prestation promise au client et le montant de la r\u00e9mun\u00e9ration incombant \u00e0 ce dernier. Elle pr\u00e9cise \u00e9galement les conditions de remboursement de tout ou partie de la r\u00e9mun\u00e9ration lorsque la prestation fournie au client n&rsquo;est pas conforme \u00e0 la nature promise dans ladite convention.<\/p>\n<p style=\"text-align: justify;\">Les conditions et les modalit\u00e9s d&rsquo;application de la mesure de remboursement partiel ou total pr\u00e9vue au premier alin\u00e9a du pr\u00e9sent II sont d\u00e9finies par d\u00e9cret.<\/p>\n<p style=\"text-align: justify;\">Aucune somme d&rsquo;argent ou r\u00e9mun\u00e9ration de quelque nature que ce soit n&rsquo;est due \u00e0 une personne qui se livre \u00e0 l&rsquo;activit\u00e9 mentionn\u00e9e au 7\u00b0 de l&rsquo;article 1er ou ne peut \u00eatre exig\u00e9e par elle, pr\u00e9alablement \u00e0 la parfaite ex\u00e9cution de son obligation de fournir effectivement des listes ou des fichiers, que cette ex\u00e9cution soit instantan\u00e9e ou successive.<\/p>\n<p style=\"text-align: justify;\"><em>NOTA<\/em><\/p>\n<p style=\"text-align: justify;\"><em>Aux termes de l&rsquo;article 24 VIII de la loi n\u00b0 2014-366 du 24 mars 2014, les dispositions introduites par le 8\u00b0 du I du m\u00eame article 24 entrent en vigueur le premier jour du quatri\u00e8me mois suivant celui de la promulgation de ladite loi, soit le 1er juillet 2014.<\/em><\/p>\n<p style=\"text-align: justify;\"><a name=\"article6-1\"><\/a><strong>Article 6-1<\/strong><\/p>\n<p style=\"text-align: justify;\"><em>Historique des versions sur <a href=\"https:\/\/www.legifrance.gouv.fr\/affichTexteArticle.do;jsessionid=A05B392A65251EEACC82CBB4571D0471.tplgfr23s_3?idArticle=LEGIARTI000028777458&amp;cidTexte=LEGITEXT000006068387&amp;dateTexte=\">Legifrance<\/a><br \/>\nModifi\u00e9 par <a href=\"https:\/\/www.legifrance.gouv.fr\/affichTexteArticle.do;jsessionid=FD5A8728F1BF567D1CC7B83951C3312C.tpdila19v_1?cidTexte=JORFTEXT000028772256&amp;idArticle=LEGIARTI000028775968&amp;dateTexte=20140326&amp;categorieLien=id#LEGIARTI000028775968\">LOI n\u00b0 2014-366 du 24 mars 2014 &#8211; art. 24 (V)<\/a><\/em><\/p>\n<p style=\"text-align: justify;\">Toute publicit\u00e9 effectu\u00e9e par une personne mentionn\u00e9e \u00e0 l&rsquo;article 1er et relative aux op\u00e9rations pr\u00e9vues au 1\u00b0 de ce m\u00eame article mentionne, quel que soit le support utilis\u00e9, le montant toutes taxes comprises de ses honoraires exprim\u00e9, pour ce qui concerne les op\u00e9rations de vente, en pourcentage du prix, lorsqu&rsquo;ils sont \u00e0 la charge du locataire ou de l&rsquo;acqu\u00e9reur.<\/p>\n<p style=\"text-align: justify;\"><em>NOTA<\/em><\/p>\n<p style=\"text-align: justify;\"><em>Conform\u00e9ment \u00e0 l&rsquo;article 24-VI de la loi n\u00b0 2014-366 du 24 mars 2014, ces dispositions ne s&rsquo;appliquent qu&rsquo;aux contrats conclus \u00e0 compter de l&rsquo;entr\u00e9e en vigueur de ladite loi.<\/em><\/p>\n<p style=\"text-align: justify;\"><a name=\"article6-2\"><\/a><strong>Article 6-2<\/strong><\/p>\n<p style=\"text-align: justify;\"><em>Historique des versions sur <a href=\"https:\/\/www.legifrance.gouv.fr\/affichTexteArticle.do;jsessionid=A05B392A65251EEACC82CBB4571D0471.tplgfr23s_3?idArticle=LEGIARTI000028777470&amp;cidTexte=LEGITEXT000006068387&amp;dateTexte=\">Legifrance<\/a><br \/>\nModifi\u00e9 par <a href=\"https:\/\/www.legifrance.gouv.fr\/affichTexteArticle.do;jsessionid=FD5A8728F1BF567D1CC7B83951C3312C.tpdila19v_1?cidTexte=JORFTEXT000028772256&amp;idArticle=LEGIARTI000028775968&amp;dateTexte=20140326&amp;categorieLien=id#LEGIARTI000028775968\">LOI n\u00b0 2014-366 du 24 mars 2014 &#8211; art. 24 (V)<\/a><\/em><\/p>\n<p style=\"text-align: justify;\">Toute publicit\u00e9 relative \u00e0 des op\u00e9rations mentionn\u00e9es au 1\u00b0 de l&rsquo;article 1er et propos\u00e9es par une personne habilit\u00e9e par un titulaire de la carte professionnelle \u00e0 n\u00e9gocier, s&rsquo;entremettre ou s&rsquo;engager pour le compte de ce dernier, et non salari\u00e9e, mentionne que cette personne exerce sous le statut d&rsquo;agent commercial.<\/p>\n<p style=\"text-align: justify;\">Cette obligation de mentionner le statut d&rsquo;agent commercial est \u00e9tendue au mandat de vente ou de recherche et \u00e0 tous les documents d&rsquo;une transaction immobili\u00e8re \u00e0 laquelle la personne habilit\u00e9e mentionn\u00e9e au premier alin\u00e9a participe.<\/p>\n<p style=\"text-align: justify;\"><em>NOTA<\/em><\/p>\n<p style=\"text-align: justify;\"><em>Conform\u00e9ment \u00e0 l&rsquo;article 24-VI de la loi n\u00b0 2014-366 du 24 mars 2014, ces dispositions ne s&rsquo;appliquent qu&rsquo;aux contrats conclus \u00e0 compter de l&rsquo;entr\u00e9e en vigueur de ladite loi.<\/em><\/p>\n<p style=\"text-align: justify;\"><a name=\"article7\"><\/a><strong>Article 7<\/strong><\/p>\n<p style=\"text-align: justify;\"><em>Historique des versions sur <a href=\"https:\/\/www.legifrance.gouv.fr\/affichTexteArticle.do;jsessionid=A05B392A65251EEACC82CBB4571D0471.tplgfr23s_3?idArticle=LEGIARTI000028806918&amp;cidTexte=LEGITEXT000006068387&amp;dateTexte=\">Legifrance<\/a><br \/>\nModifi\u00e9 par <a href=\"https:\/\/www.legifrance.gouv.fr\/affichTexteArticle.do;jsessionid=FD5A8728F1BF567D1CC7B83951C3312C.tpdila19v_1?cidTexte=JORFTEXT000028772256&amp;idArticle=LEGIARTI000028775968&amp;dateTexte=20140326&amp;categorieLien=id#LEGIARTI000028775968\">LOI n\u00b02014-366 du 24 mars 2014 &#8211; art. 24 (V)<\/a><\/em><\/p>\n<p style=\"text-align: justify;\">Sont nulles les promesses et les conventions de toute nature relatives aux op\u00e9rations vis\u00e9es \u00e0 l&rsquo;article 1er qui ne comportent pas une limitation de leurs effets dans le temps.<\/p>\n<p style=\"text-align: justify;\">Lorsque le mandant n&rsquo;agit pas dans le cadre de ses activit\u00e9s professionnelles :<\/p>\n<p style=\"text-align: justify;\"><strong>1\u00b0<\/strong> Les modalit\u00e9s de non-reconduction des contrats d\u00e9finies aux deux premiers alin\u00e9as de l&rsquo;<a href=\"https:\/\/www.legifrance.gouv.fr\/affichCodeArticle.do?cidTexte=LEGITEXT000006069565&amp;idArticle=LEGIARTI000006292191&amp;dateTexte=&amp;categorieLien=cid\">article L. 136-1<\/a> du code de la consommation sont mentionn\u00e9es de mani\u00e8re lisible et visible dans les conventions pr\u00e9vues au premier alin\u00e9a du I de l&rsquo;<a href=\"#article6\">article 6<\/a> de la pr\u00e9sente loi ;<\/p>\n<p style=\"text-align: justify;\"><strong>2\u00b0<\/strong> Lorsque ces conventions portent sur des op\u00e9rations mentionn\u00e9es aux 1\u00b0 et 4\u00b0 de l&rsquo;<a href=\"#article1\">article 1er<\/a> et qu&rsquo;elles comportent une clause d&rsquo;exclusivit\u00e9, elles mentionnent en caract\u00e8res tr\u00e8s apparents les dispositions du deuxi\u00e8me alin\u00e9a de l&rsquo;<a href=\"https:\/\/www.legifrance.gouv.fr\/affichTexteArticle.do?cidTexte=JORFTEXT000000855024&amp;idArticle=LEGIARTI000006920541&amp;dateTexte=&amp;categorieLien=cid\">article 78<\/a> du d\u00e9cret n\u00b0 72-678 du 20 juillet 1972 fixant les conditions d&rsquo;application de la <a href=\"https:\/\/www.legifrance.gouv.fr\/affichTexte.do?cidTexte=JORFTEXT000000512228&amp;categorieLien=cid\">loi n\u00b0 70-9<\/a> du 2 janvier 1970 r\u00e9glementant les conditions d&rsquo;exercice des activit\u00e9s relatives \u00e0 certaines op\u00e9rations portant sur les immeubles et fonds de commerce, exception faite des mandats portant sur les op\u00e9rations exclues par les troisi\u00e8me \u00e0 sixi\u00e8me alin\u00e9as de ce m\u00eame article.<\/p>\n<p style=\"text-align: justify;\"><em>NOTA<\/em><\/p>\n<p style=\"text-align: justify;\"><em>Conform\u00e9ment \u00e0 l&rsquo;article 24-VI de la loi n\u00b0 2014-366 du 24 mars 2014, ces dispositions ne s&rsquo;appliquent qu&rsquo;aux contrats conclus \u00e0 compter de l&rsquo;entr\u00e9e en vigueur de ladite loi.<\/em><\/p>\n<p style=\"text-align: justify;\"><a name=\"article8\"><\/a><strong>Article 8<\/strong><\/p>\n<p style=\"text-align: justify;\"><em>Historique des versions sur <a href=\"https:\/\/www.legifrance.gouv.fr\/affichTexteArticle.do;jsessionid=A05B392A65251EEACC82CBB4571D0471.tplgfr23s_3?idArticle=LEGIARTI000006902296&amp;cidTexte=LEGITEXT000006068387&amp;dateTexte=\">Legifrance<\/a><br \/>\nModifi\u00e9 par <a href=\"https:\/\/www.legifrance.gouv.fr\/affichTexteArticle.do;jsessionid=FD5A8728F1BF567D1CC7B83951C3312C.tpdila19v_1?cidTexte=JORFTEXT000000252733&amp;idArticle=LEGIARTI000006276511&amp;dateTexte=20040702&amp;categorieLien=id#LEGIARTI000006276511\">Ordonnance n\u00b02004-634 du 1 juillet 2004 &#8211; art. 2 JORF 2 juillet 2004<\/a><\/em><br \/>\n<em>Modifi\u00e9 par <a href=\"https:\/\/www.legifrance.gouv.fr\/affichTexteArticle.do;jsessionid=FD5A8728F1BF567D1CC7B83951C3312C.tpdila19v_1?cidTexte=JORFTEXT000000252733&amp;idArticle=LEGIARTI000006917283&amp;dateTexte=20040702&amp;categorieLien=id#LEGIARTI000006917283\">Ordonnance n\u00b02004-634 du 1 juillet 2004 &#8211; art. 7 JORF 2 juillet 2004<\/a><\/em><\/p>\n<p style=\"text-align: justify;\">Les personnes titulaires d&rsquo;une autorisation administrative d\u00e9livr\u00e9e en application de la loi du 13 juillet 1992 susmentionn\u00e9e, qui ont une activit\u00e9 de location saisonni\u00e8re de meubl\u00e9s hors forfait touristique, sont dispens\u00e9es de la carte professionnelle pr\u00e9vue \u00e0 l&rsquo;article 3 de la pr\u00e9sente loi lorsque cette activit\u00e9 est accessoire \u00e0 leur activit\u00e9 principale.<\/p>\n<p style=\"text-align: justify;\">Elles doivent souscrire, pour l&rsquo;exercice de cette activit\u00e9, une garantie financi\u00e8re permettant le remboursement des fonds, effets ou valeurs d\u00e9pos\u00e9s et une assurance garantissant les cons\u00e9quences p\u00e9cuniaires de la responsabilit\u00e9 civile professionnelle qu&rsquo;elles encourent en raison de cette activit\u00e9.<\/p>\n<p style=\"text-align: justify;\">L&rsquo;exercice de ces activit\u00e9s est r\u00e9gi par les dispositions de la pr\u00e9sente loi et des textes pris pour son application.<\/p>\n<p style=\"text-align: justify;\"><a name=\"article8-1\"><\/a><strong>Article 8-1<\/strong><\/p>\n<p style=\"text-align: justify;\"><em>Historique des versions sur <a href=\"https:\/\/www.legifrance.gouv.fr\/affichTexteArticle.do;jsessionid=A05B392A65251EEACC82CBB4571D0471.tplgfr23s_3?idArticle=LEGIARTI000033678920&amp;cidTexte=LEGITEXT000006068387&amp;dateTexte=\">Legifrance<\/a><br \/>\nModifi\u00e9 par <a href=\"https:\/\/www.legifrance.gouv.fr\/affichTexteArticle.do;jsessionid=FD5A8728F1BF567D1CC7B83951C3312C.tpdila19v_1?cidTexte=JORFTEXT000033670708&amp;idArticle=LEGIARTI000033676001&amp;dateTexte=20161223&amp;categorieLien=id#LEGIARTI000033676001\">Ordonnance n\u00b02016-1809 du 22 d\u00e9cembre 2016 &#8211; art. 23<\/a><\/em><\/p>\n<p style=\"text-align: justify;\">Tout ressortissant l\u00e9galement \u00e9tabli dans un Etat membre de l&rsquo;Union europ\u00e9enne ou dans un autre \u00c9tat partie \u00e0 l&rsquo;accord sur l&rsquo;Espace \u00e9conomique europ\u00e9en pour exercer tout ou partie des activit\u00e9s pr\u00e9vues \u00e0 l&rsquo;article 1er de la pr\u00e9sente loi peut exercer son activit\u00e9 de fa\u00e7on temporaire et occasionnelle en France apr\u00e8s en avoir fait la d\u00e9claration pr\u00e9alable aupr\u00e8s du pr\u00e9sident de la chambre de commerce et d&rsquo;industrie territoriale ou de la chambre d\u00e9partementale d&rsquo;Ile-de-France, dans des conditions fix\u00e9es par d\u00e9cret en Conseil d\u2019\u00c9tat. Toutefois, lorsque l&rsquo;activit\u00e9 concern\u00e9e ou la formation y conduisant n&rsquo;est pas r\u00e9glement\u00e9e dans l\u2019\u00c9tat d&rsquo;\u00e9tablissement, le prestataire doit l&rsquo;avoir exerc\u00e9e dans un ou plusieurs \u00c9tats membres ou parties pendant au moins une ann\u00e9e \u00e0 temps plein ou une dur\u00e9e \u00e9quivalente \u00e0 temps partiel, au cours des dix ann\u00e9es qui pr\u00e9c\u00e8dent la prestation.<\/p>\n<p style=\"text-align: justify;\"><a name=\"article8-2\"><\/a><strong>Article 8-2<\/strong><\/p>\n<p style=\"text-align: justify;\"><em>Historique des versions sur <a href=\"https:\/\/www.legifrance.gouv.fr\/affichTexteArticle.do;jsessionid=A05B392A65251EEACC82CBB4571D0471.tplgfr23s_3?idArticle=LEGIARTI000038613724&amp;cidTexte=LEGITEXT000006068387&amp;dateTexte=\">Legifrance<\/a><br \/>\nModifi\u00e9 par <a href=\"https:\/\/www.legifrance.gouv.fr\/affichTexteArticle.do;jsessionid=FD5A8728F1BF567D1CC7B83951C3312C.tpdila19v_1?cidTexte=JORFTEXT000032209352&amp;idArticle=LEGIARTI000032216161&amp;dateTexte=20160316&amp;categorieLien=id#LEGIARTI000032216161\">Ordonnance n\u00b02016-301 du 14 mars 2016 &#8211; art. 26<\/a><\/em><\/p>\n<p style=\"text-align: justify;\">Les personnes exer\u00e7ant les activit\u00e9s d\u00e9sign\u00e9es aux 1\u00b0, 2\u00b0, 4\u00b0, 5\u00b0 et 8\u00b0 de l&rsquo;article 1er de la pr\u00e9sente loi, \u00e0 l&rsquo;exclusion de l&rsquo;\u00e9change, la location ou la sous-location saisonni\u00e8re ou non, en nu ou en meubl\u00e9, mettent en \u0153uvre les obligations relatives \u00e0 la lutte contre le blanchiment des capitaux et le financement du terrorisme d\u00e9finies au chapitre Ier du titre VI du livre V du code mon\u00e9taire et financier.<\/p>\n<p style=\"text-align: justify;\">L&rsquo;autorit\u00e9 administrative en charge de l&rsquo;inspection mentionn\u00e9e au <a href=\"https:\/\/www.legifrance.gouv.fr\/affichCodeArticle.do?cidTexte=LEGITEXT000006072026&amp;idArticle=LEGIARTI000020191409&amp;dateTexte=&amp;categorieLien=cid\">II de l&rsquo;article L. 561-36 du code mon\u00e9taire et financier<\/a> assure le contr\u00f4le du respect des obligations pr\u00e9vues \u00e0 l&rsquo;alin\u00e9a pr\u00e9c\u00e9dent, dans les conditions d\u00e9finies \u00e0 l&rsquo;<a href=\"https:\/\/www.legifrance.gouv.fr\/affichCodeArticle.do?cidTexte=LEGITEXT000006069565&amp;idArticle=LEGIARTI000032222975&amp;dateTexte=&amp;categorieLien=cid\">article L. 511-7 du code de la consommation<\/a>.<\/p>\n<div class=\"article\" style=\"text-align: justify;\">\n<p style=\"text-align: justify;\"><a name=\"article8-2-1\"><\/a><strong>Article 8-2-1<\/strong><\/p>\n<p><em>Cr\u00e9\u00e9 par <a class=\"liensArtResolu\" href=\"https:\/\/www.legifrance.gouv.fr\/affichTexteArticle.do;jsessionid=67764103CA349129FA2A97CA9DA11B18.tplgfr43s_2?cidTexte=JORFTEXT000037639478&amp;idArticle=LEGIARTI000037642533&amp;dateTexte=20181124&amp;categorieLien=id#LEGIARTI000037642533\">LOI n\u00b02018-1021 du 23 novembre 2018 &#8211; art. 193<\/a><\/em><\/p>\n<\/div>\n<p>Les personnes exer\u00e7ant les activit\u00e9s d\u00e9sign\u00e9es aux 1\u00b0, 6\u00b0 et 9\u00b0 de l&rsquo;<a href=\"#article1\">article 1er<\/a> de la pr\u00e9sente loi signalent au procureur de la R\u00e9publique les faits qui sont susceptibles de constituer une des infractions pr\u00e9vues aux articles <a href=\"https:\/\/www.legifrance.gouv.fr\/affichCodeArticle.do?cidTexte=LEGITEXT000006070719&amp;idArticle=LEGIARTI000006417893&amp;dateTexte=&amp;categorieLien=cid\">225-14<\/a> du code p\u00e9nal, <a href=\"https:\/\/www.legifrance.gouv.fr\/affichCodeArticle.do?cidTexte=LEGITEXT000006072665&amp;idArticle=LEGIARTI000006686832&amp;dateTexte=&amp;categorieLien=cid\">L. 1337-4<\/a> du code de la sant\u00e9 publique et <a href=\"https:\/\/www.legifrance.gouv.fr\/affichCodeArticle.do?cidTexte=LEGITEXT000006074096&amp;idArticle=LEGIARTI000006824251&amp;dateTexte=&amp;categorieLien=cid\">L. 123-3<\/a>, <a href=\"https:\/\/www.legifrance.gouv.fr\/affichCodeArticle.do?cidTexte=LEGITEXT000006074096&amp;idArticle=LEGIARTI000006825773&amp;dateTexte=&amp;categorieLien=cid\">L. 511-6<\/a> et <a href=\"https:\/\/www.legifrance.gouv.fr\/affichCodeArticle.do?cidTexte=LEGITEXT000006074096&amp;idArticle=LEGIARTI000006825788&amp;dateTexte=&amp;categorieLien=cid\">L. 521-4<\/a> du code de la construction et de l&rsquo;habitation.<\/p>\n<p>Ce signalement est effectu\u00e9 sans pr\u00e9judice, le cas \u00e9ch\u00e9ant, de la d\u00e9claration pr\u00e9vue \u00e0 l&rsquo;article <a href=\"https:\/\/www.legifrance.gouv.fr\/affichCodeArticle.do?cidTexte=LEGITEXT000006072026&amp;idArticle=LEGIARTI000020180588&amp;dateTexte=&amp;categorieLien=cid\">L. 561-15<\/a> du code mon\u00e9taire et financier.<\/p>\n<\/div>\n<p style=\"text-align: justify;\"><a name=\"article8-3\"><\/a><strong>Article 8-3<\/strong><\/p>\n<p style=\"text-align: justify;\"><em>Historique des versions sur <a href=\"https:\/\/www.legifrance.gouv.fr\/affichTexteArticle.do;jsessionid=A05B392A65251EEACC82CBB4571D0471.tplgfr23s_3?idArticle=LEGIARTI000033974184&amp;cidTexte=LEGITEXT000006068387&amp;dateTexte=\">Legifrance<\/a><\/em><br \/>\nModifi\u00e9 par <a href=\"https:\/\/www.legifrance.gouv.fr\/affichTexteArticle.do;jsessionid=FD5A8728F1BF567D1CC7B83951C3312C.tpdila19v_1?cidTexte=JORFTEXT000033934948&amp;idArticle=LEGIARTI000033938515&amp;dateTexte=20170128&amp;categorieLien=id#LEGIARTI000033938515\">LOI n\u00b02017-86 du 27 janvier 2017 &#8211; art. 124<\/a><\/p>\n<p style=\"text-align: justify;\"><strong>I.<\/strong> &#8211; Le Conseil national de la transaction et de la gestion immobili\u00e8res mentionn\u00e9 \u00e0 l&rsquo;article 13-1 de la pr\u00e9sente loi transmet \u00e0 l&rsquo;autorit\u00e9 administrative charg\u00e9e de la concurrence et de la consommation toute information relative \u00e0 des infractions ou manquements mentionn\u00e9s aux articles <a href=\"https:\/\/www.legifrance.gouv.fr\/affichCodeArticle.do?cidTexte=LEGITEXT000006069565&amp;idArticle=LEGIARTI000032222971&amp;dateTexte=&amp;categorieLien=cid\">L. 511-5 \u00e0 L. 511-7<\/a> du code de la consommation susceptibles d&rsquo;\u00eatre imputables \u00e0 des personnes mentionn\u00e9es \u00e0 l&rsquo;article 1er de la pr\u00e9sente loi.<\/p>\n<p style=\"text-align: justify;\"><strong>II.<\/strong> &#8211; Les personnes mentionn\u00e9es au m\u00eame article 1er sont soumises \u00e0 des contr\u00f4les men\u00e9s par les agents mentionn\u00e9s aux articles <a href=\"https:\/\/www.legifrance.gouv.fr\/affichCodeArticle.do?cidTexte=LEGITEXT000006069565&amp;idArticle=LEGIARTI000032222965&amp;dateTexte=&amp;categorieLien=cid\">L. 511-3 <\/a>et <a href=\"https:\/\/www.legifrance.gouv.fr\/affichCodeArticle.do?cidTexte=LEGITEXT000006069565&amp;idArticle=LEGIARTI000032223009&amp;dateTexte=&amp;categorieLien=cid\">L. 511-21 <\/a>du code de la consommation, dans les conditions pr\u00e9vues \u00e0 l&rsquo;article L. 511-7 du m\u00eame code.<\/p>\n<h3 style=\"text-align: justify;\"><strong>Titre Ier : Des conditions d&rsquo;acc\u00e8s \u00e0 la profession et de son exercice. (abrog\u00e9)<\/strong><\/h3>\n<h2 style=\"text-align: justify;\"><strong>Titre II : De l&rsquo;incapacit\u00e9 d&rsquo;exercer des activit\u00e9s d&rsquo;entremise et de gestion des immeubles et fonds de commerce.<\/strong><\/h2>\n<p style=\"text-align: justify;\"><a name=\"article9\"><\/a><strong>Article 9<\/strong><\/p>\n<p style=\"text-align: justify;\">Modifi\u00e9 par <a href=\"https:\/\/www.legifrance.gouv.fr\/affichTexteArticle.do;jsessionid=FD5A8728F1BF567D1CC7B83951C3312C.tpdila19v_1?cidTexte=JORFTEXT000000422900&amp;idArticle=LEGIARTI000006250686&amp;dateTexte=20060415&amp;categorieLien=id#LEGIARTI000006250686\">Loi n\u00b02006-437 du 14 avril 2006 &#8211; art. 7 (V)<\/a><\/p>\n<p style=\"text-align: justify;\">Nul ne peut, d&rsquo;une mani\u00e8re habituelle, se livrer ou pr\u00eater son concours, m\u00eame \u00e0 titre accessoire, aux op\u00e9rations portant sur les biens d&rsquo;autrui mentionn\u00e9es \u00e0 l&rsquo;article 1er s&rsquo;il a fait l&rsquo;objet depuis moins de dix ans d&rsquo;une condamnation d\u00e9finitive :<\/p>\n<p style=\"text-align: justify;\"><strong>I.<\/strong> &#8211; Pour crime.<\/p>\n<p style=\"text-align: justify;\"><strong>II.<\/strong> &#8211; A une peine d&rsquo;au moins trois mois d&#8217;emprisonnement sans sursis pour :<\/p>\n<p style=\"text-align: justify;\"><strong>1\u00b0<\/strong> L&rsquo;une des infractions pr\u00e9vues au titre Ier du livre III du code p\u00e9nal et pour les d\u00e9lits pr\u00e9vus par des lois sp\u00e9ciales et punis des peines pr\u00e9vues pour l&rsquo;escroquerie et l&rsquo;abus de confiance ;<\/p>\n<p style=\"text-align: justify;\"><strong>2\u00b0<\/strong> Recel ou l&rsquo;une des infractions assimil\u00e9es au recel ou voisines de celui-ci pr\u00e9vues \u00e0 la section 2 du chapitre Ier du titre II du livre III du code p\u00e9nal ;<\/p>\n<p style=\"text-align: justify;\"><strong>3\u00b0<\/strong> Blanchiment ;<\/p>\n<p style=\"text-align: justify;\"><strong>4\u00b0<\/strong> Corruption active ou passive, trafic d&rsquo;influence, soustraction et d\u00e9tournement de biens ;<\/p>\n<p style=\"text-align: justify;\"><strong>5\u00b0<\/strong> Faux, falsification de titres ou autres valeurs fiduciaires \u00e9mises par l&rsquo;autorit\u00e9 publique, falsification des marques de l&rsquo;autorit\u00e9 ;<\/p>\n<p style=\"text-align: justify;\"><strong>6\u00b0<\/strong> Participation \u00e0 une association de malfaiteurs ;<\/p>\n<p style=\"text-align: justify;\"><strong>7\u00b0<\/strong> Trafic de stup\u00e9fiants ;<\/p>\n<p style=\"text-align: justify;\"><strong>8\u00b0<\/strong> Prox\u00e9n\u00e9tisme ou l&rsquo;une des infractions pr\u00e9vues par les sections 2 et 2 bis du chapitre V du titre II du livre II du code p\u00e9nal ;<\/p>\n<p style=\"text-align: justify;\"><strong>9\u00b0<\/strong> L&rsquo;une des infractions pr\u00e9vues \u00e0 la section 3 du chapitre V du titre II du livre II du code p\u00e9nal ;<\/p>\n<p style=\"text-align: justify;\"><strong>10\u00b0<\/strong> L&rsquo;une des infractions \u00e0 la l\u00e9gislation sur les soci\u00e9t\u00e9s commerciales pr\u00e9vues au titre IV du livre II du code de commerce ;<\/p>\n<p style=\"text-align: justify;\"><strong>11\u00b0<\/strong> Banqueroute ;<\/p>\n<p style=\"text-align: justify;\"><strong>12\u00b0<\/strong> Pratique de pr\u00eat usuraire ;<\/p>\n<p style=\"text-align: justify;\"><strong>13\u00b0<\/strong> L&rsquo;une des infractions pr\u00e9vues par la loi du 21 mai 1836 portant prohibition des loteries, par la loi du 15 juin 1907 relative aux casinos et par la loi n\u00b0 83-628 du 12 juillet 1983 relative aux jeux de hasard ;<\/p>\n<p style=\"text-align: justify;\"><strong>14\u00b0<\/strong> Infraction \u00e0 la l\u00e9gislation et \u00e0 la r\u00e9glementation des relations financi\u00e8res avec l&rsquo;\u00e9tranger ;<\/p>\n<p style=\"text-align: justify;\"><strong>15\u00b0<\/strong> Fraude fiscale ;<\/p>\n<p style=\"text-align: justify;\"><strong>16\u00b0<\/strong> L&rsquo;une des infractions pr\u00e9vues aux articles L. 111-34, L. 241-1, L. 241-2, L. 263-1 et L. 311-6 du code de la construction et de l&rsquo;habitation ;<\/p>\n<p style=\"text-align: justify;\"><strong>17\u00b0<\/strong> L&rsquo;une des infractions pr\u00e9vues aux articles L. 115-16 et L. 115-18, L. 115-24, L. 115-30, L. 121-6, L. 121-28, L. 122-8 \u00e0 L. 122-10, L. 213-1 \u00e0 L. 213-5, L. 217-1 \u00e0 L. 217-3, L. 217-6 et L. 217-10 du code de la consommation ;<\/p>\n<p style=\"text-align: justify;\"><strong>18\u00b0<\/strong> L&rsquo;infraction pr\u00e9vue \u00e0 l&rsquo;article L. 353-2 du code mon\u00e9taire et financier ;<\/p>\n<p style=\"text-align: justify;\"><strong>19\u00b0<\/strong> L&rsquo;une des infractions pr\u00e9vues aux articles L. 324-9, L. 324-10 et L. 362-3 du code du travail ;<\/p>\n<p style=\"text-align: justify;\"><strong>20\u00b0<\/strong> Les atteintes aux syst\u00e8mes de traitement automatis\u00e9 pr\u00e9vues par le chapitre III du titre II du livre III du code p\u00e9nal ;<\/p>\n<p style=\"text-align: justify;\"><strong>21\u00b0<\/strong> L&rsquo;une des infractions pr\u00e9vues \u00e0 la section 1 du chapitre V du titre II du livre II du code p\u00e9nal.<\/p>\n<p style=\"text-align: justify;\"><strong>III.<\/strong> &#8211; A la destitution des fonctions d&rsquo;officier public ou minist\u00e9riel.<\/p>\n<p style=\"text-align: justify;\"><em>NOTA<\/em><\/p>\n<p style=\"text-align: justify;\"><em>Loi 2006-437 2006-04-14 art. 7 IV 3 : Les modifications induites par la pr\u00e9sente loi entreront en vigueur dans un d\u00e9lai de six mois \u00e0 compter de la publication du d\u00e9cret mentionn\u00e9 \u00e0 l&rsquo;article L. 133-18 du code du tourisme. Le d\u00e9cret 2008-884 du 2 septembre 2008 a \u00e9t\u00e9 publi\u00e9 le 3 septembre 2008.<\/em><\/p>\n<p style=\"text-align: justify;\"><a name=\"article10\"><\/a><strong>Article 10<\/strong><\/p>\n<p style=\"text-align: justify;\"><em>Modifi\u00e9 par <a href=\"https:\/\/www.legifrance.gouv.fr\/affichTexteArticle.do;jsessionid=FD5A8728F1BF567D1CC7B83951C3312C.tpdila19v_1?cidTexte=JORFTEXT000020176088&amp;idArticle=LEGIARTI000020178314&amp;dateTexte=20090131&amp;categorieLien=id#LEGIARTI000020178314\">Ordonnance n\u00b02009-104 du 30 janvier 2009 &#8211; art. 12<\/a><\/em><\/p>\n<p style=\"text-align: justify;\">L&rsquo;incapacit\u00e9 pr\u00e9vue \u00e0 l&rsquo;article 9 s&rsquo;applique \u00e9galement :<\/p>\n<p style=\"text-align: justify;\"><strong>a)<\/strong> A toute personne \u00e0 l&rsquo;\u00e9gard de laquelle a \u00e9t\u00e9 prononc\u00e9e une mesure d\u00e9finitive de faillite personnelle ou une autre mesure d\u00e9finitive d&rsquo;interdiction dans les conditions pr\u00e9vues par le livre VI du code de commerce ;<\/p>\n<p style=\"text-align: justify;\"><strong>b)<\/strong> Aux administrateurs judiciaires et mandataires judiciaires au redressement et \u00e0 la liquidation des entreprises ayant fait l&rsquo;objet d&rsquo;une d\u00e9cision de radiation de la liste pr\u00e9vue aux articles <a href=\"https:\/\/www.legifrance.gouv.fr\/affichCodeArticle.do?cidTexte=LEGITEXT000005634379&amp;idArticle=LEGIARTI000006241956&amp;dateTexte=&amp;categorieLien=cid\">L. 811-12 <\/a>et <a href=\"https:\/\/www.legifrance.gouv.fr\/affichCodeArticle.do?cidTexte=LEGITEXT000005634379&amp;idArticle=LEGIARTI000006242139&amp;dateTexte=&amp;categorieLien=cid\">L. 812-9<\/a> du code de commerce ;<\/p>\n<p style=\"text-align: justify;\"><strong>c)<\/strong> Aux membres et anciens membres des professions lib\u00e9rales soumises \u00e0 un statut l\u00e9gislatif ou r\u00e9glementaire ou dont le titre est prot\u00e9g\u00e9 ayant fait l&rsquo;objet d&rsquo;une d\u00e9cision d\u00e9finitive pronon\u00e7ant une interdiction d&rsquo;exercer d&rsquo;une dur\u00e9e au moins \u00e9gale \u00e0 six mois ;<\/p>\n<p style=\"text-align: justify;\"><strong>d)<\/strong> A toute personne morale dont les associ\u00e9s ou actionnaires d\u00e9tenant au moins 25 % des parts ou des droits de vote ont fait l&rsquo;objet d&rsquo;une condamnation irr\u00e9vocable depuis moins de dix ans pour les infractions vis\u00e9es \u00e0 l&rsquo;article 9.<\/p>\n<p style=\"text-align: justify;\"><a name=\"article11\"><\/a><strong>Article 11<\/strong><\/p>\n<p style=\"text-align: justify;\"><em>Modifi\u00e9 par <a href=\"https:\/\/www.legifrance.gouv.fr\/affichTexteArticle.do;jsessionid=FD5A8728F1BF567D1CC7B83951C3312C.tpdila19v_1?cidTexte=JORFTEXT000000252733&amp;idArticle=LEGIARTI000006276511&amp;dateTexte=20040702&amp;categorieLien=id#LEGIARTI000006276511\">Ordonnance n\u00b02004-634 du 1 juillet 2004 &#8211; art. 2 JORF 2 juillet 2004<\/a><\/em><br \/>\n<em>Modifi\u00e9 par <a href=\"https:\/\/www.legifrance.gouv.fr\/affichTexteArticle.do;jsessionid=FD5A8728F1BF567D1CC7B83951C3312C.tpdila19v_1?cidTexte=JORFTEXT000000252733&amp;idArticle=LEGIARTI000006917304&amp;dateTexte=20040702&amp;categorieLien=id#LEGIARTI000006917304\">Ordonnance n\u00b02004-634 du 1 juillet 2004 &#8211; art. 8 JORF 2 juillet 2004<\/a><\/em><\/p>\n<p style=\"text-align: justify;\">En cas de condamnation prononc\u00e9e par une juridiction \u00e9trang\u00e8re et pass\u00e9e en force de chose jug\u00e9e pour une infraction constituant, selon la loi fran\u00e7aise, un crime ou l&rsquo;un des d\u00e9lits mentionn\u00e9s \u00e0 l&rsquo;article 9, le tribunal correctionnel du domicile du condamn\u00e9, \u00e0 la requ\u00eate du minist\u00e8re public, d\u00e9clare, apr\u00e8s constatation de la r\u00e9gularit\u00e9 et de la l\u00e9galit\u00e9 de la condamnation et l&rsquo;int\u00e9ress\u00e9 d\u00fbment appel\u00e9 en chambre du conseil, qu&rsquo;il y a lieu d&rsquo;appliquer l&rsquo;incapacit\u00e9 d&rsquo;exercer.<\/p>\n<p style=\"text-align: justify;\">Cette incapacit\u00e9 s&rsquo;applique \u00e9galement \u00e0 toute personne non r\u00e9habilit\u00e9e ayant fait l&rsquo;objet d&rsquo;une interdiction d&rsquo;exercer prononc\u00e9e par une juridiction \u00e9trang\u00e8re quand le jugement a \u00e9t\u00e9 d\u00e9clar\u00e9 ex\u00e9cutoire en France. La demande d&rsquo;exequatur peut \u00eatre, \u00e0 cette fin seulement, form\u00e9e par le minist\u00e8re public devant le tribunal de grande instance du domicile du condamn\u00e9.<\/p>\n<p style=\"text-align: justify;\"><a name=\"article12\"><\/a><strong>Article 12<\/strong><\/p>\n<p style=\"text-align: justify;\"><em>Modifi\u00e9 par <a href=\"https:\/\/www.legifrance.gouv.fr\/affichTexteArticle.do;jsessionid=FD5A8728F1BF567D1CC7B83951C3312C.tpdila19v_1?cidTexte=JORFTEXT000000252733&amp;idArticle=LEGIARTI000006276511&amp;dateTexte=20040702&amp;categorieLien=id#LEGIARTI000006276511\">Ordonnance n\u00b02004-634 du 1 juillet 2004 &#8211; art. 2 JORF 2 juillet 2004<\/a><\/em><\/p>\n<p style=\"text-align: justify;\">Les personnes auxquelles l&rsquo;exercice d&rsquo;une activit\u00e9 professionnelle est interdit par la pr\u00e9sente loi ne peuvent ni exercer cette activit\u00e9 sous le couvert d&rsquo;un tiers ni \u00eatre employ\u00e9es \u00e0 un titre quelconque, soit par l&rsquo;\u00e9tablissement qu&rsquo;elles exploitaient, soit par la soci\u00e9t\u00e9 qu&rsquo;elles dirigeaient, g\u00e9raient, administraient ou dont elles avaient la signature, ni g\u00e9rer, diriger, administrer une personne morale quelconque exer\u00e7ant cette activit\u00e9. Elles ne peuvent davantage \u00eatre employ\u00e9es au service de l&rsquo;acqu\u00e9reur, du g\u00e9rant ou du locataire de leur ancienne entreprise.<\/p>\n<p style=\"text-align: justify;\"><a name=\"article13\"><\/a><strong>Article 13<\/strong><\/p>\n<p style=\"text-align: justify;\"><em>Modifi\u00e9 par <a href=\"https:\/\/www.legifrance.gouv.fr\/affichTexteArticle.do;jsessionid=FD5A8728F1BF567D1CC7B83951C3312C.tpdila19v_1?cidTexte=JORFTEXT000000252733&amp;idArticle=LEGIARTI000006276511&amp;dateTexte=20040702&amp;categorieLien=id#LEGIARTI000006276511\">Ordonnance n\u00b02004-634 du 1 juillet 2004 &#8211; art. 2 JORF 2 juillet 2004<\/a><\/em><br \/>\n<em>Modifi\u00e9 par <a href=\"https:\/\/www.legifrance.gouv.fr\/affichTexteArticle.do;jsessionid=FD5A8728F1BF567D1CC7B83951C3312C.tpdila19v_1?cidTexte=JORFTEXT000000252733&amp;idArticle=LEGIARTI000006917316&amp;dateTexte=20040702&amp;categorieLien=id#LEGIARTI000006917316\">Ordonnance n\u00b02004-634 du 1 juillet 2004 &#8211; art. 9 JORF 2 juillet 2004<\/a><\/em><\/p>\n<p style=\"text-align: justify;\">Les personnes exer\u00e7ant une profession ou une activit\u00e9 mentionn\u00e9e aux articles 1er et 4 qui encourent cette incapacit\u00e9 doivent cesser leur profession ou activit\u00e9 dans le d\u00e9lai d&rsquo;un mois \u00e0 compter du jour o\u00f9 la d\u00e9cision entra\u00eenant l&rsquo;incapacit\u00e9 est devenue d\u00e9finitive et leur a \u00e9t\u00e9 notifi\u00e9e. Ce d\u00e9lai peut \u00eatre r\u00e9duit ou supprim\u00e9 par la juridiction qui a rendu cette d\u00e9cision.<\/p>\n<p style=\"text-align: justify;\">Sans pr\u00e9judice des dispositions du deuxi\u00e8me alin\u00e9a de l&rsquo;article 132-21 du code p\u00e9nal, la juridiction pronon\u00e7ant la d\u00e9cision qui entra\u00eene cette incapacit\u00e9 peut en r\u00e9duire la dur\u00e9e.<\/p>\n<h2 style=\"text-align: justify;\"><strong>Titre II bis : Le Conseil national de la transaction et de la gestion immobili\u00e8res<\/strong><\/h2>\n<p style=\"text-align: justify;\"><a name=\"article13-1\"><\/a><strong>Article 13-1<\/strong><\/p>\n<p style=\"text-align: justify;\"><em>Modifi\u00e9 par <a class=\"liensArtResolu\" href=\"https:\/\/www.legifrance.gouv.fr\/affichTexteArticle.do;jsessionid=67764103CA349129FA2A97CA9DA11B18.tplgfr43s_2?cidTexte=JORFTEXT000037639478&amp;idArticle=LEGIARTI000037642447&amp;dateTexte=20181124&amp;categorieLien=id#LEGIARTI000037642447\">LOI n\u00b02018-1021 du 23 novembre 2018 &#8211; art. 151<\/a><\/em><\/p>\n<p style=\"text-align: justify;\">Le Conseil national de la transaction et de la gestion immobili\u00e8res a pour mission de veiller au maintien et \u00e0 la promotion des principes de moralit\u00e9, de probit\u00e9 et de comp\u00e9tence n\u00e9cessaires au bon accomplissement des activit\u00e9s mentionn\u00e9es \u00e0 l&rsquo;article 1er par les personnes mentionn\u00e9es au m\u00eame article 1er.<\/p>\n<p style=\"text-align: justify;\">Le conseil fait des propositions au ministre de la justice et aux ministres charg\u00e9s de la consommation et du logement au sujet des conditions d&rsquo;acc\u00e8s aux activit\u00e9s mentionn\u00e9es audit article 1er et des conditions de leur exercice, s&rsquo;agissant notamment :<\/p>\n<p style=\"text-align: justify;\">1\u00b0 De la nature de l&rsquo;obligation d&rsquo;aptitude professionnelle pr\u00e9vue au 1\u00b0 de l&rsquo;article 3 ;<\/p>\n<p style=\"text-align: justify;\">2\u00b0 De la nature de l&rsquo;obligation de comp\u00e9tence professionnelle pr\u00e9vue \u00e0 l&rsquo;article 4 ;<\/p>\n<p style=\"text-align: justify;\">3\u00b0 De la nature et des modalit\u00e9s selon lesquelles s&rsquo;accomplit la formation continue mentionn\u00e9e \u00e0 l&rsquo;article 3-1 ;<\/p>\n<p style=\"text-align: justify;\">4\u00b0 Des r\u00e8gles constituant le code de d\u00e9ontologie applicable aux personnes titulaires de la carte professionnelle mentionn\u00e9e \u00e0 l&rsquo;article 3 et, lorsqu&rsquo;il s&rsquo;agit de personnes morales, \u00e0 leurs repr\u00e9sentants l\u00e9gaux et statutaires, dont le contenu est fix\u00e9 par d\u00e9cret.<\/p>\n<p style=\"text-align: justify;\">Le conseil est consult\u00e9 pour avis sur l&rsquo;ensemble des projets de textes l\u00e9gislatifs ou r\u00e9glementaires relatifs aux conditions d&rsquo;acc\u00e8s aux activit\u00e9s mentionn\u00e9es \u00e0 l&rsquo;article 1er et aux conditions de leur exercice ainsi que sur l&rsquo;ensemble des projets de textes l\u00e9gislatifs et r\u00e9glementaires relatifs \u00e0 la copropri\u00e9t\u00e9.<\/p>\n<p style=\"text-align: justify;\">Le conseil \u00e9tablit chaque ann\u00e9e un rapport d&rsquo;activit\u00e9.<\/p>\n<p style=\"text-align: justify;\"><a name=\"article13-2\"><\/a><strong>Article 13-2<\/strong><\/p>\n<p style=\"text-align: justify;\"><em>Modifi\u00e9 par <a class=\"liensArtResolu\" href=\"https:\/\/www.legifrance.gouv.fr\/affichTexteArticle.do;jsessionid=67764103CA349129FA2A97CA9DA11B18.tplgfr43s_2?cidTexte=JORFTEXT000037639478&amp;idArticle=LEGIARTI000037642447&amp;dateTexte=20181124&amp;categorieLien=id#LEGIARTI000037642447\">LOI n\u00b02018-1021 du 23 novembre 2018 &#8211; art. 151<\/a><\/em><\/p>\n<p style=\"text-align: justify;\">Le conseil comprend :<\/p>\n<p style=\"text-align: justify;\"><strong>1\u00b0<\/strong> Sept membres repr\u00e9sentant les personnes titulaires de la carte professionnelle mentionn\u00e9e \u00e0 l&rsquo;article 3, choisis en veillant \u00e0 assurer la repr\u00e9sentativit\u00e9 de la profession, sur proposition d&rsquo;un syndicat professionnel ou d&rsquo;une union de syndicats professionnels repr\u00e9sentatifs des personnes titulaires de la carte professionnelle mentionn\u00e9e au m\u00eame article 3 ;<\/p>\n<p style=\"text-align: justify;\"><strong>2\u00b0<\/strong> Cinq membres repr\u00e9sentants des consommateurs choisis parmi les associations de d\u00e9fense des consommateurs \u0153uvrant dans le domaine du logement, agr\u00e9\u00e9es en application de l&rsquo;article <a href=\"https:\/\/www.legifrance.gouv.fr\/affichCodeArticle.do;jsessionid=DA01C64BD0C5417F41A3084D41389EFE.tplgfr43s_2?idArticle=LEGIARTI000032224261&amp;cidTexte=LEGITEXT000006069565\">L. 811-1<\/a> du code de la consommation ;<\/p>\n<p style=\"text-align: justify;\"><strong>3\u00b0<\/strong> Trois personnalit\u00e9s qualifi\u00e9es dans le domaine de l&rsquo;immobilier ou du droit des copropri\u00e9t\u00e9s, qui ne disposent pas de droit de vote et dont les avis sont consultatifs ;<\/p>\n<p style=\"text-align: justify;\"><strong>4\u00b0<\/strong> Un pr\u00e9sident nomm\u00e9 par arr\u00eat\u00e9 conjoint du garde des sceaux, ministre de la justice et des ministres charg\u00e9s du logement et de la consommation et qui ne peut pas \u00eatre une personne mentionn\u00e9e aux 1\u00b0 \u00e0 3\u00b0 du pr\u00e9sent article.<\/p>\n<p style=\"text-align: justify;\">Les membres du conseil sont nomm\u00e9s par arr\u00eat\u00e9 conjoint du ministre de la justice et des ministres charg\u00e9s du logement et de la consommation.<\/p>\n<p style=\"text-align: justify;\">Assistent de droit aux r\u00e9unions du conseil les repr\u00e9sentants du ministre de la justice et des ministres charg\u00e9s du logement et de la consommation.<\/p>\n<p style=\"text-align: justify;\"><a name=\"article13-3\"><\/a><strong>Article 13-3<\/strong><\/p>\n<p style=\"text-align: justify;\"><em>Modifi\u00e9 par <a class=\"liensArtResolu\" href=\"https:\/\/www.legifrance.gouv.fr\/affichTexteArticle.do;jsessionid=67764103CA349129FA2A97CA9DA11B18.tplgfr43s_2?cidTexte=JORFTEXT000037639478&amp;idArticle=LEGIARTI000037642447&amp;dateTexte=20181124&amp;categorieLien=id#LEGIARTI000037642447\">LOI n\u00b02018-1021 du 23 novembre 2018 &#8211; art. 151<\/a><\/em><\/p>\n<p style=\"text-align: justify;\">Le Conseil national de la transaction et de la gestion immobili\u00e8res comprend une commission de contr\u00f4le des activit\u00e9s de transaction et de gestion immobili\u00e8res qui instruit les cas de pratiques abusives port\u00e9es \u00e0 la connaissance du conseil.<\/p>\n<p style=\"text-align: justify;\">La commission adresse son rapport pour avis au Conseil national de la transaction et de la gestion immobili\u00e8res. Le pr\u00e9sident du Conseil national de la transaction et de la gestion immobili\u00e8res propose \u00e0 la d\u00e9lib\u00e9ration du conseil la transmission du rapport \u00e0 l&rsquo;autorit\u00e9 administrative charg\u00e9e de la concurrence et de la consommation conform\u00e9ment aux dispositions de l&rsquo;<a href=\"#article8-3\">article 8-3<\/a>.<\/p>\n<p style=\"text-align: justify;\">La commission est compos\u00e9e de :<\/p>\n<p style=\"text-align: justify;\"><strong>1\u00b0<\/strong> Cinq repr\u00e9sentants des personnes titulaires de la carte professionnelle mentionn\u00e9e \u00e0 l&rsquo;<a href=\"#article3\">article 3<\/a>, choisis en veillant \u00e0 assurer la repr\u00e9sentativit\u00e9 de la profession, sur proposition d&rsquo;un syndicat professionnel ou d&rsquo;une union de syndicats professionnels repr\u00e9sentatifs des personnes titulaires de la carte professionnelle mentionn\u00e9e au m\u00eame article 3 ;<\/p>\n<p style=\"text-align: justify;\"><strong>2\u00b0<\/strong> Cinq repr\u00e9sentants des consommateurs choisis parmi les associations de d\u00e9fense des consommateurs \u0153uvrant dans le domaine du logement, agr\u00e9\u00e9es en application de l&rsquo;article <a href=\"https:\/\/www.legifrance.gouv.fr\/affichCodeArticle.do;jsessionid=DA01C64BD0C5417F41A3084D41389EFE.tplgfr43s_2?idArticle=LEGIARTI000032224261&amp;cidTexte=LEGITEXT000006069565\">L. 811-1<\/a> du code de la consommation.<\/p>\n<p style=\"text-align: justify;\">Le pr\u00e9sident du Conseil national de la transaction et de la gestion immobili\u00e8res d\u00e9signe le pr\u00e9sident de la commission de contr\u00f4le parmi les personnes mentionn\u00e9es au 1\u00b0 du pr\u00e9sent article.<\/p>\n<p style=\"text-align: justify;\">Les membres de la commission sont nomm\u00e9s par arr\u00eat\u00e9 conjoint du ministre de la justice et des ministres charg\u00e9s du logement et de la consommation.<\/p>\n<p style=\"text-align: justify;\"><a name=\"article13-4\"><\/a><strong>Article 13-4<\/strong><\/p>\n<p style=\"text-align: justify;\"><em>Modifi\u00e9 par <a class=\"liensArtResolu\" href=\"https:\/\/www.legifrance.gouv.fr\/affichTexteArticle.do;jsessionid=67764103CA349129FA2A97CA9DA11B18.tplgfr43s_2?cidTexte=JORFTEXT000037639478&amp;idArticle=LEGIARTI000037642447&amp;dateTexte=20181124&amp;categorieLien=id#LEGIARTI000037642447\">LOI n\u00b02018-1021 du 23 novembre 2018 &#8211; art. 151<\/a><\/em><\/p>\n<p style=\"text-align: justify;\">Un d\u00e9cret fixe les conditions d&rsquo;application du pr\u00e9sent titre.<\/p>\n<h3 style=\"text-align: justify;\"><strong>Chapitre Ier : Du Conseil national de la transaction et de la gestion immobili\u00e8res (abrog\u00e9)<\/strong><\/h3>\n<p style=\"text-align: justify;\"><a name=\"article13-2-1\"><\/a><strong>Article 13-2-1<\/strong><\/p>\n<p style=\"text-align: justify;\"><em>Cr\u00e9\u00e9 par <a href=\"https:\/\/www.legifrance.gouv.fr\/affichTexteArticle.do;jsessionid=FD5A8728F1BF567D1CC7B83951C3312C.tpdila19v_1?cidTexte=JORFTEXT000033934948&amp;idArticle=LEGIARTI000033938515&amp;dateTexte=20170128&amp;categorieLien=id#LEGIARTI000033938515\">LOI n\u00b02017-86 du 27 janvier 2017 &#8211; art. 124<\/a><\/em><br \/>\n<em>Abrog\u00e9 par <a class=\"liensArtResolu\" href=\"https:\/\/www.legifrance.gouv.fr\/affichTexteArticle.do;jsessionid=67764103CA349129FA2A97CA9DA11B18.tplgfr43s_2?cidTexte=JORFTEXT000037639478&amp;idArticle=LEGIARTI000037642447&amp;dateTexte=20181124&amp;categorieLien=id#LEGIARTI000037642447\">LOI n\u00b02018-1021 du 23 novembre 2018 &#8211; art. 151<\/a><\/em><\/p>\n<p style=\"text-align: justify;\"><a name=\"article13-3-1\"><\/a><strong>Article 13-3-1<\/strong><\/p>\n<p style=\"text-align: justify;\"><em>Cr\u00e9\u00e9 par <a href=\"https:\/\/www.legifrance.gouv.fr\/affichTexteArticle.do;jsessionid=FD5A8728F1BF567D1CC7B83951C3312C.tpdila19v_1?cidTexte=JORFTEXT000033934948&amp;idArticle=LEGIARTI000033938515&amp;dateTexte=20170128&amp;categorieLien=id#LEGIARTI000033938515\">LOI n\u00b02017-86 du 27 janvier 2017 &#8211; art. 124<\/a><\/em><br \/>\n<em>Abrog\u00e9 par <a class=\"liensArtResolu\" href=\"https:\/\/www.legifrance.gouv.fr\/affichTexteArticle.do;jsessionid=67764103CA349129FA2A97CA9DA11B18.tplgfr43s_2?cidTexte=JORFTEXT000037639478&amp;idArticle=LEGIARTI000037642447&amp;dateTexte=20181124&amp;categorieLien=id#LEGIARTI000037642447\">LOI n\u00b02018-1021 du 23 novembre 2018 &#8211; art. 151<\/a><\/em><\/p>\n<p style=\"text-align: justify;\"><a name=\"article13-3-2\"><\/a><strong>Article 13-3-2<\/strong><\/p>\n<p style=\"text-align: justify;\"><em>Cr\u00e9\u00e9 par <a href=\"https:\/\/www.legifrance.gouv.fr\/affichTexteArticle.do;jsessionid=FD5A8728F1BF567D1CC7B83951C3312C.tpdila19v_1?cidTexte=JORFTEXT000033934948&amp;idArticle=LEGIARTI000033938515&amp;dateTexte=20170128&amp;categorieLien=id#LEGIARTI000033938515\">LOI n\u00b02017-86 du 27 janvier 2017 &#8211; art. 124<\/a><\/em><br \/>\n<em>Abrog\u00e9 par <a class=\"liensArtResolu\" href=\"https:\/\/www.legifrance.gouv.fr\/affichTexteArticle.do;jsessionid=67764103CA349129FA2A97CA9DA11B18.tplgfr43s_2?cidTexte=JORFTEXT000037639478&amp;idArticle=LEGIARTI000037642447&amp;dateTexte=20181124&amp;categorieLien=id#LEGIARTI000037642447\">LOI n\u00b02018-1021 du 23 novembre 2018 &#8211; art. 151<\/a><\/em><\/p>\n<h3 style=\"text-align: justify;\"><strong>Chapitre II : De la discipline des personnes exer\u00e7ant de mani\u00e8re habituelle des activit\u00e9s de transaction et de gestion immobili\u00e8res (abrog\u00e9)<br \/>\n<\/strong><\/h3>\n<h4 style=\"text-align: justify;\"><strong>Section 1 : De la nature des manquements et des sanctions disciplinaires (abrog\u00e9)<br \/>\n<\/strong><\/h4>\n<p style=\"text-align: justify;\"><a name=\"article13-4-1\"><\/a><strong>Article 13-4-1<\/strong><\/p>\n<p style=\"text-align: justify;\"><em>Cr\u00e9\u00e9 par <a href=\"https:\/\/www.legifrance.gouv.fr\/affichTexteArticle.do;jsessionid=FD5A8728F1BF567D1CC7B83951C3312C.tpdila19v_1?cidTexte=JORFTEXT000033934948&amp;idArticle=LEGIARTI000033938515&amp;dateTexte=20170128&amp;categorieLien=id#LEGIARTI000033938515\">LOI n\u00b02017-86 du 27 janvier 2017 &#8211; art. 124<\/a><\/em><br \/>\n<em>Abrog\u00e9 par <a class=\"liensArtResolu\" href=\"https:\/\/www.legifrance.gouv.fr\/affichTexteArticle.do;jsessionid=67764103CA349129FA2A97CA9DA11B18.tplgfr43s_2?cidTexte=JORFTEXT000037639478&amp;idArticle=LEGIARTI000037642447&amp;dateTexte=20181124&amp;categorieLien=id#LEGIARTI000037642447\">LOI n\u00b02018-1021 du 23 novembre 2018 &#8211; art. 151<\/a><\/em><\/p>\n<h4 style=\"text-align: justify;\"><strong>Section 2 : De la proc\u00e9dure disciplinaire (abrog\u00e9)<br \/>\n<\/strong><\/h4>\n<p style=\"text-align: justify;\"><strong><a name=\"article13-5\"><\/a>Article 13-5<\/strong><\/p>\n<p style=\"text-align: justify;\"><em>Modifi\u00e9 par <a href=\"https:\/\/www.legifrance.gouv.fr\/affichTexteArticle.do;jsessionid=FD5A8728F1BF567D1CC7B83951C3312C.tpdila19v_1?cidTexte=JORFTEXT000033934948&amp;idArticle=LEGIARTI000033938515&amp;dateTexte=20170128&amp;categorieLien=id#LEGIARTI000033938515\">LOI n\u00b02017-86 du 27 janvier 2017 &#8211; art. 124<\/a><\/em><br \/>\n<em>Abrog\u00e9 par <a class=\"liensArtResolu\" href=\"https:\/\/www.legifrance.gouv.fr\/affichTexteArticle.do;jsessionid=67764103CA349129FA2A97CA9DA11B18.tplgfr43s_2?cidTexte=JORFTEXT000037639478&amp;idArticle=LEGIARTI000037642447&amp;dateTexte=20181124&amp;categorieLien=id#LEGIARTI000037642447\">LOI n\u00b02018-1021 du 23 novembre 2018 &#8211; art. 151<\/a><\/em><\/p>\n<p style=\"text-align: justify;\"><a name=\"article13-5-1\"><\/a><strong>Article 13-5-1<\/strong><\/p>\n<p style=\"text-align: justify;\"><em>Cr\u00e9\u00e9 par <a href=\"https:\/\/www.legifrance.gouv.fr\/affichTexteArticle.do;jsessionid=FD5A8728F1BF567D1CC7B83951C3312C.tpdila19v_1?cidTexte=JORFTEXT000033934948&amp;idArticle=LEGIARTI000033938515&amp;dateTexte=20170128&amp;categorieLien=id#LEGIARTI000033938515\">LOI n\u00b02017-86 du 27 janvier 2017 &#8211; art. 124<\/a><\/em><br \/>\n<em>Abrog\u00e9 par <a class=\"liensArtResolu\" href=\"https:\/\/www.legifrance.gouv.fr\/affichTexteArticle.do;jsessionid=67764103CA349129FA2A97CA9DA11B18.tplgfr43s_2?cidTexte=JORFTEXT000037639478&amp;idArticle=LEGIARTI000037642447&amp;dateTexte=20181124&amp;categorieLien=id#LEGIARTI000037642447\">LOI n\u00b02018-1021 du 23 novembre 2018 &#8211; art. 151<\/a><\/em><\/p>\n<p style=\"text-align: justify;\"><strong>Article 13-5-2<\/strong><\/p>\n<p style=\"text-align: justify;\">Cr\u00e9\u00e9 par <a href=\"https:\/\/www.legifrance.gouv.fr\/affichTexteArticle.do;jsessionid=FD5A8728F1BF567D1CC7B83951C3312C.tpdila19v_1?cidTexte=JORFTEXT000033934948&amp;idArticle=LEGIARTI000033938515&amp;dateTexte=20170128&amp;categorieLien=id#LEGIARTI000033938515\">LOI n\u00b02017-86 du 27 janvier 2017 &#8211; art. 124<\/a><br \/>\nAbrog\u00e9 par <a class=\"liensArtResolu\" href=\"https:\/\/www.legifrance.gouv.fr\/affichTexteArticle.do;jsessionid=67764103CA349129FA2A97CA9DA11B18.tplgfr43s_2?cidTexte=JORFTEXT000037639478&amp;idArticle=LEGIARTI000037642447&amp;dateTexte=20181124&amp;categorieLien=id#LEGIARTI000037642447\">LOI n\u00b02018-1021 du 23 novembre 2018 &#8211; art. 151<\/a><\/p>\n<p style=\"text-align: justify;\"><strong>Article 13-5-3<\/strong><\/p>\n<p style=\"text-align: justify;\"><em>Cr\u00e9\u00e9 par <a href=\"https:\/\/www.legifrance.gouv.fr\/affichTexteArticle.do;jsessionid=FD5A8728F1BF567D1CC7B83951C3312C.tpdila19v_1?cidTexte=JORFTEXT000033934948&amp;idArticle=LEGIARTI000033938515&amp;dateTexte=20170128&amp;categorieLien=id#LEGIARTI000033938515\">LOI n\u00b02017-86 du 27 janvier 2017 &#8211; art. 124<\/a><\/em><br \/>\n<em>Abrog\u00e9 par <a class=\"liensArtResolu\" href=\"https:\/\/www.legifrance.gouv.fr\/affichTexteArticle.do;jsessionid=67764103CA349129FA2A97CA9DA11B18.tplgfr43s_2?cidTexte=JORFTEXT000037639478&amp;idArticle=LEGIARTI000037642447&amp;dateTexte=20181124&amp;categorieLien=id#LEGIARTI000037642447\">LOI n\u00b02018-1021 du 23 novembre 2018 &#8211; art. 151<\/a><\/em><\/p>\n<p style=\"text-align: justify;\"><strong>Article 13-6<\/strong><\/p>\n<p style=\"text-align: justify;\"><em>Modifi\u00e9 par <a href=\"https:\/\/www.legifrance.gouv.fr\/affichTexteArticle.do;jsessionid=FD5A8728F1BF567D1CC7B83951C3312C.tpdila19v_1?cidTexte=JORFTEXT000033934948&amp;idArticle=LEGIARTI000033938515&amp;dateTexte=20170128&amp;categorieLien=id#LEGIARTI000033938515\">LOI n\u00b02017-86 du 27 janvier 2017 &#8211; art. 124<\/a><\/em><br \/>\n<em>Abrog\u00e9 par <a class=\"liensArtResolu\" href=\"https:\/\/www.legifrance.gouv.fr\/affichTexteArticle.do;jsessionid=67764103CA349129FA2A97CA9DA11B18.tplgfr43s_2?cidTexte=JORFTEXT000037639478&amp;idArticle=LEGIARTI000037642447&amp;dateTexte=20181124&amp;categorieLien=id#LEGIARTI000037642447\">LOI n\u00b02018-1021 du 23 novembre 2018 &#8211; art. 151<\/a><\/em><\/p>\n<h4 style=\"text-align: justify;\"><strong>Section 3 : Des d\u00e9cisions et des voies de recours (abrog\u00e9)<br \/>\n<\/strong><\/h4>\n<p style=\"text-align: justify;\"><strong>Article 13-7<\/strong><\/p>\n<p style=\"text-align: justify;\"><em>Modifi\u00e9 par <a href=\"https:\/\/www.legifrance.gouv.fr\/affichTexteArticle.do;jsessionid=FD5A8728F1BF567D1CC7B83951C3312C.tpdila19v_1?cidTexte=JORFTEXT000033934948&amp;idArticle=LEGIARTI000033938515&amp;dateTexte=20170128&amp;categorieLien=id#LEGIARTI000033938515\">LOI n\u00b02017-86 du 27 janvier 2017 &#8211; art. 124<\/a><\/em><br \/>\n<em>Abrog\u00e9 par <a class=\"liensArtResolu\" href=\"https:\/\/www.legifrance.gouv.fr\/affichTexteArticle.do;jsessionid=67764103CA349129FA2A97CA9DA11B18.tplgfr43s_2?cidTexte=JORFTEXT000037639478&amp;idArticle=LEGIARTI000037642447&amp;dateTexte=20181124&amp;categorieLien=id#LEGIARTI000037642447\">LOI n\u00b02018-1021 du 23 novembre 2018 &#8211; art. 151<\/a><\/em><\/p>\n<p style=\"text-align: justify;\"><a name=\"article13-8\"><\/a><strong>Article 13-8<\/strong><\/p>\n<p style=\"text-align: justify;\"><em>Historique des versions sur <a href=\"https:\/\/www.legifrance.gouv.fr\/affichTexteArticle.do;jsessionid=650ADAD54ACDF6E90EA2023B6FAF7DBF.tplgfr43s_2?idArticle=LEGIARTI000033974203&amp;cidTexte=JORFTEXT000000512228\">Legifrance<\/a><\/em><br \/>\n<em>Modifi\u00e9 par <a href=\"https:\/\/www.legifrance.gouv.fr\/affichTexteArticle.do;jsessionid=FD5A8728F1BF567D1CC7B83951C3312C.tpdila19v_1?cidTexte=JORFTEXT000033934948&amp;idArticle=LEGIARTI000033938515&amp;dateTexte=20170128&amp;categorieLien=id#LEGIARTI000033938515\">LOI n\u00b02017-86 du 27 janvier 2017 &#8211; art. 124<\/a><\/em><br \/>\n<em>Abrog\u00e9 par <a class=\"liensArtResolu\" href=\"https:\/\/www.legifrance.gouv.fr\/affichTexteArticle.do;jsessionid=67764103CA349129FA2A97CA9DA11B18.tplgfr43s_2?cidTexte=JORFTEXT000037639478&amp;idArticle=LEGIARTI000037642447&amp;dateTexte=20181124&amp;categorieLien=id#LEGIARTI000037642447\">LOI n\u00b02018-1021 du 23 novembre 2018 &#8211; art. 151<\/a><\/em><\/p>\n<p style=\"text-align: justify;\"><strong>Article 13-9<\/strong><\/p>\n<p style=\"text-align: justify;\"><em>Modifi\u00e9 par <a href=\"https:\/\/www.legifrance.gouv.fr\/affichTexteArticle.do;jsessionid=FD5A8728F1BF567D1CC7B83951C3312C.tpdila19v_1?cidTexte=JORFTEXT000033934948&amp;idArticle=LEGIARTI000033938515&amp;dateTexte=20170128&amp;categorieLien=id#LEGIARTI000033938515\">LOI n\u00b02017-86 du 27 janvier 2017 &#8211; art. 124<\/a><\/em><br \/>\n<em>Abrog\u00e9 par <a class=\"liensArtResolu\" href=\"https:\/\/www.legifrance.gouv.fr\/affichTexteArticle.do;jsessionid=67764103CA349129FA2A97CA9DA11B18.tplgfr43s_2?cidTexte=JORFTEXT000037639478&amp;idArticle=LEGIARTI000037642447&amp;dateTexte=20181124&amp;categorieLien=id#LEGIARTI000037642447\">LOI n\u00b02018-1021 du 23 novembre 2018 &#8211; art. 151<\/a><\/em><\/p>\n<p style=\"text-align: justify;\"><strong>Article 13-10<\/strong><\/p>\n<p style=\"text-align: justify;\"><em>Modifi\u00e9 par <a href=\"https:\/\/www.legifrance.gouv.fr\/affichTexteArticle.do;jsessionid=FD5A8728F1BF567D1CC7B83951C3312C.tpdila19v_1?cidTexte=JORFTEXT000033934948&amp;idArticle=LEGIARTI000033938515&amp;dateTexte=20170128&amp;categorieLien=id#LEGIARTI000033938515\">LOI n\u00b02017-86 du 27 janvier 2017 &#8211; art. 124<\/a><\/em><br \/>\n<em>Abrog\u00e9 par <a class=\"liensArtResolu\" href=\"https:\/\/www.legifrance.gouv.fr\/affichTexteArticle.do;jsessionid=67764103CA349129FA2A97CA9DA11B18.tplgfr43s_2?cidTexte=JORFTEXT000037639478&amp;idArticle=LEGIARTI000037642447&amp;dateTexte=20181124&amp;categorieLien=id#LEGIARTI000037642447\">LOI n\u00b02018-1021 du 23 novembre 2018 &#8211; art. 151<\/a><\/em><\/p>\n<h3 style=\"text-align: justify;\"><strong>Chapitre II : Du contr\u00f4le des activit\u00e9s de transaction et de gestion immobili\u00e8res (abrog\u00e9)<\/strong><\/h3>\n<h3 style=\"text-align: justify;\"><strong>Chapitre III : De la discipline des personnes exer\u00e7ant de mani\u00e8re habituelle des activit\u00e9s de transaction et de gestion immobili\u00e8res (abrog\u00e9)<\/strong><\/h3>\n<h3 style=\"text-align: justify;\"><strong>Titre II : Des incapacit\u00e9s. (abrog\u00e9)<\/strong><\/h3>\n<h2 style=\"text-align: justify;\"><strong>Titre III : Des sanctions p\u00e9nales et administratives.<\/strong><\/h2>\n<p style=\"text-align: justify;\"><a name=\"article14\"><\/a><strong>Article 14<\/strong><\/p>\n<p style=\"text-align: justify;\"><em>Modifi\u00e9 par <a class=\"liensArtResolu\" href=\"https:\/\/www.legifrance.gouv.fr\/affichTexteArticle.do;jsessionid=67764103CA349129FA2A97CA9DA11B18.tplgfr43s_2?cidTexte=JORFTEXT000037639478&amp;idArticle=LEGIARTI000037642457&amp;dateTexte=20181124&amp;categorieLien=id#LEGIARTI000037642457\">LOI n\u00b02018-1021 du 23 novembre 2018 &#8211; art. 156<\/a> <\/em><\/p>\n<p style=\"text-align: justify;\">Est puni de six mois d&#8217;emprisonnement et de 7 500 Euros d&rsquo;amende le fait :<\/p>\n<p style=\"text-align: justify;\"><strong>a)<\/strong> De se livrer ou pr\u00eater son concours, d&rsquo;une mani\u00e8re habituelle, m\u00eame \u00e0 titre accessoire, \u00e0 des op\u00e9rations vis\u00e9es \u00e0 l&rsquo;article 1er sans \u00eatre titulaire de la carte institu\u00e9e par l&rsquo;<a href=\"#article3\">article 3<\/a> ou apr\u00e8s l&rsquo;avoir restitu\u00e9e ou en ayant omis de la restituer apr\u00e8s injonction de l&rsquo;autorit\u00e9 administrative comp\u00e9tente ;<\/p>\n<p style=\"text-align: justify;\"><strong>a bis A)<\/strong> Pour toute personne d&rsquo;utiliser la d\u00e9nomination \u201c agent immobilier \u201d, \u201c syndic de copropri\u00e9t\u00e9 \u201d ou \u201c administrateur de biens \u201d sans \u00eatre titulaire de la carte institu\u00e9e par le m\u00eame <a href=\"#article3\">article 3<\/a> ;<\/p>\n<p style=\"text-align: justify;\"><strong>a bis)<\/strong> De se livrer ou de pr\u00eater son concours, d&rsquo;une mani\u00e8re habituelle, m\u00eame \u00e0 titre accessoire, \u00e0 des op\u00e9rations mentionn\u00e9es \u00e0 l&rsquo;<a href=\"#article1\">article 1er<\/a> en m\u00e9connaissance d&rsquo;une interdiction d\u00e9finitive ou temporaire d&rsquo;exercer, prononc\u00e9e en application de l&rsquo;<a href=\"#article13-8\">article 13-8<\/a>, et devenue d\u00e9finitive ;<\/p>\n<p style=\"text-align: justify;\"><strong>b)<\/strong> Pour toute personne qui assume la direction d&rsquo;un \u00e9tablissement, d&rsquo;une succursale, d&rsquo;une agence ou d&rsquo;un bureau, de n&rsquo;avoir pas effectu\u00e9 la d\u00e9claration pr\u00e9alable d&rsquo;activit\u00e9 pr\u00e9vue au onzi\u00e8me alin\u00e9a de l&rsquo;<a href=\"#article3\">article 3<\/a> ;<\/p>\n<p style=\"text-align: justify;\"><strong>c)<\/strong> Pour toute personne qui exerce les fonctions de repr\u00e9sentant l\u00e9gal ou statutaire d&rsquo;une personne morale, de se livrer ou de pr\u00eater son concours, m\u00eame \u00e0 titre accessoire, d&rsquo;une mani\u00e8re habituelle \u00e0 des op\u00e9rations vis\u00e9es \u00e0 l&rsquo;article 1er sans remplir ou en ayant cess\u00e9 de remplir les conditions pr\u00e9vues aux 1\u00b0 et 4\u00b0 de l&rsquo;<a href=\"#article3\">article 3<\/a> ;<\/p>\n<p style=\"text-align: justify;\"><strong>d)<\/strong> Pour toute personne mentionn\u00e9e \u00e0 l&rsquo;article 1er, de ne pas d\u00e9livrer \u00e0 ses clients les informations pr\u00e9vues \u00e0 l&rsquo;<a href=\"#article4-1\">article 4-1<\/a>.<\/p>\n<p style=\"text-align: justify;\">Est puni des m\u00eames peines le fait de n\u00e9gocier, s&rsquo;entremettre ou prendre des engagements pour le compte du titulaire d&rsquo;une carte professionnelle, sans y avoir \u00e9t\u00e9 habilit\u00e9 dans les conditions de l&rsquo;<a href=\"#article4\">article 4<\/a> ci-dessus.<\/p>\n<p style=\"text-align: justify;\"><a name=\"article15\"><\/a><strong>Article 15<\/strong><\/p>\n<p style=\"text-align: justify;\"><em>Modifi\u00e9 par <a href=\"https:\/\/www.legifrance.gouv.fr\/affichTexteArticle.do;jsessionid=FD5A8728F1BF567D1CC7B83951C3312C.tpdila19v_1?cidTexte=JORFTEXT000000252733&amp;idArticle=LEGIARTI000006917335&amp;dateTexte=20040702&amp;categorieLien=id#LEGIARTI000006917335\">Ordonnance n\u00b02004-634 du 1 juillet 2004 &#8211; art. 10 JORF 2 juillet 2004<\/a><\/em><br \/>\n<em>Modifi\u00e9 par <a href=\"https:\/\/www.legifrance.gouv.fr\/affichTexteArticle.do;jsessionid=FD5A8728F1BF567D1CC7B83951C3312C.tpdila19v_1?cidTexte=JORFTEXT000000252733&amp;idArticle=LEGIARTI000006276511&amp;dateTexte=20040702&amp;categorieLien=id#LEGIARTI000006276511\">Ordonnance n\u00b02004-634 du 1 juillet 2004 &#8211; art. 2 JORF 2 juillet 2004<\/a><\/em><\/p>\n<p style=\"text-align: justify;\">Est puni des peines pr\u00e9vues \u00e0 l&rsquo;<a href=\"https:\/\/www.legifrance.gouv.fr\/affichCodeArticle.do?cidTexte=LEGITEXT000006070719&amp;idArticle=LEGIARTI000006418191&amp;dateTexte=&amp;categorieLien=cid\">article 313-1 du code p\u00e9nal<\/a> le fait d&rsquo;exercer ou de tenter d&rsquo;exercer une activit\u00e9 professionnelle en violation de l&rsquo;incapacit\u00e9 r\u00e9sultant de l&rsquo;application des articles 9 \u00e0 12.<\/p>\n<p style=\"text-align: justify;\"><a name=\"article16\"><\/a><strong>Article 16<\/strong><\/p>\n<p style=\"text-align: justify;\"><em>Modifi\u00e9 par <a href=\"https:\/\/www.legifrance.gouv.fr\/affichTexteArticle.do;jsessionid=FD5A8728F1BF567D1CC7B83951C3312C.tpdila19v_1?cidTexte=JORFTEXT000000252733&amp;idArticle=LEGIARTI000006917335&amp;dateTexte=20040702&amp;categorieLien=id#LEGIARTI000006917335\">Ordonnance n\u00b02004-634 du 1 juillet 2004 &#8211; art. 10 JORF 2 juillet 2004<\/a><\/em><br \/>\n<em>Modifi\u00e9 par <a href=\"https:\/\/www.legifrance.gouv.fr\/affichTexteArticle.do;jsessionid=FD5A8728F1BF567D1CC7B83951C3312C.tpdila19v_1?cidTexte=JORFTEXT000000252733&amp;idArticle=LEGIARTI000006276511&amp;dateTexte=20040702&amp;categorieLien=id#LEGIARTI000006276511\">Ordonnance n\u00b02004-634 du 1 juillet 2004 &#8211; art. 2 JORF 2 juillet 2004<\/a><\/em><\/p>\n<p style=\"text-align: justify;\">Est puni de deux ans d&#8217;emprisonnement et de 30000 euros d&rsquo;amende le fait :<\/p>\n<p style=\"text-align: justify;\"><strong>1\u00b0<\/strong> De recevoir ou de d\u00e9tenir, \u00e0 quelque titre et de quelque mani\u00e8re que ce soit, \u00e0 l&rsquo;occasion d&rsquo;op\u00e9rations vis\u00e9es \u00e0 l&rsquo;article 1er, des sommes d&rsquo;argent, biens, effets ou valeurs quelconques :<\/p>\n<p style=\"text-align: justify;\"><strong>a)<\/strong> Soit en violation de l&rsquo;article 3 ;<\/p>\n<p style=\"text-align: justify;\"><strong>b)<\/strong> Soit en violation des conditions pr\u00e9vues par l&rsquo;article 5 pour la tenue des documents et la d\u00e9livrance des re\u00e7us lorsque ces documents et re\u00e7us sont l\u00e9galement requis ;<\/p>\n<p style=\"text-align: justify;\"><strong>2\u00b0<\/strong> D&rsquo;exiger ou d&rsquo;accepter des sommes d&rsquo;argent, biens, effets, ou valeurs quelconques, en infraction aux dispositions de l&rsquo;article 6.<\/p>\n<p style=\"text-align: justify;\"><a name=\"article17\"><\/a><strong>Article 17<\/strong><\/p>\n<p style=\"text-align: justify;\"><em>Modifi\u00e9 par <a href=\"https:\/\/www.legifrance.gouv.fr\/affichTexteArticle.do;jsessionid=FD5A8728F1BF567D1CC7B83951C3312C.tpdila19v_1?cidTexte=JORFTEXT000000252733&amp;idArticle=LEGIARTI000006917335&amp;dateTexte=20040702&amp;categorieLien=id#LEGIARTI000006917335\">Ordonnance n\u00b02004-634 du 1 juillet 2004 &#8211; art. 10 JORF 2 juillet 2004<\/a><\/em><br \/>\n<em>Modifi\u00e9 par <a href=\"https:\/\/www.legifrance.gouv.fr\/affichTexteArticle.do;jsessionid=FD5A8728F1BF567D1CC7B83951C3312C.tpdila19v_1?cidTexte=JORFTEXT000000252733&amp;idArticle=LEGIARTI000006276511&amp;dateTexte=20040702&amp;categorieLien=id#LEGIARTI000006276511\">Ordonnance n\u00b02004-634 du 1 juillet 2004 &#8211; art. 2 JORF 2 juillet 2004<\/a><\/em><\/p>\n<p style=\"text-align: justify;\">Est puni de six mois d&#8217;emprisonnement et de 7500 euros d&rsquo;amende le fait de mettre obstacle \u00e0 l&rsquo;exercice de la mission des agents publics charg\u00e9s du contr\u00f4le en refusant de leur communiquer les documents r\u00e9clam\u00e9s, notamment les documents bancaires ou comptables ainsi que les mandats \u00e9crits.<\/p>\n<p style=\"text-align: justify;\"><a name=\"article17-1\"><\/a><strong>Article 17-1<\/strong><\/p>\n<p style=\"text-align: justify;\"><em>Modifi\u00e9 par <a href=\"https:\/\/www.legifrance.gouv.fr\/affichTexteArticle.do;jsessionid=FD5A8728F1BF567D1CC7B83951C3312C.tpdila19v_1?cidTexte=JORFTEXT000032209352&amp;idArticle=LEGIARTI000032216161&amp;dateTexte=20160316&amp;categorieLien=id#LEGIARTI000032216161\">Ordonnance n\u00b02016-301 du 14 mars 2016 &#8211; art. 26<\/a><\/em><\/p>\n<p style=\"text-align: justify;\">Est sanctionn\u00e9 par une amende administrative, prononc\u00e9e par l&rsquo;autorit\u00e9 administrative charg\u00e9e de la concurrence et de la consommation, dont le montant ne peut exc\u00e9der 15 000 \u20ac pour une personne physique et 75 000 \u20ac pour une personne morale, dans les conditions pr\u00e9vues au chapitre II du titre II du livre V du code de la consommation, le fait, pour une personne mentionn\u00e9e \u00e0 l&rsquo;article 1er de la pr\u00e9sente loi et exer\u00e7ant l&rsquo;activit\u00e9 mentionn\u00e9e au 1\u00b0 de ce m\u00eame article, de mettre en location aux fins d&rsquo;habitation des locaux frapp\u00e9s d&rsquo;un arr\u00eat\u00e9 d&rsquo;insalubrit\u00e9 pris en application des <a href=\"https:\/\/www.legifrance.gouv.fr\/affichCodeArticle.do?cidTexte=LEGITEXT000006072665&amp;idArticle=LEGIARTI000006686551&amp;dateTexte=&amp;categorieLien=cid\">articles L. 1331-22<\/a>, <a href=\"https:\/\/www.legifrance.gouv.fr\/affichCodeArticle.do?cidTexte=LEGITEXT000006072665&amp;idArticle=LEGIARTI000006686564&amp;dateTexte=&amp;categorieLien=cid\">L. 1331-25<\/a>, <a href=\"https:\/\/www.legifrance.gouv.fr\/affichCodeArticle.do?cidTexte=LEGITEXT000006072665&amp;idArticle=LEGIARTI000006686819&amp;dateTexte=&amp;categorieLien=cid\">L. 1331-26-1 <\/a>ou <a href=\"https:\/\/www.legifrance.gouv.fr\/affichCodeArticle.do?cidTexte=LEGITEXT000006072665&amp;idArticle=LEGIARTI000006686584&amp;dateTexte=&amp;categorieLien=cid\">L. 1331-28 <\/a>du code de la sant\u00e9 publique ou d&rsquo;un arr\u00eat\u00e9 de p\u00e9ril pris en application des <a href=\"https:\/\/www.legifrance.gouv.fr\/affichCodeArticle.do?cidTexte=LEGITEXT000006074096&amp;idArticle=LEGIARTI000006825761&amp;dateTexte=&amp;categorieLien=cid\">articles L. 511-1 et suivants<\/a> du code de la construction et de l&rsquo;habitation. Le repr\u00e9sentant de l&rsquo;Etat dans le d\u00e9partement ou le maire transmet \u00e0 l&rsquo;autorit\u00e9 administrative charg\u00e9e de la concurrence et de la consommation, \u00e0 sa demande, les mesures de police arr\u00eat\u00e9es permettant de caract\u00e9riser le manquement.<\/p>\n<p style=\"text-align: justify;\"><a name=\"article17-2\"><\/a><strong>Article 17-2<\/strong><\/p>\n<p style=\"text-align: justify;\"><em>Modifi\u00e9 par <a href=\"https:\/\/www.legifrance.gouv.fr\/affichTexteArticle.do;jsessionid=FD5A8728F1BF567D1CC7B83951C3312C.tpdila19v_1?cidTexte=JORFTEXT000030978561&amp;idArticle=LEGIARTI000030981877&amp;dateTexte=20150807&amp;categorieLien=id#LEGIARTI000030981877\">LOI n\u00b02015-990 du 6 ao\u00fbt 2015 &#8211; art. 210<\/a><\/em><\/p>\n<p style=\"text-align: justify;\">Est puni de la peine d&rsquo;amende pr\u00e9vue au 5\u00b0 de l&rsquo;article 131-13 du code p\u00e9nal le fait, pour un agent commercial, d&rsquo;effectuer une publicit\u00e9 en violation de l&rsquo;article 6-2 ainsi que le fait de ne pas respecter l&rsquo;obligation de mentionner le statut d&rsquo;agent commercial pr\u00e9vue au m\u00eame article.<\/p>\n<p style=\"text-align: justify;\"><a name=\"article18\"><\/a><strong>Article 18<\/strong><\/p>\n<p style=\"text-align: justify;\"><em>Modifi\u00e9 par <a href=\"https:\/\/www.legifrance.gouv.fr\/affichTexteArticle.do?cidTexte=JORFTEXT000000252733&amp;idArticle=LEGIARTI000006917335&amp;dateTexte=20040702&amp;categorieLien=id#LEGIARTI000006917335\">Ordonnance n\u00b02004-634 du 1 juillet 2004 &#8211; art. 10 JORF 2 juillet 2004<\/a><\/em><br \/>\n<em>Modifi\u00e9 par <a href=\"https:\/\/www.legifrance.gouv.fr\/affichTexteArticle.do;jsessionid=FD5A8728F1BF567D1CC7B83951C3312C.tpdila19v_1?cidTexte=JORFTEXT000000252733&amp;idArticle=LEGIARTI000006276511&amp;dateTexte=20040702&amp;categorieLien=id#LEGIARTI000006276511\">Ordonnance n\u00b02004-634 du 1 juillet 2004 &#8211; art. 2 JORF 2 juillet 2004<\/a><\/em><\/p>\n<p style=\"text-align: justify;\">Les personnes morales peuvent \u00eatre d\u00e9clar\u00e9es responsables p\u00e9nalement, dans les conditions pr\u00e9vues par l&rsquo;<a href=\"https:\/\/www.legifrance.gouv.fr\/affichCodeArticle.do?cidTexte=LEGITEXT000006070719&amp;idArticle=LEGIARTI000006417202\">article 121-2<\/a> du code p\u00e9nal, des infractions d\u00e9finies aux <a href=\"#article14\">articles 14<\/a>, <a href=\"#article15\">15<\/a>, <a href=\"#article16\">16<\/a> et <a href=\"#article17\">17<\/a>.<\/p>\n<p style=\"text-align: justify;\">Les peines encourues par les personnes morales sont les suivantes :<\/p>\n<p style=\"text-align: justify;\"><strong>1\u00b0<\/strong> L&rsquo;amende, suivant les modalit\u00e9s pr\u00e9vues par l&rsquo;<a href=\"https:\/\/www.legifrance.gouv.fr\/affichCodeArticle.do?cidTexte=LEGITEXT000006070719&amp;idArticle=LEGIARTI000006417333\">article 131-38<\/a> du code p\u00e9nal ;<\/p>\n<p style=\"text-align: justify;\"><strong>2\u00b0<\/strong> Les peines mentionn\u00e9es \u00e0 l&rsquo;<a href=\"https:\/\/www.legifrance.gouv.fr\/affichCodeArticle.do;jsessionid=69B8BCE84D0A41B610D08837930A29B9.tplgfr43s_2?idArticle=LEGIARTI000029236660&amp;cidTexte=LEGITEXT000006070719\">article 131-39<\/a> du m\u00eame code.<\/p>\n<p style=\"text-align: justify;\">L&rsquo;interdiction mentionn\u00e9e au 2\u00b0 de ce dernier article a pour objet l&rsquo;activit\u00e9 qui a donn\u00e9 lieu \u00e0 l&rsquo;infraction, que cette derni\u00e8re ait \u00e9t\u00e9 commise dans l&rsquo;exercice de l&rsquo;activit\u00e9 ou \u00e0 l&rsquo;occasion de cet exercice.<\/p>\n<h3 style=\"text-align: justify;\"><strong>Titre III : Des sanctions. (abrog\u00e9)<\/strong><\/h3>\n<h2 style=\"text-align: justify;\"><strong>Titre IV : Dispositions diverses.<\/strong><\/h2>\n<p style=\"text-align: justify;\"><a name=\"article19\"><\/a><strong>Article 19<\/strong><\/p>\n<p style=\"text-align: justify;\"><em>Modifi\u00e9 par <a href=\"https:\/\/www.legifrance.gouv.fr\/affichTexteArticle.do;jsessionid=FD5A8728F1BF567D1CC7B83951C3312C.tpdila19v_1?cidTexte=JORFTEXT000000252733&amp;idArticle=LEGIARTI000006917353&amp;dateTexte=20040702&amp;categorieLien=id#LEGIARTI000006917353\">Ordonnance n\u00b02004-634 du 1 juillet 2004 &#8211; art. 11 JORF 2 juillet 2004<\/a><\/em><\/p>\n<p style=\"text-align: justify;\">Les conditions d&rsquo;application de la pr\u00e9sente loi seront fix\u00e9es par un d\u00e9cret en Conseil d\u2019\u00c9tat.<\/p>\n<p style=\"text-align: justify;\"><a name=\"article19-1\"><\/a><strong>Article 19-1<\/strong><\/p>\n<p style=\"text-align: justify;\"><em>Cr\u00e9\u00e9 par <a href=\"https:\/\/www.legifrance.gouv.fr\/affichTexteArticle.do;jsessionid=FD5A8728F1BF567D1CC7B83951C3312C.tpdila19v_1?cidTexte=JORFTEXT000017733142&amp;idArticle=LEGIARTI000017847844&amp;dateTexte=20071222&amp;categorieLien=id#LEGIARTI000017847844\">Ordonnance n\u00b02007-1801 du 21 d\u00e9cembre 2007 &#8211; art. 13<\/a><\/em><\/p>\n<p style=\"text-align: justify;\">Les dispositions de la pr\u00e9sente loi entrent en vigueur \u00e0 Mayotte \u00e0 compter du 1er janvier 2009.<\/p>\n<p style=\"text-align: justify;\"><a name=\"article20\"><\/a><strong>Article 20<\/strong><\/p>\n<p style=\"text-align: justify;\"><em>Cr\u00e9\u00e9 par <a href=\"https:\/\/www.legifrance.gouv.fr\/affichTexteArticle.do;jsessionid=FD5A8728F1BF567D1CC7B83951C3312C.tpdila19v_1?cidTexte=JORFTEXT000000238980&amp;idArticle=LEGIARTI000006826093&amp;dateTexte=20060716&amp;categorieLien=id#LEGIARTI000006826093\">Loi n\u00b02006-872 du 13 juillet 2006 &#8211; art. 100 JORF 16 juillet 2006<\/a><\/em><\/p>\n<p style=\"text-align: justify;\">Les personnes physiques et les repr\u00e9sentants l\u00e9gaux ou statutaires d&rsquo;une personne morale titulaires d&rsquo;une carte professionnelle vis\u00e9e \u00e0 l&rsquo;article 3 et d\u00e9livr\u00e9e au plus tard le 31 d\u00e9cembre 2005 sont r\u00e9put\u00e9s justifier de l&rsquo;aptitude professionnelle pr\u00e9vue au 1\u00b0 de l&rsquo;article 3 \u00e0 compter du 1er janvier 2006.<\/p>\n<p style=\"text-align: justify;\"><a href=\"#haut\">Haut de la page<\/a><\/p>\n<p style=\"text-align: justify;\"><script>\n  (function(i,s,o,g,r,a,m){i['GoogleAnalyticsObject']=r;i[r]=i[r]||function(){\n  (i[r].q=i[r].q||[]).push(arguments)},i[r].l=1*new Date();a=s.createElement(o),\n  m=s.getElementsByTagName(o)[0];a.async=1;a.src=g;m.parentNode.insertBefore(a,m)\n  })(window,document,'script','https:\/\/www.google-analytics.com\/analytics.js','ga');<\/p>\n<p>  ga('create', 'UA-86840833-1', 'auto');\n  ga('send', 'pageview');<\/p>\n<p><\/script><\/p>\n","protected":false},"excerpt":{"rendered":"<p>Loi n\u00b0 70-9 du 2 janvier 1970 r\u00e9glementant les conditions d&rsquo;exercice des activit\u00e9s relatives \u00e0 certaines op\u00e9rations portant sur les immeubles et les fonds de commerce Version consolid\u00e9e au 15 <a class=\"more-link\" href=\"http:\/\/www.coowma.com\/fr\/loi-2-janvier-1970-conditions-exercice-activites-operations-immobilieres\/\">Continue Reading &rarr;<\/a><\/p>\n","protected":false},"author":1,"featured_media":1406,"parent":0,"menu_order":0,"comment_status":"closed","ping_status":"closed","template":"","meta":{"footnotes":""},"class_list":["post-533","page","type-page","status-publish","has-post-thumbnail","hentry"],"_links":{"self":[{"href":"http:\/\/www.coowma.com\/fr\/wp-json\/wp\/v2\/pages\/533","targetHints":{"allow":["GET"]}}],"collection":[{"href":"http:\/\/www.coowma.com\/fr\/wp-json\/wp\/v2\/pages"}],"about":[{"href":"http:\/\/www.coowma.com\/fr\/wp-json\/wp\/v2\/types\/page"}],"author":[{"embeddable":true,"href":"http:\/\/www.coowma.com\/fr\/wp-json\/wp\/v2\/users\/1"}],"replies":[{"embeddable":true,"href":"http:\/\/www.coowma.com\/fr\/wp-json\/wp\/v2\/comments?post=533"}],"version-history":[{"count":0,"href":"http:\/\/www.coowma.com\/fr\/wp-json\/wp\/v2\/pages\/533\/revisions"}],"wp:featuredmedia":[{"embeddable":true,"href":"http:\/\/www.coowma.com\/fr\/wp-json\/wp\/v2\/media\/1406"}],"wp:attachment":[{"href":"http:\/\/www.coowma.com\/fr\/wp-json\/wp\/v2\/media?parent=533"}],"curies":[{"name":"wp","href":"https:\/\/api.w.org\/{rel}","templated":true}]}}