{"id":873,"date":"2017-09-23T23:04:24","date_gmt":"2017-09-23T21:04:24","guid":{"rendered":"http:\/\/www.coowma.com\/fr\/?page_id=873"},"modified":"2018-02-22T16:29:01","modified_gmt":"2018-02-22T15:29:01","slug":"loi-90-449-31-mai-1990-mise-en-oeuvre-droit-logement","status":"publish","type":"page","link":"http:\/\/www.coowma.com\/fr\/loi-90-449-31-mai-1990-mise-en-oeuvre-droit-logement\/","title":{"rendered":"Loi 90-449 du 31 mai 1990"},"content":{"rendered":"<p style=\"text-align: center;\"><a name=\"haut\"><\/a><strong>Loi n\u00b0 90-449 du 31 mai 1990 visant \u00e0 la mise en \u0153uvre du droit au logement<\/strong><\/p>\n<p style=\"text-align: center;\"><span style=\"color: #999999;\">Version consolid\u00e9e au 1er janvier 2018<\/span><br \/>\n<span style=\"color: #999999;\">(Derni\u00e8re modification : 1 janvier 2018)<\/span><br \/>\n<span style=\"color: #999999;\">Mise en ligne le 7 janvier 2018<\/span><br \/>\n<span style=\"color: #999999;\">Version courante sur<\/span> <a href=\"https:\/\/www.legifrance.gouv.fr\/affichTexte.do?cidTexte=LEGITEXT000006075926\">Legifrance<\/a><\/p>\n<p style=\"text-align: justify;\"><strong><span style=\"color: #00e6c8;\">Article 1<\/span><\/strong><\/p>\n<ul style=\"text-align: justify;\">\n<li><span style=\"color: #999999;\">Modifi\u00e9 par <\/span><a href=\"https:\/\/www.legifrance.gouv.fr\/affichTexteArticle.do;jsessionid=0DBC8C6CA23314CC72DD6F57C74B14C4.tpdila15v_3?cidTexte=JORFTEXT000000804607&amp;idArticle=LEGIARTI000006399668&amp;dateTexte=20040817&amp;categorieLien=id#LEGIARTI000006399668\">Loi n\u00b02004-809 du 13 ao\u00fbt 2004 &#8211; art. 65 (V) JORF 17 ao\u00fbt 2004 en vigueur le 1er janvier 2005<\/a><\/li>\n<\/ul>\n<p style=\"text-align: justify;\">Garantir le droit au logement constitue un devoir de solidarit\u00e9 pour l&rsquo;ensemble de la nation.<\/p>\n<p style=\"text-align: justify;\">Toute personne ou famille \u00e9prouvant des difficult\u00e9s particuli\u00e8res, en raison notamment de l&rsquo;inadaptation de ses ressources ou de ses conditions d&rsquo;existence, a droit \u00e0 une aide de la collectivit\u00e9, dans les conditions fix\u00e9es par la pr\u00e9sente loi, pour acc\u00e9der \u00e0 un logement d\u00e9cent et ind\u00e9pendant ou s&rsquo;y maintenir et pour y disposer de la fourniture d&rsquo;eau, d&rsquo;\u00e9nergie et de services t\u00e9l\u00e9phoniques.<\/p>\n<p style=\"text-align: justify;\">Le Conseil national de l&rsquo;habitat est charg\u00e9 d&rsquo;\u00e9tablir chaque ann\u00e9e un bilan de l&rsquo;action engag\u00e9e qui est rendu public.<\/p>\n<p style=\"text-align: justify;\"><strong><span style=\"color: #00e6c8;\">Article 1-1<\/span><\/strong><\/p>\n<ul style=\"text-align: justify;\">\n<li><span style=\"color: #999999;\">Cr\u00e9\u00e9 par<\/span> <a href=\"https:\/\/www.legifrance.gouv.fr\/affichTexteArticle.do;jsessionid=0DBC8C6CA23314CC72DD6F57C74B14C4.tpdila15v_3?cidTexte=JORFTEXT000028772256&amp;idArticle=LEGIARTI000028776142&amp;dateTexte=20140326&amp;categorieLien=id#LEGIARTI000028776142\">LOI n\u00b0 2014-366 du 24 mars 2014 &#8211; art. 34 (V)<\/a><\/li>\n<\/ul>\n<p style=\"text-align: justify;\">Constituent un habitat indigne les locaux ou les installations utilis\u00e9s aux fins d&rsquo;habitation et impropres par nature \u00e0 cet usage, ainsi que les logements dont l&rsquo;\u00e9tat, ou celui du b\u00e2timent dans lequel ils sont situ\u00e9s, expose les occupants \u00e0 des risques manifestes pouvant porter atteinte \u00e0 leur s\u00e9curit\u00e9 physique ou \u00e0 leur sant\u00e9.<\/p>\n<p style=\"text-align: justify;\">Sont constitutifs d&rsquo;un habitat informel les locaux ou les installations \u00e0 usage d&rsquo;habitation \u00e9difi\u00e9s majoritairement sans droit ni titre sur le terrain d&rsquo;assiette, d\u00e9nu\u00e9s d&rsquo;alimentation en eau potable ou de r\u00e9seaux de collecte des eaux us\u00e9es et des eaux pluviales, ou de voiries ou d&rsquo;\u00e9quipements collectifs propres \u00e0 en assurer la desserte, la salubrit\u00e9 et la s\u00e9curit\u00e9 dans des conditions satisfaisantes.<\/p>\n<p style=\"text-align: justify;\">Est en situation de pr\u00e9carit\u00e9 \u00e9nerg\u00e9tique au titre de la pr\u00e9sente loi une personne qui \u00e9prouve dans son logement des difficult\u00e9s particuli\u00e8res \u00e0 disposer de la fourniture d&rsquo;\u00e9nergie n\u00e9cessaire \u00e0 la satisfaction de ses besoins \u00e9l\u00e9mentaires en raison de l&rsquo;inadaptation de ses ressources ou de ses conditions d&rsquo;habitat.<\/p>\n<p style=\"text-align: justify;\"><span style=\"color: #00e6c8;\"><strong>CHAPITRE Ier : Des plans d\u00e9partementaux d&rsquo;action pour le logement et l&rsquo;h\u00e9bergement des personnes d\u00e9favoris\u00e9es.<\/strong><\/span><\/p>\n<p style=\"text-align: justify;\"><strong><span style=\"color: #00e6c8;\">Article 2<\/span><\/strong><\/p>\n<ul style=\"text-align: justify;\">\n<li><span style=\"color: #999999;\">Modifi\u00e9 par<\/span> <a href=\"https:\/\/www.legifrance.gouv.fr\/affichTexteArticle.do;jsessionid=0DBC8C6CA23314CC72DD6F57C74B14C4.tpdila15v_3?cidTexte=JORFTEXT000033934948&amp;idArticle=LEGIARTI000033938133&amp;dateTexte=20170128&amp;categorieLien=id#LEGIARTI000033938133\">LOI n\u00b02017-86 du 27 janvier 2017 &#8211; art. 147<\/a><\/li>\n<\/ul>\n<p style=\"text-align: justify;\">Le plan d\u00e9partemental d&rsquo;action pour le logement et l&rsquo;h\u00e9bergement des personnes d\u00e9favoris\u00e9es comprend les mesures destin\u00e9es \u00e0 permettre aux personnes et aux familles mentionn\u00e9es au II de <a href=\"https:\/\/www.legifrance.gouv.fr\/affichCodeArticle.do?cidTexte=LEGITEXT000006074096&amp;idArticle=LEGIARTI000006824681&amp;dateTexte=&amp;categorieLien=cid\">l&rsquo;article L. 301-1 <\/a>du code de la construction et de l&rsquo;habitation d&rsquo;acc\u00e9der \u00e0 un logement d\u00e9cent et ind\u00e9pendant ou de s&rsquo;y maintenir et d&rsquo;y disposer de la fourniture d&rsquo;eau, d&rsquo;\u00e9nergie et de services t\u00e9l\u00e9phoniques, ainsi que de pouvoir b\u00e9n\u00e9ficier, le temps n\u00e9cessaire, si elles le souhaitent, d&rsquo;un accompagnement correspondant \u00e0 leurs besoins.<\/p>\n<p style=\"text-align: justify;\">Ce plan inclut les mesures compl\u00e9mentaires destin\u00e9es \u00e0 r\u00e9pondre aux besoins en h\u00e9bergement des personnes et familles relevant du dispositif d&rsquo;accueil, d&rsquo;h\u00e9bergement et d&rsquo;accompagnement vers l&rsquo;insertion et le logement, conform\u00e9ment aux articles L. 312-5-3, <a href=\"https:\/\/www.legifrance.gouv.fr\/affichCodeArticle.do?cidTexte=LEGITEXT000006074069&amp;idArticle=LEGIARTI000020444502&amp;dateTexte=&amp;categorieLien=cid\">L. 345-2-2 et L. 345-2-3 <\/a>du code de l&rsquo;action sociale et des familles, ainsi qu&rsquo;aux besoins des personnes et familles prises en charge dans les \u00e9tablissements ou par les services relevant du sch\u00e9ma d&rsquo;organisation sociale et m\u00e9dico-sociale pr\u00e9vu \u00e0 <a href=\"https:\/\/www.legifrance.gouv.fr\/affichCodeArticle.do?cidTexte=LEGITEXT000006074069&amp;idArticle=LEGIARTI000006797403&amp;dateTexte=&amp;categorieLien=cid\">l&rsquo;article L. 312-4 <\/a>du m\u00eame code. A cette fin, il couvre le dispositif de veille sociale mentionn\u00e9 \u00e0 <a href=\"https:\/\/www.legifrance.gouv.fr\/affichCodeArticle.do?cidTexte=LEGITEXT000006074069&amp;idArticle=LEGIARTI000006797712&amp;dateTexte=&amp;categorieLien=cid\">l&rsquo;article L. 345-2 <\/a>du m\u00eame code.<\/p>\n<p style=\"text-align: justify;\">Ce plan inclut une annexe, transmise par le repr\u00e9sentant de l&rsquo;Etat dans le d\u00e9partement, comportant le sch\u00e9ma r\u00e9gional d&rsquo;accueil des demandeurs d&rsquo;asile ainsi que les modalit\u00e9s de son suivi.<\/p>\n<p style=\"text-align: justify;\">Il comprend les mesures destin\u00e9es \u00e0 r\u00e9pondre aux besoins d&rsquo;accompagnement social, d&rsquo;actions d&rsquo;adaptation \u00e0 la vie active et d&rsquo;insertion professionnelle des personnes et familles mentionn\u00e9es au premier alin\u00e9a du pr\u00e9sent article.<\/p>\n<p style=\"text-align: justify;\">Il comprend \u00e9galement des mesures destin\u00e9es \u00e0 lutter contre la pr\u00e9carit\u00e9 \u00e9nerg\u00e9tique.<\/p>\n<p style=\"text-align: justify;\">Il inclut une annexe, arr\u00eat\u00e9e par le repr\u00e9sentant de l\u2019\u00c9tat dans le d\u00e9partement, comportant le sch\u00e9ma d\u00e9partemental de la domiciliation ainsi que les modalit\u00e9s de son suivi et de coordination des acteurs.<\/p>\n<p style=\"text-align: justify;\">Une commission du comit\u00e9 r\u00e9gional de l&rsquo;habitat et de l&rsquo;h\u00e9bergement pr\u00e9vu \u00e0 <a href=\"https:\/\/www.legifrance.gouv.fr\/affichCode.do?idSectionTA=LEGISCTA000028807156&amp;cidTexte=LEGITEXT000006074096\">l&rsquo;article L. 364-1<\/a> du code de la construction et de l&rsquo;habitation est charg\u00e9e d&rsquo;assurer la coordination des plans d\u00e9partementaux d&rsquo;action pour le logement et l&rsquo;h\u00e9bergement des personnes d\u00e9favoris\u00e9es ainsi que leur \u00e9valuation, y compris \u00e0 mi-parcours. Sa composition est fix\u00e9e par d\u00e9cret en Conseil d\u2019\u00c9tat.<\/p>\n<p style=\"text-align: justify;\"><span style=\"color: #00e6c8;\"><strong><a name=\"article3\"><\/a>Article 3<\/strong><\/span><\/p>\n<ul style=\"text-align: justify;\">\n<li><span style=\"color: #999999;\">Modifi\u00e9 par<\/span> <a href=\"https:\/\/www.legifrance.gouv.fr\/affichTexteArticle.do;jsessionid=0DBC8C6CA23314CC72DD6F57C74B14C4.tpdila15v_3?cidTexte=JORFTEXT000033440998&amp;idArticle=LEGIARTI000033456931&amp;dateTexte=20161122&amp;categorieLien=id#LEGIARTI000033456931\">Ordonnance n\u00b02016-1562 du 21 novembre 2016 &#8211; art. 16<\/a><\/li>\n<\/ul>\n<p style=\"text-align: justify;\">Le plan d\u00e9partemental est \u00e9labor\u00e9 et mis en \u0153uvre par l\u2019\u00c9tat et le d\u00e9partement, ou, en Corse, par l\u2019\u00c9tat et la collectivit\u00e9 de Corse. Ils constituent \u00e0 cette fin un comit\u00e9 responsable du plan, copr\u00e9sid\u00e9 par le repr\u00e9sentant de l\u2019\u00c9tat dans le d\u00e9partement et le pr\u00e9sident du conseil d\u00e9partemental, ou, en Corse, par le repr\u00e9sentant de l\u2019\u00c9tat dans le d\u00e9partement et par le pr\u00e9sident du conseil ex\u00e9cutif, qui en nomment conjointement les membres.<\/p>\n<p style=\"text-align: justify;\">Le comit\u00e9 responsable du plan associe \u00e0 l&rsquo;\u00e9laboration du plan des repr\u00e9sentants des communes ou de leurs groupements et des autres personnes morales concern\u00e9es, notamment les associations dont l&rsquo;un des objets est la lutte contre les exclusions, l&rsquo;insertion ou le logement des personnes d\u00e9favoris\u00e9es et les associations de d\u00e9fense des personnes en situation d&rsquo;exclusion par le logement, les organismes qui exercent des activit\u00e9s de ma\u00eetrise d&rsquo;ouvrage, des activit\u00e9s d&rsquo;ing\u00e9nierie sociale, financi\u00e8re et technique et des activit\u00e9s d&rsquo;interm\u00e9diation locative et de gestion locative sociale disposant des agr\u00e9ments d\u00e9finis aux articles <a href=\"https:\/\/www.legifrance.gouv.fr\/affichCode.do?idSectionTA=LEGISCTA000006159057&amp;cidTexte=LEGITEXT000006074096\">L. 365-2 \u00e0 L. 365-4 <\/a>du code de la construction et de l&rsquo;habitation, les caisses d&rsquo;allocations familiales, les caisses de mutualit\u00e9 sociale agricole, les distributeurs d&rsquo;eau et les fournisseurs d&rsquo;\u00e9nergie, les op\u00e9rateurs de services t\u00e9l\u00e9phoniques, les bailleurs publics ou priv\u00e9s, les collecteurs de la participation des employeurs \u00e0 l&rsquo;effort de construction, ainsi que des personnes mentionn\u00e9es au premier alin\u00e9a de l&rsquo;article 2 de la pr\u00e9sente loi. Il peut \u00e9galement les associer \u00e0 la mise en \u0153uvre du plan et confier pour partie celle-ci \u00e0 des instances locales, en tenant compte du p\u00e9rim\u00e8tre des \u00e9tablissements publics de coop\u00e9ration intercommunale comp\u00e9tents en mati\u00e8re d&rsquo;habitat.<\/p>\n<p style=\"text-align: justify;\">Le comit\u00e9 responsable du plan dispose de tous les \u00e9l\u00e9ments d&rsquo;information relatifs aux demandes enregistr\u00e9es dans le syst\u00e8me national d&rsquo;enregistrement pr\u00e9vu \u00e0 l&rsquo;article <a href=\"https:\/\/www.legifrance.gouv.fr\/affichCode.do?idSectionTA=LEGISCTA000006176320&amp;cidTexte=LEGITEXT000006074096\">L. 441-2-1<\/a> du m\u00eame code.<\/p>\n<p style=\"text-align: justify;\">Les autorit\u00e9s publiques comp\u00e9tentes et les organismes payeurs des aides personnelles au logement transmettent au comit\u00e9 responsable du plan les mesures de police arr\u00eat\u00e9es et les constats de non-d\u00e9cence effectu\u00e9s ainsi que l&rsquo;identification des logements, installations et locaux rep\u00e9r\u00e9s comme indignes et non d\u00e9cents.<\/p>\n<p style=\"text-align: justify;\">Le comit\u00e9 responsable du plan met en place un observatoire des logements indignes et des locaux impropres \u00e0 l&rsquo;habitation, des logements consid\u00e9r\u00e9s comme non d\u00e9cents \u00e0 la suite d&rsquo;un contr\u00f4le des organismes payeurs des aides personnelles au logement ainsi que des terrains supportant un habitat informel et des secteurs d&rsquo;habitat informel, notamment en Guadeloupe, en Guyane, en Martinique, \u00e0 Mayotte et \u00e0 La R\u00e9union, afin d&rsquo;\u00e9laborer les actions de r\u00e9sorption correspondantes. Y figurent les noms des propri\u00e9taires tels qu&rsquo;ils figurent au fichier immobilier ou au livre foncier.<\/p>\n<p style=\"text-align: justify;\">Afin de mettre en \u0153uvre la politique de lutte contre l&rsquo;habitat indigne, les comit\u00e9s transmettent chaque ann\u00e9e au ministre charg\u00e9 du logement et, pour la Guadeloupe, la Guyane, la Martinique, Mayotte et La R\u00e9union, au ministre charg\u00e9 de l&rsquo;outre-mer les donn\u00e9es statistiques agr\u00e9g\u00e9es relatives au stock de locaux, installations ou logements figurant dans l&rsquo;observatoire ainsi que le nombre de situations trait\u00e9es au cours de l&rsquo;ann\u00e9e.<\/p>\n<p style=\"text-align: justify;\">Le comit\u00e9 responsable du plan \u00e9met un avis sur les accords pr\u00e9vus aux articles L. 441-1-1 et L. 441-1-2 du code de la construction et de l&rsquo;habitation.<\/p>\n<p style=\"text-align: justify;\"><strong><span style=\"color: #00e6c8;\"><a name=\"article4\"><\/a>Article 4<\/span><\/strong><\/p>\n<ul style=\"text-align: justify;\">\n<li><span style=\"color: #999999;\">Modifi\u00e9 par<\/span> <a href=\"https:\/\/www.legifrance.gouv.fr\/affichTexteArticle.do;jsessionid=0DBC8C6CA23314CC72DD6F57C74B14C4.tpdila15v_3?cidTexte=JORFTEXT000033934948&amp;idArticle=LEGIARTI000033938133&amp;dateTexte=20170128&amp;categorieLien=id#LEGIARTI000033938133\">LOI n\u00b02017-86 du 27 janvier 2017 &#8211; art. 147<\/a><\/li>\n<li><span style=\"color: #999999;\">Modifi\u00e9 par<\/span> <a href=\"https:\/\/www.legifrance.gouv.fr\/affichTexteArticle.do;jsessionid=0DBC8C6CA23314CC72DD6F57C74B14C4.tpdila15v_3?cidTexte=JORFTEXT000033934948&amp;idArticle=LEGIARTI000033938289&amp;dateTexte=20170128&amp;categorieLien=id#LEGIARTI000033938289\">LOI n\u00b02017-86 du 27 janvier 2017 &#8211; art. 70 (V)<\/a><\/li>\n<\/ul>\n<p style=\"text-align: justify;\"><strong>I.<\/strong> &#8211; Le plan d\u00e9partemental est \u00e9tabli pour une dur\u00e9e maximale de six ans. Il est r\u00e9vis\u00e9 selon les modalit\u00e9s pr\u00e9vues pour son \u00e9laboration.<\/p>\n<p style=\"text-align: justify;\"><strong>II.<\/strong> &#8211; Le plan d\u00e9partemental est fond\u00e9 sur une \u00e9valuation des besoins des personnes mentionn\u00e9es \u00e0 l&rsquo;article 2 de la pr\u00e9sente loi, quelle que soit la forme de leur habitat, notamment celles, qui b\u00e9n\u00e9ficient d&rsquo;une d\u00e9cision favorable mentionn\u00e9e \u00e0 l&rsquo;article L. 441-2-3 et celles qui sont prioritaires en application de <a href=\"https:\/\/www.legifrance.gouv.fr\/affichCodeArticle.do?cidTexte=LEGITEXT000006074096&amp;idArticle=LEGIARTI000006825388&amp;dateTexte=&amp;categorieLien=cid\">l&rsquo;article L. 441-1 <\/a>du code de la construction et de l&rsquo;habitation, auxquelles priorit\u00e9 doit \u00eatre donn\u00e9e pour l&rsquo;attribution de logements. Il \u00e9value \u00e9galement les besoins des personnes dont la difficult\u00e9 d&rsquo;acc\u00e8s ou de maintien dans un logement provient de difficult\u00e9s financi\u00e8res ou du cumul de difficult\u00e9s financi\u00e8res et de difficult\u00e9s d&rsquo;insertion sociale. Il prend \u00e9galement en compte les besoins des personnes victimes de violences au sein de leur couple ou de leur famille, menac\u00e9es de mariage forc\u00e9 ou contraintes de quitter leur logement apr\u00e8s des menaces de violence ou des violences effectivement subies. Ces situations sont prises en compte sans que la circonstance que les personnes concern\u00e9es b\u00e9n\u00e9ficient d&rsquo;un contrat de location au titre du logement occup\u00e9 par le couple ou qu&rsquo;elles en soient propri\u00e9taires puisse y faire obstacle.<\/p>\n<p style=\"text-align: justify;\">Cette \u00e9valuation est territorialis\u00e9e et tient notamment compte du p\u00e9rim\u00e8tre des \u00e9tablissements publics de coop\u00e9ration intercommunale comp\u00e9tents en mati\u00e8re d&rsquo;habitat.<\/p>\n<p style=\"text-align: justify;\">Sont en outre identifi\u00e9s les terrains supportant un habitat informel et les secteurs d&rsquo;habitat informel.<\/p>\n<p style=\"text-align: justify;\"><strong>III.<\/strong> &#8211; Le plan \u00e9tablit les priorit\u00e9s au niveau d\u00e9partemental \u00e0 accorder aux personnes b\u00e9n\u00e9ficiant d&rsquo;une d\u00e9cision favorable mentionn\u00e9e \u00e0 l&rsquo;article L. 441-2-3 du code de la construction et de l&rsquo;habitation et aux personnes prioritaires en application de l&rsquo;article L. 441-1 du m\u00eame code, notamment celles qui sont confront\u00e9es \u00e0 un cumul de difficult\u00e9s \u00e9conomiques et sociales.<\/p>\n<p style=\"text-align: justify;\"><strong>IV.<\/strong> &#8211; Le plan fixe, de mani\u00e8re territorialis\u00e9e, en tenant compte des programmes locaux de l&rsquo;habitat et des bassins d&rsquo;habitat, les objectifs \u00e0 atteindre pour assurer aux personnes et familles concern\u00e9es par le plan la mise \u00e0 disposition durable d&rsquo;un logement et pour garantir la mixit\u00e9 sociale des villes et des quartiers, ainsi que les objectifs \u00e0 atteindre en mati\u00e8re d&rsquo;accueil, d&rsquo;h\u00e9bergement et d&rsquo;accompagnement vers l&rsquo;insertion et le logement des personnes sans domicile. A cette fin, il d\u00e9finit les mesures adapt\u00e9es concernant :<\/p>\n<p style=\"text-align: justify;\"><strong>1\u00b0<\/strong> Le suivi des demandes de logement et d&rsquo;h\u00e9bergement des personnes et familles concern\u00e9es par le plan ;<\/p>\n<p style=\"text-align: justify;\"><strong>2\u00b0<\/strong> La cr\u00e9ation ou la mobilisation d&rsquo;une offre adapt\u00e9e de logement et d&rsquo;h\u00e9bergement ainsi que, le cas \u00e9ch\u00e9ant, une offre d&rsquo;habitat adapt\u00e9 destin\u00e9e aux personnes dites gens du voyage ;<\/p>\n<p style=\"text-align: justify;\"><strong>3\u00b0<\/strong> Les principes propres \u00e0 am\u00e9liorer la coordination des attributions prioritaires de logements ;<\/p>\n<p style=\"text-align: justify;\"><strong>4\u00b0<\/strong> La pr\u00e9vention des expulsions locatives, l&rsquo;organisation des acteurs qui y contribuent ainsi que les actions d&rsquo;enqu\u00eate, de diagnostic et d&rsquo;accompagnement social correspondantes ;<\/p>\n<p style=\"text-align: justify;\"><strong>5\u00b0<\/strong> La contribution des fonds de solidarit\u00e9 pour le logement \u00e0 la r\u00e9alisation des objectifs du plan ;<\/p>\n<p style=\"text-align: justify;\"><strong>6\u00b0<\/strong> Le rep\u00e9rage et la r\u00e9sorption des logements indignes, des logements non d\u00e9cents, des locaux impropres \u00e0 l&rsquo;habitation et, s&rsquo;il y a lieu, des terrains supportant un habitat informel et des secteurs d&rsquo;habitat informel ainsi que les actions de diagnostic, d&rsquo;accompagnement social, d&rsquo;h\u00e9bergement temporaire ou de relogement adapt\u00e9 correspondantes ;<\/p>\n<p style=\"text-align: justify;\"><strong>7\u00b0<\/strong> La mobilisation de logements dans le parc priv\u00e9, selon des modalit\u00e9s concert\u00e9es et coh\u00e9rentes, comprenant notamment le recours aux actions d&rsquo;interm\u00e9diation locative ;<\/p>\n<p style=\"text-align: justify;\"><strong>8\u00b0<\/strong> Les objectifs de d\u00e9veloppement ou d&rsquo;\u00e9volution de l&rsquo;offre existante relevant du secteur de l&rsquo;accueil, de l&rsquo;h\u00e9bergement et de l&rsquo;accompagnement vers l&rsquo;insertion et le logement ;<\/p>\n<p style=\"text-align: justify;\"><strong>9\u00b0<\/strong> L&rsquo;offre globale de services d&rsquo;accompagnement vers et dans le logement et de diagnostics sociaux ainsi que les modalit\u00e9s de r\u00e9partition, entre les partenaires du plan, de leur r\u00e9alisation et de leur financement. Il pr\u00e9cise \u00e9galement le cadre de la coop\u00e9ration et de la coordination entre ces partenaires ;<\/p>\n<p style=\"text-align: justify;\"><strong>10\u00b0<\/strong> La lutte contre la pr\u00e9carit\u00e9 \u00e9nerg\u00e9tique.<\/p>\n<p style=\"text-align: justify;\">Le plan d\u00e9partemental pr\u00e9cise, pour chacun de ces points, la ou les collectivit\u00e9s ou leurs groupements charg\u00e9s de leur mise en \u0153uvre dans le respect de leurs comp\u00e9tences respectives, telles que d\u00e9finies par le code g\u00e9n\u00e9ral des collectivit\u00e9s territoriales.<\/p>\n<p style=\"text-align: justify;\"><em>NOTA :<\/em><\/p>\n<p style=\"text-align: justify;\"><em>Conform\u00e9ment \u00e0 la loi n\u00b0 2014-366 du 24 mars 2014, article 34-IV, le premier plan d\u00e9partemental d&rsquo;action pour le logement et l&rsquo;h\u00e9bergement des personnes d\u00e9favoris\u00e9es entre en vigueur \u00e0 la date \u00e0 laquelle prend fin le plan d\u00e9partemental d&rsquo;action pour le logement des personnes d\u00e9favoris\u00e9es en cours \u00e0 la date de publication de la pr\u00e9sente loi ou, si elle est plus proche, celle \u00e0 laquelle prend fin le plan d&rsquo;accueil, d&rsquo;h\u00e9bergement et d&rsquo;insertion des personnes sans domicile et, au plus tard, \u00e0 l&rsquo;expiration d&rsquo;un d\u00e9lai de trois ans \u00e0 compter de la promulgation de la m\u00eame loi.<\/em><\/p>\n<p style=\"text-align: justify;\"><span style=\"color: #00e6c8;\"><strong>Article 4-1 (diff\u00e9r\u00e9)<\/strong><\/span><\/p>\n<ul style=\"text-align: justify;\">\n<li><span style=\"color: #999999;\">Modifi\u00e9 par<\/span> <a href=\"https:\/\/www.legifrance.gouv.fr\/affichTexteArticle.do;jsessionid=0DBC8C6CA23314CC72DD6F57C74B14C4.tpdila15v_3?cidTexte=JORFTEXT000033440998&amp;idArticle=LEGIARTI000033456931&amp;dateTexte=20161122&amp;categorieLien=id#LEGIARTI000033456931\">Ordonnance n\u00b02016-1562 du 21 novembre 2016 &#8211; art. 16<\/a><\/li>\n<li><span style=\"color: #999999;\">Modifi\u00e9 par<\/span> <a href=\"https:\/\/www.legifrance.gouv.fr\/affichTexteArticle.do;jsessionid=0DBC8C6CA23314CC72DD6F57C74B14C4.tpdila15v_3?cidTexte=JORFTEXT000033934948&amp;idArticle=LEGIARTI000033938133&amp;dateTexte=20170128&amp;categorieLien=id#LEGIARTI000033938133\">LOI n\u00b02017-86 du 27 janvier 2017 &#8211; art. 147<\/a><\/li>\n<\/ul>\n<p style=\"text-align: justify;\">Le plan d\u00e9partemental est adopt\u00e9 conjointement par le pr\u00e9sident du conseil d\u00e9partemental, ou, en Corse, par le pr\u00e9sident du conseil ex\u00e9cutif, et le repr\u00e9sentant de l&rsquo;Etat dans le d\u00e9partement, apr\u00e8s avis du comit\u00e9 r\u00e9gional de l&rsquo;habitat et de l&rsquo;h\u00e9bergement et, dans les d\u00e9partements d&rsquo;outre-mer, des conseils d\u00e9partementaux de l&rsquo;habitat et de l&rsquo;h\u00e9bergement pr\u00e9vus \u00e0 l&rsquo;article <a href=\"https:\/\/www.legifrance.gouv.fr\/affichCodeArticle.do?cidTexte=LEGITEXT000006074096&amp;idArticle=LEGIARTI000006825039&amp;dateTexte=&amp;categorieLien=cid\">L. 364-1<\/a> du code de la construction et de l&rsquo;habitation. Il est rendu public.<\/p>\n<p style=\"text-align: justify;\">Les \u00e9tablissements publics de coop\u00e9ration intercommunale comp\u00e9tents en mati\u00e8re d&rsquo;habitat, auxquels le repr\u00e9sentant de l\u2019\u00c9tat dans le d\u00e9partement et le maire d\u00e9l\u00e8guent leurs pouvoirs de police dans les conditions pr\u00e9vues \u00e0 l&rsquo;article <a href=\"https:\/\/www.legifrance.gouv.fr\/affichCodeArticle.do?cidTexte=LEGITEXT000006074096&amp;idArticle=LEGIARTI000028780001&amp;dateTexte=&amp;categorieLien=cid\">L. 301-5-1-1 <\/a>du code de la construction et de l&rsquo;habitation, sont charg\u00e9s de la coordination des mesures mentionn\u00e9es au 6\u00b0 du IV de l&rsquo;article 4 de la pr\u00e9sente loi, pour les territoires qui les concernent.<\/p>\n<p style=\"text-align: justify;\"><span style=\"color: #00e6c8;\"><strong>Article 4-2 (diff\u00e9r\u00e9)<\/strong><\/span><\/p>\n<ul style=\"text-align: justify;\">\n<li><span style=\"color: #999999;\">Modifi\u00e9 par<\/span> <a href=\"https:\/\/www.legifrance.gouv.fr\/affichTexteArticle.do;jsessionid=0DBC8C6CA23314CC72DD6F57C74B14C4.tpdila15v_3?cidTexte=JORFTEXT000033440998&amp;idArticle=LEGIARTI000033456931&amp;dateTexte=20161122&amp;categorieLien=id#LEGIARTI000033456931\">Ordonnance n\u00b02016-1562 du 21 novembre 2016 &#8211; art. 16<\/a><\/li>\n<\/ul>\n<p style=\"text-align: justify;\">Le pr\u00e9sident du conseil d\u00e9partemental, ou, en Corse, le pr\u00e9sident du conseil ex\u00e9cutif, pr\u00e9sente annuellement au comit\u00e9 responsable du plan d\u00e9partemental d&rsquo;action pour le logement et l&rsquo;h\u00e9bergement des personnes d\u00e9favoris\u00e9es le bilan d&rsquo;activit\u00e9 du fonds de solidarit\u00e9 pour le logement ainsi que la contribution des services sociaux du conseil d\u00e9partemental, ou, en Corse, de la collectivit\u00e9 de Corse, \u00e0 l&rsquo;accompagnement social li\u00e9 au logement, aux enqu\u00eates sociales et aux diagnostics sociaux.<\/p>\n<p style=\"text-align: justify;\"><strong><span style=\"color: #00e6c8;\">Article 5<\/span><\/strong><\/p>\n<ul style=\"text-align: justify;\">\n<li><span style=\"color: #999999;\">Modifi\u00e9 par<\/span> <a href=\"https:\/\/www.legifrance.gouv.fr\/affichTexteArticle.do;jsessionid=0DBC8C6CA23314CC72DD6F57C74B14C4.tpdila15v_3?cidTexte=JORFTEXT000033934948&amp;idArticle=LEGIARTI000033938133&amp;dateTexte=20170128&amp;categorieLien=id#LEGIARTI000033938133\">LOI n\u00b02017-86 du 27 janvier 2017 &#8211; art. 147<\/a><\/li>\n<\/ul>\n<p style=\"text-align: justify;\">Des conventions pass\u00e9es entre les partenaires mentionn\u00e9s \u00e0 l&rsquo;article 3 pr\u00e9cisent les modalit\u00e9s de mise en \u0153uvre du plan d\u00e9partemental et d\u00e9finissent annuellement les conditions de financement des dispositifs qu&rsquo;il pr\u00e9voit.<\/p>\n<p style=\"text-align: justify;\">Des conventions sont \u00e9galement pass\u00e9es avec les bailleurs de logements pour r\u00e9server dans chaque d\u00e9partement un nombre suffisant de logements, r\u00e9partis g\u00e9ographiquement, \u00e0 destination des personnes victimes de violences, prot\u00e9g\u00e9es ou ayant \u00e9t\u00e9 prot\u00e9g\u00e9es par l&rsquo;ordonnance de protection pr\u00e9vue aux articles 515-9 et suivants du code civil.<\/p>\n<p style=\"text-align: justify;\">Des conventions sp\u00e9cifiques pour la mise en oeuvre du plan d\u00e9partemental peuvent \u00eatre pass\u00e9es entre les participants aux instances locales mentionn\u00e9es \u00e0 l&rsquo;article 3.<\/p>\n<p style=\"text-align: justify;\"><span style=\"color: #00e6c8;\"><strong><a name=\"article6\"><\/a>Article 6<\/strong><\/span><\/p>\n<ul style=\"text-align: justify;\">\n<li><span style=\"color: #999999;\">Modifi\u00e9 par<\/span> <a href=\"https:\/\/www.legifrance.gouv.fr\/affichTexteArticle.do;jsessionid=0DBC8C6CA23314CC72DD6F57C74B14C4.tpdila15v_3?cidTexte=JORFTEXT000033934948&amp;idArticle=LEGIARTI000033938133&amp;dateTexte=20170128&amp;categorieLien=id#LEGIARTI000033938133\">LOI n\u00b02017-86 du 27 janvier 2017 &#8211; art. 147<\/a><\/li>\n<\/ul>\n<p style=\"text-align: justify;\">Il est cr\u00e9\u00e9 dans chaque d\u00e9partement un fonds de solidarit\u00e9 pour le logement.<\/p>\n<p style=\"text-align: justify;\">Le fonds de solidarit\u00e9 accorde, dans les conditions d\u00e9finies par son r\u00e8glement int\u00e9rieur, des aides financi\u00e8res sous forme de cautionnements, pr\u00eats ou avances remboursables, garanties ou subventions \u00e0 des personnes remplissant les conditions de l&rsquo;article 1er et qui entrent dans un logement locatif ou qui, \u00e9tant locataires, sous-locataires ou r\u00e9sidents de logements-foyers, se trouvent dans l&rsquo;impossibilit\u00e9 d&rsquo;assumer leurs obligations relatives au paiement du loyer, des charges et des frais d&rsquo;assurance locative, ou qui, occupant r\u00e9guli\u00e8rement leur logement, se trouvent dans l&rsquo;impossibilit\u00e9 d&rsquo;assumer leurs obligations relatives au paiement des fournitures d&rsquo;eau, d&rsquo;\u00e9nergie et de services t\u00e9l\u00e9phoniques.<\/p>\n<p style=\"text-align: justify;\">Le fonds de solidarit\u00e9 pour le logement, dans les conditions d\u00e9finies par son r\u00e8glement int\u00e9rieur, accorde des aides au titre des dettes de loyer et de factures d&rsquo;\u00e9nergie, d&rsquo;eau, de t\u00e9l\u00e9phone et d&rsquo;acc\u00e8s \u00e0 internet, y compris dans le cadre de l&rsquo;acc\u00e8s \u00e0 un nouveau logement. Le fonds de solidarit\u00e9 pour le logement fait conna\u00eetre son rapport annuel d&rsquo;activit\u00e9 au ministre charg\u00e9 du logement. Ce rapport annuel d&rsquo;activit\u00e9 fait l&rsquo;objet d&rsquo;une pr\u00e9sentation et d&rsquo;un d\u00e9bat au comit\u00e9 r\u00e9gional de l&rsquo;habitat et de l&rsquo;h\u00e9bergement, insistant notamment sur ses bonnes pratiques transposables \u00e0 d&rsquo;autres territoires.<\/p>\n<p style=\"text-align: justify;\">Le fonds de solidarit\u00e9 est \u00e9galement destin\u00e9 \u00e0 accorder des aides \u00e0 des personnes propri\u00e9taires occupantes au sens du second alin\u00e9a de l&rsquo;article <a href=\"https:\/\/www.legifrance.gouv.fr\/affichCodeArticle.do?cidTexte=LEGITEXT000006074096&amp;idArticle=LEGIARTI000006825821&amp;dateTexte=&amp;categorieLien=cid\">L. 615-4-1 <\/a>du code de la construction et de l&rsquo;habitation, qui remplissent les conditions de l&rsquo;article 1er de la pr\u00e9sente loi et se trouvent dans l&rsquo;impossibilit\u00e9 d&rsquo;assumer leurs obligations relatives au paiement de leurs charges collectives, si le logement dont ils ont la propri\u00e9t\u00e9 ou la jouissance est situ\u00e9 dans un groupe d&rsquo;immeubles b\u00e2tis ou un ensemble immobilier faisant l&rsquo;objet d&rsquo;un plan de sauvegarde en application de l&rsquo;article L. 615-1 du code de la construction et de l&rsquo;habitation.<\/p>\n<p style=\"text-align: justify;\">Le fonds de solidarit\u00e9 logement peut, en outre, accorder des aides \u00e0 ces m\u00eames propri\u00e9taires occupants qui se trouvent dans l&rsquo;impossibilit\u00e9 d&rsquo;assumer leurs obligations relatives au remboursement d&#8217;emprunts contract\u00e9s pour l&rsquo;acquisition de leur logement.<\/p>\n<p style=\"text-align: justify;\">Le fonds de solidarit\u00e9 peut \u00e9galement accorder des aides \u00e0 des personnes propri\u00e9taires occupants, qui remplissent les conditions de l&rsquo;article 1er de la pr\u00e9sente loi et se trouvent dans l&rsquo;impossibilit\u00e9 d&rsquo;assurer leurs obligations relatives au paiement de leurs charges collectives, ou aux remboursements d&#8217;emprunts contract\u00e9s pour l&rsquo;acquisition du logement dont ils ont la propri\u00e9t\u00e9 ou la jouissance si celui-ci est situ\u00e9 dans le p\u00e9rim\u00e8tre d&rsquo;une op\u00e9ration programm\u00e9e d&rsquo;am\u00e9lioration de l&rsquo;habitat d\u00e9finie \u00e0 l&rsquo;article <a href=\"https:\/\/www.legifrance.gouv.fr\/affichCodeArticle.do?cidTexte=LEGITEXT000006074096&amp;idArticle=LEGIARTI000006824797&amp;dateTexte=&amp;categorieLien=cid\">L. 303-1 <\/a>du code de la construction et de l&rsquo;habitation, limit\u00e9e \u00e0 un groupe d&rsquo;immeubles b\u00e2tis en soci\u00e9t\u00e9s d&rsquo;attribution ou en soci\u00e9t\u00e9 coop\u00e9rative de construction donnant vocation \u00e0 l&rsquo;attribution d&rsquo;un lot ou soumis au r\u00e9gime de la copropri\u00e9t\u00e9.<\/p>\n<p style=\"text-align: justify;\">Le fonds de solidarit\u00e9 prend en charge des mesures d&rsquo;accompagnement social individuelles ou collectives lorsqu&rsquo;elles sont n\u00e9cessaires \u00e0 l&rsquo;installation ou au maintien dans un logement des personnes et des familles b\u00e9n\u00e9ficiant du plan d\u00e9partemental, qu&rsquo;elles soient locataires, sous-locataires, propri\u00e9taires de leur logement ou \u00e0 la recherche d&rsquo;un logement. Ces mesures comprennent notamment l&rsquo;accompagnement des m\u00e9nages dans la recherche d&rsquo;un logement et les diagnostics sociaux concernant les m\u00e9nages menac\u00e9s d&rsquo;expulsion. Il peut aussi accorder une garantie financi\u00e8re aux associations qui mettent un logement \u00e0 la disposition des personnes d\u00e9favoris\u00e9es mentionn\u00e9es \u00e0 l&rsquo;article 1er ou qui leur accordent une garantie.<\/p>\n<p style=\"text-align: justify;\">Les aides du fonds de solidarit\u00e9 peuvent \u00eatre accord\u00e9es soit directement aux b\u00e9n\u00e9ficiaires, soit par l&rsquo;interm\u00e9diaire de fonds locaux de solidarit\u00e9 pour le logement ou d&rsquo;associations dont l&rsquo;un des objets est l&rsquo;insertion ou le logement de personnes d\u00e9favoris\u00e9es.<\/p>\n<p style=\"text-align: justify;\">Les instances locales mentionn\u00e9es \u00e0 l&rsquo;article 3 peuvent assurer la mise en oeuvre des actions engag\u00e9es par le fonds de solidarit\u00e9.<\/p>\n<p style=\"text-align: justify;\">Les mesures d&rsquo;accompagnement social donnent lieu \u00e0 l&rsquo;\u00e9tablissement de conventions conclues par le d\u00e9partement avec les organismes ou associations qui les ex\u00e9cutent. Les organismes d&rsquo;habitations \u00e0 loyer mod\u00e9r\u00e9 vis\u00e9s \u00e0 l&rsquo;article <a href=\"https:\/\/www.legifrance.gouv.fr\/affichCodeArticle.do?cidTexte=LEGITEXT000006074096&amp;idArticle=LEGIARTI000006825181&amp;dateTexte=&amp;categorieLien=cid\">L. 411-2<\/a> du code de la construction et de l&rsquo;habitation peuvent \u00eatre partie \u00e0 ces conventions. Ces conventions pr\u00e9voient les conditions d&rsquo;\u00e9valuation des mesures d&rsquo;accompagnement social li\u00e9 au logement et les modalit\u00e9s selon lesquelles le bailleur dans le patrimoine duquel des locataires ont b\u00e9n\u00e9fici\u00e9 de ces mesures est associ\u00e9 \u00e0 cette \u00e9valuation.<\/p>\n<p style=\"text-align: justify;\">Le fonds de solidarit\u00e9, dans les conditions d\u00e9finies par son r\u00e8glement int\u00e9rieur, accorde \u00e9galement une aide destin\u00e9e \u00e0 financer tout ou partie des suppl\u00e9ments de d\u00e9penses de gestion aux associations, aux centres communaux ou intercommunaux d&rsquo;action sociale, aux autres organismes \u00e0 but non lucratif et aux unions d&rsquo;\u00e9conomie sociale qui sous-louent des logements \u00e0 des personnes mentionn\u00e9es \u00e0 l&rsquo;article 1er ou qui en assurent la gestion immobili\u00e8re pour le compte de propri\u00e9taires. Cette aide peut aussi \u00eatre accord\u00e9e, selon des crit\u00e8res financiers et sociaux d\u00e9finis par le r\u00e8glement int\u00e9rieur du fonds de solidarit\u00e9, aux organismes ci-dessus et aux bailleurs sociaux qui louent directement des logements \u00e0 des personnes mentionn\u00e9es \u00e0 l&rsquo;article 1er. Elle ne peut porter sur les logements b\u00e9n\u00e9ficiant de l&rsquo;aide aux associations logeant \u00e0 titre temporaire des personnes d\u00e9favoris\u00e9es.<\/p>\n<p style=\"text-align: justify;\"><strong><span style=\"color: #00e6c8;\">Article 6-1<\/span><\/strong><\/p>\n<ul style=\"text-align: justify;\">\n<li><span style=\"color: #999999;\">Modifi\u00e9 par<\/span> <a href=\"https:\/\/www.legifrance.gouv.fr\/affichTexteArticle.do;jsessionid=0DBC8C6CA23314CC72DD6F57C74B14C4.tpdila15v_3?cidTexte=JORFTEXT000033934948&amp;idArticle=LEGIARTI000033938133&amp;dateTexte=20170128&amp;categorieLien=id#LEGIARTI000033938133\">LOI n\u00b02017-86 du 27 janvier 2017 &#8211; art. 147<\/a><\/li>\n<\/ul>\n<p style=\"text-align: justify;\">Le r\u00e8glement int\u00e9rieur du fonds de solidarit\u00e9 pour le logement d\u00e9finit les conditions d&rsquo;octroi des aides conform\u00e9ment aux priorit\u00e9s d\u00e9finies au III de l&rsquo;article 4, ainsi que les modalit\u00e9s de fonctionnement et de gestion du fonds. Le r\u00e8glement int\u00e9rieur est \u00e9labor\u00e9 et adopt\u00e9 par le conseil d\u00e9partemental apr\u00e8s avis du comit\u00e9 responsable du plan d\u00e9partemental d&rsquo;action pour le logement et l&rsquo;h\u00e9bergement des personnes d\u00e9favoris\u00e9es pr\u00e9vu \u00e0 l&rsquo;article 3.<\/p>\n<p style=\"text-align: justify;\">Les conditions d&rsquo;octroi des aides du fonds de solidarit\u00e9 ne peuvent reposer sur d&rsquo;autres \u00e9l\u00e9ments que le niveau de patrimoine ou de ressources des personnes et l&rsquo;importance et la nature des difficult\u00e9s qu&rsquo;elles rencontrent. Le d\u00e9cret en Conseil d\u2019\u00c9tat pr\u00e9vu \u00e0 l&rsquo;article 8 d\u00e9termine la nature des ressources prises en compte.<\/p>\n<p style=\"text-align: justify;\">Les aides accord\u00e9es par le fonds de solidarit\u00e9 ne peuvent \u00eatre soumises \u00e0 aucune condition de r\u00e9sidence pr\u00e9alable dans le d\u00e9partement.<\/p>\n<p style=\"text-align: justify;\">L&rsquo;octroi d&rsquo;une aide ne peut \u00eatre subordonn\u00e9 \u00e0 une contribution financi\u00e8re au fonds ou \u00e0 une participation aux frais de dossier ou d&rsquo;instruction de la part d&rsquo;une collectivit\u00e9 territoriale.<\/p>\n<p style=\"text-align: justify;\">L&rsquo;octroi d&rsquo;une aide ne peut \u00eatre subordonn\u00e9 \u00e0 l&rsquo;accord du bailleur ou des autres cr\u00e9anciers. Il ne peut pas non plus \u00eatre subordonn\u00e9 \u00e0 une contribution financi\u00e8re au fonds ou \u00e0 un abandon de cr\u00e9ance ou \u00e0 une participation aux frais de dossier ou d&rsquo;instruction de la part du bailleur, du distributeur d&rsquo; eau ou du fournisseur d&rsquo;\u00e9nergie ou de l&rsquo;op\u00e9rateur de services t\u00e9l\u00e9phoniques.<\/p>\n<p style=\"text-align: justify;\">Aucune participation aux frais de dossier ou d&rsquo;instruction ne peut \u00eatre exig\u00e9e des personnes ou familles.<\/p>\n<p style=\"text-align: justify;\">Des modalit\u00e9s d&rsquo;urgence doivent \u00eatre pr\u00e9vues pour l&rsquo;octroi et le paiement des aides, d\u00e8s lors qu&rsquo;elles conditionnent la signature d&rsquo;un bail, qu&rsquo;elles \u00e9vitent des coupures d&rsquo;eau, d&rsquo;\u00e9nergie, de services t\u00e9l\u00e9phoniques ou de services d&rsquo;acc\u00e8s \u00e0 internet ou qu&rsquo;elles concernent des personnes et familles assign\u00e9es aux fins de r\u00e9siliation de bail.<\/p>\n<p style=\"text-align: justify;\"><span style=\"color: #00e6c8;\"><strong>Article 6-2<\/strong><\/span><\/p>\n<ul style=\"text-align: justify;\">\n<li><span style=\"color: #999999;\">Modifi\u00e9 par<\/span> <a href=\"https:\/\/www.legifrance.gouv.fr\/affichTexteArticle.do;jsessionid=0DBC8C6CA23314CC72DD6F57C74B14C4.tpdila15v_3?cidTexte=JORFTEXT000033934948&amp;idArticle=LEGIARTI000033938133&amp;dateTexte=20170128&amp;categorieLien=id#LEGIARTI000033938133\">LOI n\u00b02017-86 du 27 janvier 2017 &#8211; art. 147<\/a><\/li>\n<\/ul>\n<p style=\"text-align: justify;\">Le fonds peut \u00eatre saisi directement par toute personne ou famille en difficult\u00e9 et, avec son accord, par toute personne ou organisme y ayant int\u00e9r\u00eat ou vocation. Il peut \u00e9galement \u00eatre saisi par la commission de coordination des actions de pr\u00e9vention des expulsions locatives, par toute instance du plan d\u00e9partemental d&rsquo;action pour le logement et l&rsquo;h\u00e9bergement des personnes d\u00e9favoris\u00e9es, par l&rsquo;organisme payeur de l&rsquo;aide au logement ou par le repr\u00e9sentant de l\u2019\u00c9tat dans le d\u00e9partement.<\/p>\n<p style=\"text-align: justify;\">La demande d&rsquo;aide est notifi\u00e9e par le gestionnaire du fonds au maire et au centre communal ou intercommunal d&rsquo;action sociale de la commune de r\u00e9sidence du demandeur. Ceux-ci peuvent communiquer au gestionnaire du fonds, avec copie \u00e0 l&rsquo;int\u00e9ress\u00e9, le d\u00e9tail des aides d\u00e9j\u00e0 fournies ainsi que toute information en leur possession susceptible d&rsquo;\u00e9clairer le gestionnaire du fonds sur les difficult\u00e9s rencontr\u00e9es par le demandeur.<\/p>\n<p style=\"text-align: justify;\">Toute d\u00e9cision de refus doit \u00eatre motiv\u00e9e.<\/p>\n<p style=\"text-align: justify;\"><span style=\"color: #00e6c8;\"><strong>Article 6-3<\/strong><\/span><\/p>\n<ul style=\"text-align: justify;\">\n<li><span style=\"color: #999999;\">Modifi\u00e9 par<\/span> <a href=\"https:\/\/www.legifrance.gouv.fr\/affichTexteArticle.do;jsessionid=0DBC8C6CA23314CC72DD6F57C74B14C4.tpdila15v_3?cidTexte=JORFTEXT000033202746&amp;idArticle=LEGIARTI000033205266&amp;dateTexte=20161008&amp;categorieLien=id#LEGIARTI000033205266\">LOI n\u00b02016-1321 du 7 octobre 2016 &#8211; art. 108<\/a><\/li>\n<\/ul>\n<p style=\"text-align: justify;\">Le financement du fonds de solidarit\u00e9 pour le logement est assur\u00e9 par le d\u00e9partement.<\/p>\n<p style=\"text-align: justify;\">Une convention est pass\u00e9e entre le d\u00e9partement, d&rsquo;une part, et les repr\u00e9sentants de chaque fournisseur d&rsquo;\u00e9nergie ou d&rsquo;eau ou de services t\u00e9l\u00e9phoniques ou d&rsquo;acc\u00e8s \u00e0 internet livrant des consommateurs domestiques, d&rsquo;autre part, afin de d\u00e9finir le montant et les modalit\u00e9s de leur concours financier au fonds de solidarit\u00e9 pour le logement.<\/p>\n<p style=\"text-align: justify;\">Les autres collectivit\u00e9s territoriales, les \u00e9tablissements publics de coop\u00e9ration intercommunale et les autres personnes mentionn\u00e9es au deuxi\u00e8me alin\u00e9a de l&rsquo;article 3 peuvent \u00e9galement participer au financement du fonds de solidarit\u00e9 pour le logement.<\/p>\n<p style=\"text-align: justify;\"><span style=\"color: #00e6c8;\"><strong>Article 6-4<\/strong><\/span><\/p>\n<ul style=\"text-align: justify;\">\n<li><span style=\"color: #999999;\">Cr\u00e9\u00e9 par<\/span> <a href=\"https:\/\/www.legifrance.gouv.fr\/affichTexteArticle.do;jsessionid=0DBC8C6CA23314CC72DD6F57C74B14C4.tpdila15v_3?cidTexte=JORFTEXT000000804607&amp;idArticle=LEGIARTI000006399668&amp;dateTexte=20040817&amp;categorieLien=id#LEGIARTI000006399668\">Loi n\u00b02004-809 du 13 ao\u00fbt 2004 &#8211; art. 65 (V) JORF 17 ao\u00fbt 2004 en vigueur le 1er janvier 2005<\/a><\/li>\n<\/ul>\n<p style=\"text-align: justify;\">Le d\u00e9partement peut confier par convention, sous sa responsabilit\u00e9 et son contr\u00f4le, la gestion financi\u00e8re et comptable du fonds de solidarit\u00e9 pour le logement \u00e0 un organisme de s\u00e9curit\u00e9 sociale, une association agr\u00e9\u00e9e \u00e0 cet effet ou un groupement d&rsquo;int\u00e9r\u00eat public.<\/p>\n<p style=\"text-align: justify;\"><span style=\"color: #00e6c8;\"><strong>Article 7<\/strong><\/span><\/p>\n<ul style=\"text-align: justify;\">\n<li><span style=\"color: #999999;\">Modifi\u00e9 par<\/span> <a href=\"https:\/\/www.legifrance.gouv.fr\/affichTexteArticle.do;jsessionid=0DBC8C6CA23314CC72DD6F57C74B14C4.tpdila15v_3?cidTexte=JORFTEXT000027414225&amp;idArticle=LEGIARTI000027416696&amp;dateTexte=20130518&amp;categorieLien=id#LEGIARTI000027416696\">LOI n\u00b02013-403 du 17 mai 2013 &#8211; art. 1 (V)<\/a><\/li>\n<\/ul>\n<p style=\"text-align: justify;\">Le conseil d\u00e9partemental peut cr\u00e9er des fonds locaux pour l&rsquo;octroi de tout ou partie des aides du fonds de solidarit\u00e9 pour le logement et en confier la gestion, par convention, aux communes et aux \u00e9tablissements publics de coop\u00e9ration intercommunale qui en font la demande.<\/p>\n<p style=\"text-align: justify;\">La cr\u00e9ation d&rsquo;un fonds de solidarit\u00e9 intercommunal est de droit lorsque la demande en \u00e9mane d&rsquo;un \u00e9tablissement public de coop\u00e9ration intercommunale qui a conclu une convention avec l&rsquo;Etat dans les conditions d\u00e9finies \u00e0 l&rsquo;article <a href=\"https:\/\/www.legifrance.gouv.fr\/affichCodeArticle.do?cidTexte=LEGITEXT000006074096&amp;idArticle=LEGIARTI000006824749&amp;dateTexte=&amp;categorieLien=cid\">L. 301-5-1<\/a> du code de la construction et de l&rsquo;habitation. La convention pr\u00e9vue \u00e0 l&rsquo;alin\u00e9a pr\u00e9c\u00e9dent pr\u00e9voit les conditions dans lesquelles les cr\u00e9dits du fonds de solidarit\u00e9 lui sont d\u00e9l\u00e9gu\u00e9s.<\/p>\n<p style=\"text-align: justify;\"><span style=\"color: #00e6c8;\"><strong>Article 7-1<\/strong><\/span><\/p>\n<ul style=\"text-align: justify;\">\n<li><span style=\"color: #999999;\">Modifi\u00e9 par<\/span> <a href=\"https:\/\/www.legifrance.gouv.fr\/affichTexteArticle.do;jsessionid=0DBC8C6CA23314CC72DD6F57C74B14C4.tpdila15v_3?cidTexte=JORFTEXT000033934948&amp;idArticle=LEGIARTI000033938133&amp;dateTexte=20170128&amp;categorieLien=id#LEGIARTI000033938133\">LOI n\u00b02017-86 du 27 janvier 2017 &#8211; art. 147<\/a><\/li>\n<\/ul>\n<p style=\"text-align: justify;\">Afin d&rsquo;organiser le traitement coordonn\u00e9 des situations d&rsquo;expulsion locative, une charte pour la pr\u00e9vention de l&rsquo;expulsion est \u00e9labor\u00e9e dans chaque d\u00e9partement avec l&rsquo;ensemble des partenaires concern\u00e9s.<\/p>\n<p style=\"text-align: justify;\">Cette charte est approuv\u00e9e par le comit\u00e9 responsable du plan d\u00e9partemental d&rsquo;action pour le logement et l&rsquo;h\u00e9bergement des personnes d\u00e9favoris\u00e9es et fait l&rsquo;objet d&rsquo;une \u00e9valuation annuelle devant ce m\u00eame comit\u00e9 ainsi que devant la commission de coordination des actions de pr\u00e9vention des expulsions locatives.<\/p>\n<p style=\"text-align: justify;\">Un d\u00e9cret fixe la liste des dispositions appel\u00e9es \u00e0 figurer dans la charte.<\/p>\n<p style=\"text-align: justify;\"><span style=\"color: #00e6c8;\"><strong><a name=\"article7-2\"><\/a>Article 7-2<\/strong><\/span><\/p>\n<ul style=\"text-align: justify;\">\n<li><span style=\"color: #999999;\">Cr\u00e9\u00e9 par<\/span> <a href=\"https:\/\/www.legifrance.gouv.fr\/affichTexteArticle.do;jsessionid=0DBC8C6CA23314CC72DD6F57C74B14C4.tpdila15v_3?cidTexte=JORFTEXT000028772256&amp;idArticle=LEGIARTI000028776054&amp;dateTexte=20140326&amp;categorieLien=id#LEGIARTI000028776054\">LOI n\u00b02014-366 du 24 mars 2014 &#8211; art. 28<\/a><\/li>\n<\/ul>\n<p style=\"text-align: justify;\">Une commission de coordination des actions de pr\u00e9vention des expulsions locatives est cr\u00e9\u00e9e dans chaque d\u00e9partement. Cette commission a pour missions de :<\/p>\n<p style=\"text-align: justify;\"><strong>1\u00b0<\/strong> Coordonner, \u00e9valuer et orienter le dispositif de pr\u00e9vention des expulsions locatives d\u00e9fini par le plan d\u00e9partemental d&rsquo;action pour le logement et l&rsquo;h\u00e9bergement des personnes d\u00e9favoris\u00e9es et la charte pour la pr\u00e9vention de l&rsquo;expulsion ;<\/p>\n<p style=\"text-align: justify;\"><strong>2\u00b0<\/strong> D\u00e9livrer des avis et des recommandations \u00e0 tout organisme ou personne susceptible de participer \u00e0 la pr\u00e9vention de l&rsquo;expulsion, ainsi qu&rsquo;aux bailleurs et aux locataires concern\u00e9s par une situation d&rsquo;impay\u00e9 ou de menace d&rsquo;expulsion.<\/p>\n<p style=\"text-align: justify;\">Pour l&rsquo;exercice de cette seconde mission, elle est inform\u00e9e par le repr\u00e9sentant de l&rsquo;Etat dans le d\u00e9partement des situations faisant l&rsquo;objet d&rsquo;un commandement d&rsquo;avoir \u00e0 lib\u00e9rer les locaux lui ayant \u00e9t\u00e9 signal\u00e9s conform\u00e9ment \u00e0 l&rsquo;article L. 412-5 du code des proc\u00e9dures civiles d&rsquo;ex\u00e9cution.<\/p>\n<p style=\"text-align: justify;\">Elle peut \u00eatre saisie par un de ses membres, par le bailleur, par le locataire et par toute institution ou personne y ayant int\u00e9r\u00eat ou vocation.<\/p>\n<p style=\"text-align: justify;\">Elle est alert\u00e9e par :<\/p>\n<p style=\"text-align: justify;\"><strong>a)<\/strong> La commission de m\u00e9diation, pour tout recours amiable au titre du droit au logement opposable fond\u00e9 sur le motif de la menace d&rsquo;expulsion sans relogement ;<\/p>\n<p style=\"text-align: justify;\"><strong>b)<\/strong> Les organismes payeurs des aides au logement, syst\u00e9matiquement, en vue de pr\u00e9venir leurs \u00e9ventuelles suspensions par une mobilisation coordonn\u00e9e des outils de pr\u00e9vention ;<\/p>\n<p style=\"text-align: justify;\"><strong>c)<\/strong> Le fonds de solidarit\u00e9 pour le logement, lorsque son aide ne pourrait pas, \u00e0 elle seule, permettre le maintien dans les lieux ou le relogement du locataire.<\/p>\n<p style=\"text-align: justify;\">La commission \u00e9met \u00e9galement des avis et des recommandations en mati\u00e8re d&rsquo;attribution d&rsquo;aides financi\u00e8res sous forme de pr\u00eats ou de subventions et d&rsquo;accompagnement social li\u00e9 au logement, suivant la r\u00e9partition des responsabilit\u00e9s pr\u00e9vue par la charte de pr\u00e9vention de l&rsquo;expulsion.<\/p>\n<p style=\"text-align: justify;\">Le repr\u00e9sentant de l\u2019\u00c9tat dans le d\u00e9partement informe la commission de toute demande de concours de la force publique mentionn\u00e9 au chapitre III du titre V du livre Ier du code des proc\u00e9dures civiles d&rsquo;ex\u00e9cution en vue de proc\u00e9der \u00e0 l&rsquo;expulsion.<\/p>\n<p style=\"text-align: justify;\">La commission est inform\u00e9e des d\u00e9cisions prises \u00e0 la suite de ses avis. Elle est destinataire du diagnostic social et financier mentionn\u00e9 au III de l&rsquo;article 24 de la loi n\u00b0 89-462 du 6 juillet 1989 tendant \u00e0 am\u00e9liorer les rapports locatifs et portant modification de la loi n\u00b0 86-1290 du 23 d\u00e9cembre 1986.<\/p>\n<p style=\"text-align: justify;\">Les membres de la commission de coordination des actions de pr\u00e9vention des expulsions locatives et les personnes charg\u00e9es de l&rsquo;instruction des saisines sont soumis au secret professionnel dans les conditions pr\u00e9vues \u00e0 <a href=\"https:\/\/www.legifrance.gouv.fr\/affichCodeArticle.do?cidTexte=LEGITEXT000006070719&amp;idArticle=LEGIARTI000006417944&amp;dateTexte=&amp;categorieLien=cid\">l&rsquo;article 226-13 <\/a>du code p\u00e9nal. Par d\u00e9rogation aux dispositions de ce m\u00eame article, les professionnels de l&rsquo;action sociale et m\u00e9dico-sociale, d\u00e9finie \u00e0 <a href=\"https:\/\/www.legifrance.gouv.fr\/affichCodeArticle.do?cidTexte=LEGITEXT000006074069&amp;idArticle=LEGIARTI000006796473&amp;dateTexte=&amp;categorieLien=cid\">l&rsquo;article L. 116-1<\/a> du code de l&rsquo;action sociale et des familles, fournissent aux services instructeurs de la commission les informations confidentielles dont ils disposent et qui sont strictement n\u00e9cessaires \u00e0 l&rsquo;\u00e9valuation de la situation du m\u00e9nage au regard de la menace d&rsquo;expulsion dont il fait l&rsquo;objet.<\/p>\n<p style=\"text-align: justify;\">La composition et les modalit\u00e9s de fonctionnement de la commission, notamment du syst\u00e8me d&rsquo;information qui en permet la gestion, sont fix\u00e9es par d\u00e9cret en Conseil d&rsquo;Etat.<\/p>\n<p style=\"text-align: justify;\"><span style=\"color: #00e6c8;\"><strong>Article 8<\/strong><\/span><\/p>\n<ul style=\"text-align: justify;\">\n<li><span style=\"color: #999999;\">Modifi\u00e9 par<\/span> <a href=\"https:\/\/www.legifrance.gouv.fr\/affichTexteArticle.do;jsessionid=0DBC8C6CA23314CC72DD6F57C74B14C4.tpdila15v_3?cidTexte=JORFTEXT000000804607&amp;idArticle=LEGIARTI000006399668&amp;dateTexte=20040817&amp;categorieLien=id#LEGIARTI000006399668\">Loi n\u00b02004-809 du 13 ao\u00fbt 2004 &#8211; art. 65 (V) JORF 17 ao\u00fbt 2004 en vigueur le 1er janvier 2005<\/a><\/li>\n<\/ul>\n<p style=\"text-align: justify;\">Un d\u00e9cret en Conseil d\u2019\u00c9tat, pris apr\u00e8s avis du Conseil national de l&rsquo;habitat, fixe les modalit\u00e9s d&rsquo;application du pr\u00e9sent chapitre.<\/p>\n<p style=\"text-align: justify;\"><span style=\"color: #00e6c8;\"><strong>CHAPITRE II : Des dispositions permettant d&rsquo;accro\u00eetre l&rsquo;offre de logement en faveur des personnes d\u00e9favoris\u00e9es.<\/strong><\/span><\/p>\n<p style=\"text-align: justify;\"><span style=\"color: #00e6c8;\"><strong>Article 9<\/strong><\/span><\/p>\n<p style=\"text-align: justify;\">A modifi\u00e9 les dispositions suivantes :<\/p>\n<ul style=\"text-align: justify;\">\n<li>Cr\u00e9e <a href=\"https:\/\/www.legifrance.gouv.fr\/affichCodeArticle.do;jsessionid=0DBC8C6CA23314CC72DD6F57C74B14C4.tpdila15v_3?cidTexte=LEGITEXT000006069577&amp;idArticle=LEGIARTI000006302219&amp;dateTexte=20170923&amp;categorieLien=id#LEGIARTI000006302219\">CODE GENERAL DES IMPOTS, CGI. &#8211; art. 15 bis (M)<\/a><\/li>\n<li>Modifie <a href=\"https:\/\/www.legifrance.gouv.fr\/affichCodeArticle.do;jsessionid=0DBC8C6CA23314CC72DD6F57C74B14C4.tpdila15v_3?cidTexte=LEGITEXT000006069577&amp;idArticle=LEGIARTI000006307525&amp;dateTexte=20170923&amp;categorieLien=id#LEGIARTI000006307525\">CODE GENERAL DES IMPOTS, CGI. &#8211; art. 35 bis (M)<\/a><\/li>\n<li>Cr\u00e9e <a href=\"https:\/\/www.legifrance.gouv.fr\/affichCodeArticle.do;jsessionid=0DBC8C6CA23314CC72DD6F57C74B14C4.tpdila15v_3?cidTexte=LEGITEXT000006069577&amp;idArticle=LEGIARTI000006302620&amp;dateTexte=20170923&amp;categorieLien=id#LEGIARTI000006302620\">CODE GENERAL DES IMPOTS, CGI. &#8211; art. 92 I (T)<\/a><\/li>\n<li>Cr\u00e9e <a href=\"https:\/\/www.legifrance.gouv.fr\/affichCodeArticle.do;jsessionid=0DBC8C6CA23314CC72DD6F57C74B14C4.tpdila15v_3?cidTexte=LEGITEXT000006069577&amp;idArticle=LEGIARTI000006302625&amp;dateTexte=20170923&amp;categorieLien=id#LEGIARTI000006302625\">CODE GENERAL DES IMPOTS, CGI. &#8211; art. 92 L (M)<\/a><\/li>\n<\/ul>\n<p style=\"text-align: justify;\"><span style=\"color: #00e6c8;\"><strong>Article 10<\/strong><\/span><\/p>\n<p style=\"text-align: justify;\"><strong>I.<\/strong> &#8211; Paragraphe modificateur<\/p>\n<p style=\"text-align: justify;\"><strong>II.<\/strong> &#8211; Paragraphe modificateur<\/p>\n<p style=\"text-align: justify;\"><strong>III.<\/strong> &#8211; Les obligations d\u00e9claratives des personnes et organismes entrant dans le champ d&rsquo;application du pr\u00e9sent article sont fix\u00e9es par d\u00e9cret.<\/p>\n<p style=\"text-align: justify;\"><span style=\"color: #00e6c8;\"><strong>Article 11<\/strong><\/span><\/p>\n<p style=\"text-align: justify;\">A modifi\u00e9 les dispositions suivantes :<\/p>\n<ul style=\"text-align: justify;\">\n<li>Modifie <a href=\"https:\/\/www.legifrance.gouv.fr\/affichCodeArticle.do;jsessionid=0DBC8C6CA23314CC72DD6F57C74B14C4.tpdila15v_3?cidTexte=LEGITEXT000006074096&amp;idArticle=LEGIARTI000006824541&amp;dateTexte=20170923&amp;categorieLien=id#LEGIARTI000006824541\">Code de la construction et de l&rsquo;habitation. &#8211; art. L251-1 (M)<\/a><\/li>\n<li>Modifie <a href=\"https:\/\/www.legifrance.gouv.fr\/affichCodeArticle.do;jsessionid=0DBC8C6CA23314CC72DD6F57C74B14C4.tpdila15v_3?cidTexte=LEGITEXT000006074096&amp;idArticle=LEGIARTI000006824544&amp;dateTexte=20170923&amp;categorieLien=id#LEGIARTI000006824544\">Code de la construction et de l&rsquo;habitation. &#8211; art. L251-2 (M)<\/a><\/li>\n<li>Modifie <a href=\"https:\/\/www.legifrance.gouv.fr\/affichCodeArticle.do;jsessionid=0DBC8C6CA23314CC72DD6F57C74B14C4.tpdila15v_3?cidTexte=LEGITEXT000006074096&amp;idArticle=LEGIARTI000006824547&amp;dateTexte=20170923&amp;categorieLien=id#LEGIARTI000006824547\">Code de la construction et de l&rsquo;habitation. &#8211; art. L251-3 (M)<\/a><\/li>\n<li>Modifie <a href=\"https:\/\/www.legifrance.gouv.fr\/affichCodeArticle.do;jsessionid=0DBC8C6CA23314CC72DD6F57C74B14C4.tpdila15v_3?cidTexte=LEGITEXT000006074096&amp;idArticle=LEGIARTI000006824550&amp;dateTexte=20170923&amp;categorieLien=id#LEGIARTI000006824550\">Code de la construction et de l&rsquo;habitation. &#8211; art. L251-4 (M)<\/a><\/li>\n<li>Modifie <a href=\"https:\/\/www.legifrance.gouv.fr\/affichCodeArticle.do;jsessionid=0DBC8C6CA23314CC72DD6F57C74B14C4.tpdila15v_3?cidTexte=LEGITEXT000006074096&amp;idArticle=LEGIARTI000006824666&amp;dateTexte=20170923&amp;categorieLien=id#LEGIARTI000006824666\">Code de la construction et de l&rsquo;habitation. &#8211; art. L251-5 (M)<\/a><\/li>\n<li>Modifie <a href=\"https:\/\/www.legifrance.gouv.fr\/affichCodeArticle.do;jsessionid=0DBC8C6CA23314CC72DD6F57C74B14C4.tpdila15v_3?cidTexte=LEGITEXT000006074096&amp;idArticle=LEGIARTI000006824553&amp;dateTexte=20170923&amp;categorieLien=id#LEGIARTI000006824553\">Code de la construction et de l&rsquo;habitation. &#8211; art. L251-6 (M)<\/a><\/li>\n<li>Modifie <a href=\"https:\/\/www.legifrance.gouv.fr\/affichCodeArticle.do;jsessionid=0DBC8C6CA23314CC72DD6F57C74B14C4.tpdila15v_3?cidTexte=LEGITEXT000006074096&amp;idArticle=LEGIARTI000006824557&amp;dateTexte=20170923&amp;categorieLien=id#LEGIARTI000006824557\">Code de la construction et de l&rsquo;habitation. &#8211; art. L251-7 (M)<\/a><\/li>\n<li>Modifie <a href=\"https:\/\/www.legifrance.gouv.fr\/affichCodeArticle.do;jsessionid=0DBC8C6CA23314CC72DD6F57C74B14C4.tpdila15v_3?cidTexte=LEGITEXT000006074096&amp;idArticle=LEGIARTI000006824560&amp;dateTexte=20170923&amp;categorieLien=id#LEGIARTI000006824560\">Code de la construction et de l&rsquo;habitation. &#8211; art. L251-8 (M)<\/a><\/li>\n<li>Modifie <a href=\"https:\/\/www.legifrance.gouv.fr\/affichCodeArticle.do;jsessionid=0DBC8C6CA23314CC72DD6F57C74B14C4.tpdila15v_3?cidTexte=LEGITEXT000006074096&amp;idArticle=LEGIARTI000006824670&amp;dateTexte=20170923&amp;categorieLien=id#LEGIARTI000006824670\">Code de la construction et de l&rsquo;habitation. &#8211; art. L251-9 (M)<\/a><\/li>\n<li>Cr\u00e9e <a href=\"https:\/\/www.legifrance.gouv.fr\/affichCodeArticle.do;jsessionid=0DBC8C6CA23314CC72DD6F57C74B14C4.tpdila15v_3?cidTexte=LEGITEXT000006074096&amp;idArticle=LEGIARTI000006824562&amp;dateTexte=20170923&amp;categorieLien=id#LEGIARTI000006824562\">Code de la construction et de l&rsquo;habitation. &#8211; art. L252-1 (M)<\/a><\/li>\n<li>Cr\u00e9e <a href=\"https:\/\/www.legifrance.gouv.fr\/affichCodeArticle.do;jsessionid=0DBC8C6CA23314CC72DD6F57C74B14C4.tpdila15v_3?cidTexte=LEGITEXT000006074096&amp;idArticle=LEGIARTI000006824564&amp;dateTexte=20170923&amp;categorieLien=id#LEGIARTI000006824564\">Code de la construction et de l&rsquo;habitation. &#8211; art. L252-2 (M)<\/a><\/li>\n<li>Cr\u00e9e <a href=\"https:\/\/www.legifrance.gouv.fr\/affichCodeArticle.do;jsessionid=0DBC8C6CA23314CC72DD6F57C74B14C4.tpdila15v_3?cidTexte=LEGITEXT000006074096&amp;idArticle=LEGIARTI000006824566&amp;dateTexte=20170923&amp;categorieLien=id#LEGIARTI000006824566\">Code de la construction et de l&rsquo;habitation. &#8211; art. L252-3 (M)<\/a><\/li>\n<li>Cr\u00e9e <a href=\"https:\/\/www.legifrance.gouv.fr\/affichCodeArticle.do;jsessionid=0DBC8C6CA23314CC72DD6F57C74B14C4.tpdila15v_3?cidTexte=LEGITEXT000006074096&amp;idArticle=LEGIARTI000006824568&amp;dateTexte=20170923&amp;categorieLien=id#LEGIARTI000006824568\">Code de la construction et de l&rsquo;habit &#8211; art. L252-4 (M)<\/a><\/li>\n<li>Modifie <a href=\"https:\/\/www.legifrance.gouv.fr\/affichCodeArticle.do;jsessionid=0DBC8C6CA23314CC72DD6F57C74B14C4.tpdila15v_3?cidTexte=LEGITEXT000006074096&amp;idArticle=LEGIARTI000006896572&amp;dateTexte=20170923&amp;categorieLien=id#LEGIARTI000006896572\">Code de la construction et de l&rsquo;habitation. &#8211; art. R251-1 (M)<\/a><\/li>\n<li>Modifie <a href=\"https:\/\/www.legifrance.gouv.fr\/affichCodeArticle.do;jsessionid=0DBC8C6CA23314CC72DD6F57C74B14C4.tpdila15v_3?cidTexte=LEGITEXT000006074096&amp;idArticle=LEGIARTI000006896580&amp;dateTexte=20170923&amp;categorieLien=id#LEGIARTI000006896580\">Code de la construction et de l&rsquo;habitation. &#8211; art. R251-2 (M)<\/a><\/li>\n<li>Modifie <a href=\"https:\/\/www.legifrance.gouv.fr\/affichCodeArticle.do;jsessionid=0DBC8C6CA23314CC72DD6F57C74B14C4.tpdila15v_3?cidTexte=LEGITEXT000006074096&amp;idArticle=LEGIARTI000006896584&amp;dateTexte=20170923&amp;categorieLien=id#LEGIARTI000006896584\">Code de la construction et de l&rsquo;habitation. &#8211; art. R251-3 (M)<\/a><\/li>\n<\/ul>\n<p style=\"text-align: justify;\"><span style=\"color: #00e6c8;\"><strong>Article 12<\/strong><\/span><\/p>\n<p style=\"text-align: justify;\">A modifi\u00e9 les dispositions suivantes :<\/p>\n<p style=\"text-align: justify;\"><span style=\"color: #00e6c8;\"><strong>Article 13<\/strong><\/span><\/p>\n<p style=\"text-align: justify;\">A modifi\u00e9 les dispositions suivantes :<\/p>\n<ul style=\"text-align: justify;\">\n<li>Modifie <a href=\"https:\/\/www.legifrance.gouv.fr\/affichCodeArticle.do;jsessionid=0DBC8C6CA23314CC72DD6F57C74B14C4.tpdila15v_3?cidTexte=LEGITEXT000006074096&amp;idArticle=LEGIARTI000006825713&amp;dateTexte=20170923&amp;categorieLien=id#LEGIARTI000006825713\">Code de la construction et de l&rsquo;habitation. &#8211; art. L442-8-1 (M)<\/a><\/li>\n<\/ul>\n<p style=\"text-align: justify;\"><span style=\"color: #00e6c8;\"><strong>Article 14<\/strong><\/span><\/p>\n<p style=\"text-align: justify;\">A modifi\u00e9 les dispositions suivantes :<\/p>\n<ul style=\"text-align: justify;\">\n<li>Modifie <a href=\"https:\/\/www.legifrance.gouv.fr\/affichCodeArticle.do;jsessionid=0DBC8C6CA23314CC72DD6F57C74B14C4.tpdila15v_3?cidTexte=LEGITEXT000006074075&amp;idArticle=LEGIARTI000006815112&amp;dateTexte=20170923&amp;categorieLien=id#LEGIARTI000006815112\">Code de l&rsquo;urbanisme &#8211; art. L213-1 (M)<\/a><\/li>\n<\/ul>\n<p style=\"text-align: justify;\"><span style=\"color: #00e6c8;\"><strong>Article 15<\/strong><\/span><\/p>\n<p style=\"text-align: justify;\">A modifi\u00e9 les dispositions suivantes :<\/p>\n<ul style=\"text-align: justify;\">\n<li>Modifie <a href=\"https:\/\/www.legifrance.gouv.fr\/affichCodeArticle.do;jsessionid=0DBC8C6CA23314CC72DD6F57C74B14C4.tpdila15v_3?cidTexte=LEGITEXT000006074096&amp;idArticle=LEGIARTI000006825510&amp;dateTexte=20170923&amp;categorieLien=id#LEGIARTI000006825510\">Code de la construction et de l&rsquo;habitation. &#8211; art. L441-2 (M)<\/a><\/li>\n<\/ul>\n<p style=\"text-align: justify;\"><span style=\"color: #00e6c8;\"><strong>Article 16<\/strong><\/span><\/p>\n<p style=\"text-align: justify;\">A modifi\u00e9 les dispositions suivantes :<\/p>\n<ul style=\"text-align: justify;\">\n<li>Modifie <a href=\"https:\/\/www.legifrance.gouv.fr\/affichTexteArticle.do;jsessionid=0DBC8C6CA23314CC72DD6F57C74B14C4.tpdila15v_3?cidTexte=JORFTEXT000000880039&amp;idArticle=LEGIARTI000006338463&amp;dateTexte=20180101&amp;categorieLien=id#LEGIARTI000006338463\">Loi n\u00b082-213 du 2 mars 1982 &#8211; art. 49 (M)<\/a><\/li>\n<li>Modifie <a href=\"https:\/\/www.legifrance.gouv.fr\/affichTexteArticle.do;jsessionid=0DBC8C6CA23314CC72DD6F57C74B14C4.tpdila15v_3?cidTexte=JORFTEXT000000880039&amp;idArticle=LEGIARTI000006338334&amp;dateTexte=20180101&amp;categorieLien=id#LEGIARTI000006338334\">Loi n\u00b082-213 du 2 mars 1982 &#8211; art. 6 (M)<\/a><\/li>\n<\/ul>\n<p style=\"text-align: justify;\"><span style=\"color: #00e6c8;\"><strong>Article 17<\/strong><\/span><\/p>\n<p style=\"text-align: justify;\">A modifi\u00e9 les dispositions suivantes :<\/p>\n<ul style=\"text-align: justify;\">\n<li>Modifie <a href=\"https:\/\/www.legifrance.gouv.fr\/affichTexteArticle.do;jsessionid=0DBC8C6CA23314CC72DD6F57C74B14C4.tpdila15v_3?cidTexte=JORFTEXT000000684297&amp;idArticle=LEGIARTI000006364155&amp;dateTexte=20180101&amp;categorieLien=id#LEGIARTI000006364155\">Loi n\u00b072-619 du 5 juillet 1972 &#8211; art. 4-1 (M)<\/a><\/li>\n<\/ul>\n<ul style=\"text-align: justify;\">\n<li>CHAPITRE III : Des conditions d&rsquo;attribution des aides personnelles au logement. (abrog\u00e9)<\/li>\n<\/ul>\n<p style=\"text-align: justify;\"><span style=\"color: #00e6c8;\"><strong>Article 18<\/strong><\/span><\/p>\n<p style=\"text-align: justify;\">A modifi\u00e9 les dispositions suivantes :<\/p>\n<ul style=\"text-align: justify;\">\n<li>Modifie <a href=\"https:\/\/www.legifrance.gouv.fr\/affichCodeArticle.do;jsessionid=0DBC8C6CA23314CC72DD6F57C74B14C4.tpdila15v_3?cidTexte=LEGITEXT000006074096&amp;idArticle=LEGIARTI000006825156&amp;dateTexte=20170923&amp;categorieLien=id#LEGIARTI000006825156\">Code de la construction et de l&rsquo;habitation. &#8211; art. L351-2 (M)<\/a><\/li>\n<\/ul>\n<p style=\"text-align: justify;\"><span style=\"color: #00e6c8;\"><strong>Article 19<\/strong><\/span><\/p>\n<p style=\"text-align: justify;\">A modifi\u00e9 les dispositions suivantes :<\/p>\n<ul style=\"text-align: justify;\">\n<li>Cr\u00e9e <a href=\"https:\/\/www.legifrance.gouv.fr\/affichCodeArticle.do;jsessionid=0DBC8C6CA23314CC72DD6F57C74B14C4.tpdila15v_3?cidTexte=LEGITEXT000006074096&amp;idArticle=LEGIARTI000006825024&amp;dateTexte=20170923&amp;categorieLien=id#LEGIARTI000006825024\">Code de la construction et de l&rsquo;habitation. &#8211; art. L353-19 (M)<\/a><\/li>\n<li>Cr\u00e9e <a href=\"https:\/\/www.legifrance.gouv.fr\/affichCodeArticle.do;jsessionid=0DBC8C6CA23314CC72DD6F57C74B14C4.tpdila15v_3?cidTexte=LEGITEXT000006074096&amp;idArticle=LEGIARTI000006825027&amp;dateTexte=20170923&amp;categorieLien=id#LEGIARTI000006825027\">Code de la construction et de l&rsquo;habitation. &#8211; art. L353-20 (M)<\/a><\/li>\n<\/ul>\n<p style=\"text-align: justify;\"><span style=\"color: #00e6c8;\"><strong>Article 20<\/strong><\/span><\/p>\n<p style=\"text-align: justify;\">A modifi\u00e9 les dispositions suivantes :<\/p>\n<ul style=\"text-align: justify;\">\n<li>Modifie <a href=\"https:\/\/www.legifrance.gouv.fr\/affichCodeArticle.do;jsessionid=0DBC8C6CA23314CC72DD6F57C74B14C4.tpdila15v_3?cidTexte=LEGITEXT000006073189&amp;idArticle=LEGIARTI000006745157&amp;dateTexte=20170923&amp;categorieLien=id#LEGIARTI000006745157\">Code de la s\u00e9curit\u00e9 sociale. &#8211; art. L831-2 (M)<\/a><\/li>\n<\/ul>\n<p style=\"text-align: justify;\"><span style=\"color: #00e6c8;\"><strong>Article 21<\/strong><\/span><\/p>\n<p style=\"text-align: justify;\">A modifi\u00e9 les dispositions suivantes :<\/p>\n<ul style=\"text-align: justify;\">\n<li>Modifie <a href=\"https:\/\/www.legifrance.gouv.fr\/affichCodeArticle.do;jsessionid=0DBC8C6CA23314CC72DD6F57C74B14C4.tpdila15v_3?cidTexte=LEGITEXT000006074096&amp;idArticle=LEGIARTI000006825828&amp;dateTexte=20170923&amp;categorieLien=id#LEGIARTI000006825828\">Code de la construction et de l&rsquo;habitation. &#8211; art. L613-3 (M)<\/a><\/li>\n<\/ul>\n<p style=\"text-align: justify;\"><span style=\"color: #00e6c8;\"><strong>Article 22<\/strong><\/span><\/p>\n<p style=\"text-align: justify;\">A modifi\u00e9 les dispositions suivantes :<\/p>\n<ul style=\"text-align: justify;\">\n<li>Modifie <a href=\"https:\/\/www.legifrance.gouv.fr\/affichCodeArticle.do;jsessionid=0DBC8C6CA23314CC72DD6F57C74B14C4.tpdila15v_3?cidTexte=LEGITEXT000006073189&amp;idArticle=LEGIARTI000006743263&amp;dateTexte=20170923&amp;categorieLien=id#LEGIARTI000006743263\">Code de la s\u00e9curit\u00e9 sociale. &#8211; art. L553-4 (M)<\/a><\/li>\n<li>Modifie <a href=\"https:\/\/www.legifrance.gouv.fr\/affichCodeArticle.do;jsessionid=0DBC8C6CA23314CC72DD6F57C74B14C4.tpdila15v_3?cidTexte=LEGITEXT000006073189&amp;idArticle=LEGIARTI000006744586&amp;dateTexte=20170923&amp;categorieLien=id#LEGIARTI000006744586\">Code de la s\u00e9curit\u00e9 sociale. &#8211; art. L755-21 (M)<\/a><\/li>\n<li>Modifie <a href=\"https:\/\/www.legifrance.gouv.fr\/affichCodeArticle.do;jsessionid=0DBC8C6CA23314CC72DD6F57C74B14C4.tpdila15v_3?cidTexte=LEGITEXT000006073189&amp;idArticle=LEGIARTI000006745240&amp;dateTexte=20170923&amp;categorieLien=id#LEGIARTI000006745240\">Code de la s\u00e9curit\u00e9 sociale. &#8211; art. L835-2 (M)<\/a><\/li>\n<\/ul>\n<p style=\"text-align: justify;\"><strong><span style=\"color: #00e6c8;\">Article 23<\/span><\/strong><\/p>\n<p style=\"text-align: justify;\">A modifi\u00e9 les dispositions suivantes :<\/p>\n<ul style=\"text-align: justify;\">\n<li>Modifie <a href=\"https:\/\/www.legifrance.gouv.fr\/affichTexteArticle.do;jsessionid=0DBC8C6CA23314CC72DD6F57C74B14C4.tpdila15v_3?cidTexte=JORFTEXT000000509310&amp;idArticle=LEGIARTI000006475118&amp;dateTexte=20180101&amp;categorieLien=id#LEGIARTI000006475118\">Loi n\u00b089-462 du 6 juillet 1989 &#8211; art. 15 (M)<\/a><\/li>\n<\/ul>\n<p style=\"text-align: justify;\"><span style=\"color: #00e6c8;\"><strong>Article 24<\/strong><\/span><\/p>\n<p style=\"text-align: justify;\">A modifi\u00e9 les dispositions suivantes :<\/p>\n<ul style=\"text-align: justify;\">\n<li>Modifie <a href=\"https:\/\/www.legifrance.gouv.fr\/affichCodeArticle.do;jsessionid=0DBC8C6CA23314CC72DD6F57C74B14C4.tpdila15v_3?cidTexte=LEGITEXT000006074096&amp;idArticle=LEGIARTI000006825758&amp;dateTexte=20170923&amp;categorieLien=id#LEGIARTI000006825758\">Code de la construction et de l&rsquo;habitation. &#8211; art. L442-10 (M)<\/a><\/li>\n<\/ul>\n<p style=\"text-align: justify;\"><span style=\"color: #00e6c8;\"><strong>Article 25<\/strong><\/span><\/p>\n<p style=\"text-align: justify;\">A modifi\u00e9 les dispositions suivantes :<\/p>\n<ul style=\"text-align: justify;\">\n<li>Modifie <a href=\"https:\/\/www.legifrance.gouv.fr\/affichCodeArticle.do;jsessionid=0DBC8C6CA23314CC72DD6F57C74B14C4.tpdila15v_3?cidTexte=LEGITEXT000006074096&amp;idArticle=LEGIARTI000006825974&amp;dateTexte=20170923&amp;categorieLien=id#LEGIARTI000006825974\">Code de la construction et de l&rsquo;habitation. &#8211; art. L613-1 (M)<\/a><\/li>\n<\/ul>\n<p style=\"text-align: justify;\"><span style=\"color: #00e6c8;\"><strong>Article 26<\/strong><\/span><\/p>\n<p style=\"text-align: justify;\">A modifi\u00e9 les dispositions suivantes :<\/p>\n<ul style=\"text-align: justify;\">\n<li>Cr\u00e9e <a href=\"https:\/\/www.legifrance.gouv.fr\/affichCodeArticle.do;jsessionid=0DBC8C6CA23314CC72DD6F57C74B14C4.tpdila15v_3?cidTexte=LEGITEXT000006074096&amp;idArticle=LEGIARTI000006825810&amp;dateTexte=20170923&amp;categorieLien=id#LEGIARTI000006825810\">Code de la construction et de l&rsquo;habitation. &#8211; art. L613-2-1 (M)<\/a><\/li>\n<\/ul>\n<p style=\"text-align: justify;\"><span style=\"color: #00e6c8;\"><strong>Article 27<\/strong><\/span><\/p>\n<p style=\"text-align: justify;\">A modifi\u00e9 les dispositions suivantes :<\/p>\n<ul style=\"text-align: justify;\">\n<li>Modifie <a href=\"https:\/\/www.legifrance.gouv.fr\/affichTexteArticle.do;jsessionid=0DBC8C6CA23314CC72DD6F57C74B14C4.tpdila15v_3?cidTexte=JORFTEXT000000509310&amp;idArticle=LEGIARTI000006475188&amp;dateTexte=20180101&amp;categorieLien=id#LEGIARTI000006475188\">Loi n\u00b089-462 du 6 juillet 1989 &#8211; art. 24 (M)<\/a><\/li>\n<\/ul>\n<p style=\"text-align: justify;\"><span style=\"color: #00e6c8;\"><strong>Article 28 (abrog\u00e9)<\/strong><\/span><\/p>\n<ul style=\"text-align: justify;\">\n<li><span style=\"color: #999999;\">Abrog\u00e9 par<\/span> <a href=\"https:\/\/www.legifrance.gouv.fr\/affichTexteArticle.do;jsessionid=0DBC8C6CA23314CC72DD6F57C74B14C4.tpdila15v_3?cidTexte=JORFTEXT000000583573&amp;idArticle=LEGIARTI000006355756&amp;dateTexte=20000706&amp;categorieLien=id#LEGIARTI000006355756\">Loi n\u00b02000-614 du 5 juillet 2000 &#8211; art. 10 (V) JORF 6 juillet 2000<\/a><\/li>\n<\/ul>\n<p style=\"text-align: justify;\"><span style=\"color: #999999;\">Par le Pr\u00e9sident de la R\u00e9publique :<\/span><\/p>\n<p style=\"text-align: justify;\"><span style=\"color: #999999;\">FRAN\u00c7OIS MITTERRAND<\/span><\/p>\n<p style=\"text-align: justify;\"><span style=\"color: #999999;\">Le Premier ministre,<\/span><\/p>\n<p style=\"text-align: justify;\"><span style=\"color: #999999;\">MICHEL ROCARD<\/span><\/p>\n<p style=\"text-align: justify;\"><span style=\"color: #999999;\">Le ministre d\u2019\u00c9tat, ministre de l&rsquo;\u00e9conomie, des finances et du budget,<\/span><\/p>\n<p style=\"text-align: justify;\"><span style=\"color: #999999;\">PIERRE B\u00c9R\u00c9GOVOY<\/span><\/p>\n<p style=\"text-align: justify;\"><span style=\"color: #999999;\">Le ministre de l&rsquo;int\u00e9rieur,<\/span><\/p>\n<p style=\"text-align: justify;\"><span style=\"color: #999999;\">PIERRE JOXE<\/span><\/p>\n<p style=\"text-align: justify;\"><span style=\"color: #999999;\">Le ministre de l&rsquo;\u00e9quipement, du logement, des transports et de la mer,<\/span><\/p>\n<p style=\"text-align: justify;\"><span style=\"color: #999999;\">MICHEL DELEBARRE<\/span><\/p>\n<p style=\"text-align: justify;\"><span style=\"color: #999999;\">Le ministre de la solidarit\u00e9, de la sant\u00e9 et de la protection sociale,<\/span><\/p>\n<p style=\"text-align: justify;\"><span style=\"color: #999999;\">CLAUDE \u00c9VIN<\/span><\/p>\n<p style=\"text-align: justify;\"><span style=\"color: #999999;\">Le ministre d\u00e9l\u00e9gu\u00e9 aupr\u00e8s du ministre d\u2019\u00c9tat, ministre de l&rsquo;\u00e9conomie, des finances et du budget, charg\u00e9 du budget,<\/span><\/p>\n<p style=\"text-align: justify;\"><span style=\"color: #999999;\">MICHEL CHARASSE<\/span><\/p>\n<p style=\"text-align: justify;\"><span style=\"color: #999999;\">Le ministre d\u00e9l\u00e9gu\u00e9 aupr\u00e8s du ministre de l&rsquo;\u00e9quipement, du logement, des transports et de la mer, charg\u00e9 du logement,<\/span><\/p>\n<p style=\"text-align: justify;\"><span style=\"color: #999999;\">LOUIS BESSON<\/span><\/p>\n<p style=\"text-align: justify;\"><span style=\"color: #999999;\">Le secr\u00e9taire d\u2019\u00c9tat aupr\u00e8s du ministre de l&rsquo;int\u00e9rieur, charg\u00e9 des collectivit\u00e9s territoriales,<\/span><\/p>\n<p style=\"text-align: justify;\"><span style=\"color: #999999;\">JEAN-MICHEL BAYLET<\/span><\/p>\n<p>&nbsp;<\/p>\n<p style=\"text-align: justify;\"><span style=\"color: #999999;\"><em>Travaux pr\u00e9paratoires : loi n\u00b0 90-449.<\/em><\/span><\/p>\n<p style=\"text-align: justify;\"><span style=\"color: #999999;\"><em>Assembl\u00e9e nationale :<\/em><\/span><\/p>\n<p style=\"text-align: justify;\"><span style=\"color: #999999;\"><em>Projet de loi n\u00b0 982 ;<\/em><\/span><\/p>\n<p style=\"text-align: justify;\"><span style=\"color: #999999;\"><em>Rapport de M. Bernard Carton, au nom de la commission de la production, et annexe, avis de M. Jacques Guyard, au nom de la commission des affaires culturelles, n\u00b0 1071 ;<\/em><\/span><\/p>\n<p style=\"text-align: justify;\"><span style=\"color: #999999;\"><em>Discussion les 13, 14 et 18 d\u00e9cembre 1989 et adoption, apr\u00e8s d\u00e9claration d&rsquo;urgence, le 18 d\u00e9cembre 1989.<\/em><\/span><\/p>\n<p style=\"text-align: justify;\"><span style=\"color: #999999;\"><em>S\u00e9nat :<\/em><\/span><\/p>\n<p style=\"text-align: justify;\"><span style=\"color: #999999;\"><em>Projet de loi, adopt\u00e9 par l&rsquo;Assembl\u00e9e nationale, n\u00b0 160 (1989-1990) ;<\/em><\/span><\/p>\n<p style=\"text-align: justify;\"><span style=\"color: #999999;\"><em>Rapport de M. Robert Laucournet, au nom de la commission des affaires \u00e9conomiques, n\u00b0 205 (1989-1990) ;<\/em><\/span><\/p>\n<p style=\"text-align: justify;\"><span style=\"color: #999999;\"><em>Avis de M. Jos\u00e9 Balarello, au nom de la commission des affaires sociales, n\u00b0 206 (1989-1990) ;<\/em><\/span><\/p>\n<p style=\"text-align: justify;\"><span style=\"color: #999999;\"><em>Discussion les 3, 4 et 5 avril 1990 et adoption le 5 avril 1990.<\/em><\/span><\/p>\n<p style=\"text-align: justify;\"><span style=\"color: #999999;\"><em>Assembl\u00e9e nationale :<\/em><\/span><\/p>\n<p style=\"text-align: justify;\"><span style=\"color: #999999;\"><em>Rapport de M. Bernard Carton, au nom de la commission mixte paritaire, n\u00b0 1279.<\/em><\/span><\/p>\n<p style=\"text-align: justify;\"><span style=\"color: #999999;\"><em>S\u00e9nat :<\/em><\/span><\/p>\n<p style=\"text-align: justify;\"><span style=\"color: #999999;\"><em>Rapport de M. Robert Laucournet, au nom de la commission mixte paritaire, n\u00b0 240 (1989-1990).<\/em><\/span><\/p>\n<p style=\"text-align: justify;\"><span style=\"color: #999999;\"><em>Assembl\u00e9e nationale :<\/em><\/span><\/p>\n<p style=\"text-align: justify;\"><span style=\"color: #999999;\"><em>Projet de loi, modifi\u00e9 par le S\u00e9nat, n\u00b0 1221 ;<\/em><\/span><\/p>\n<p style=\"text-align: justify;\"><span style=\"color: #999999;\"><em>Rapport de M. Bernard Carton, au nom de la commission de la production, n\u00b0 1284 ;<\/em><\/span><\/p>\n<p style=\"text-align: justify;\"><span style=\"color: #999999;\"><em>Discussion et adoption le 20 avril 1990.<\/em><\/span><\/p>\n<p style=\"text-align: justify;\"><span style=\"color: #999999;\"><em>S\u00e9nat :<\/em><\/span><\/p>\n<p style=\"text-align: justify;\"><span style=\"color: #999999;\"><em>Projet de loi, adopt\u00e9 avec modifications par l&rsquo;Assembl\u00e9e nationale en nouvelle lecture, n\u00b0 253 (1989-1990) ;<\/em><\/span><\/p>\n<p style=\"text-align: justify;\"><span style=\"color: #999999;\"><em>Rapport de M. Robert Laucournet, au nom de la commission des affaires \u00e9conomiques, n\u00b0 257 (1989-1990) ;<\/em><\/span><\/p>\n<p style=\"text-align: justify;\"><span style=\"color: #999999;\"><em>Discussion et adoption le 26 avril 1990.<\/em><\/span><\/p>\n<p style=\"text-align: justify;\"><span style=\"color: #999999;\"><em>Assembl\u00e9e nationale :<\/em><\/span><\/p>\n<p style=\"text-align: justify;\"><span style=\"color: #999999;\"><em>Projet de loi, modifi\u00e9 par le S\u00e9nat en nouvelle lecture, n\u00b0 1302 ;<\/em><\/span><\/p>\n<p style=\"text-align: justify;\"><span style=\"color: #999999;\"><em>Rapport de M. Bernard Carton, au nom de la commission de la production, n\u00b0 1305 ;<\/em><\/span><\/p>\n<p style=\"text-align: justify;\"><span style=\"color: #999999;\"><em>Discussion et adoption le 3 mai 1990.<\/em><\/span><\/p>\n<p style=\"text-align: justify;\"><span style=\"color: #999999;\"><em>Conseil constitutionnel :<\/em><\/span><\/p>\n<p style=\"text-align: justify;\"><span style=\"color: #999999;\"><em>D\u00e9cision n\u00b0 90-274 DC du 29 mai 1990 publi\u00e9e au Journal officiel du 1er juin 1990.<\/em><\/span><\/p>\n<p><a href=\"#haut\">Haut de la page<\/a><\/p>\n<p style=\"text-align: justify;\"><script>\n  (function(i,s,o,g,r,a,m){i['GoogleAnalyticsObject']=r;i[r]=i[r]||function(){\n  (i[r].q=i[r].q||[]).push(arguments)},i[r].l=1*new Date();a=s.createElement(o),\n  m=s.getElementsByTagName(o)[0];a.async=1;a.src=g;m.parentNode.insertBefore(a,m)\n  })(window,document,'script','https:\/\/www.google-analytics.com\/analytics.js','ga');<\/p>\n<p>  ga('create', 'UA-86840833-1', 'auto');\n  ga('send', 'pageview');<\/p>\n<p><\/script><\/p>\n","protected":false},"excerpt":{"rendered":"<p>Loi n\u00b0 90-449 du 31 mai 1990 visant \u00e0 la mise en \u0153uvre du droit au logement Version consolid\u00e9e au 1er janvier 2018 (Derni\u00e8re modification : 1 janvier 2018) Mise <a class=\"more-link\" href=\"http:\/\/www.coowma.com\/fr\/loi-90-449-31-mai-1990-mise-en-oeuvre-droit-logement\/\">Continue Reading &rarr;<\/a><\/p>\n","protected":false},"author":1,"featured_media":1406,"parent":0,"menu_order":0,"comment_status":"closed","ping_status":"closed","template":"","meta":{"footnotes":""},"class_list":["post-873","page","type-page","status-publish","has-post-thumbnail","hentry"],"_links":{"self":[{"href":"http:\/\/www.coowma.com\/fr\/wp-json\/wp\/v2\/pages\/873","targetHints":{"allow":["GET"]}}],"collection":[{"href":"http:\/\/www.coowma.com\/fr\/wp-json\/wp\/v2\/pages"}],"about":[{"href":"http:\/\/www.coowma.com\/fr\/wp-json\/wp\/v2\/types\/page"}],"author":[{"embeddable":true,"href":"http:\/\/www.coowma.com\/fr\/wp-json\/wp\/v2\/users\/1"}],"replies":[{"embeddable":true,"href":"http:\/\/www.coowma.com\/fr\/wp-json\/wp\/v2\/comments?post=873"}],"version-history":[{"count":0,"href":"http:\/\/www.coowma.com\/fr\/wp-json\/wp\/v2\/pages\/873\/revisions"}],"wp:featuredmedia":[{"embeddable":true,"href":"http:\/\/www.coowma.com\/fr\/wp-json\/wp\/v2\/media\/1406"}],"wp:attachment":[{"href":"http:\/\/www.coowma.com\/fr\/wp-json\/wp\/v2\/media?parent=873"}],"curies":[{"name":"wp","href":"https:\/\/api.w.org\/{rel}","templated":true}]}}